{"id":35520,"date":"2023-07-18T11:45:34","date_gmt":"2023-07-18T09:45:34","guid":{"rendered":"https:\/\/plazadetoroslamalagueta.com\/nawozy\/"},"modified":"2026-08-22T11:29:13","modified_gmt":"2026-08-22T09:29:13","slug":"nawozy","status":"publish","type":"page","link":"https:\/\/plazadetoroslamalagueta.com\/pl\/nawozy\/","title":{"rendered":"Nawozy"},"content":{"rendered":"<section class=\"l-section wpb_row us_custom_c70c97eb height_medium\"><div class=\"l-section-h i-cf\"><div class=\"g-cols vc_row via_grid cols_2 laptops-cols_inherit tablets-cols_1 mobiles-cols_1 valign_middle type_default stacking_default\"><div class=\"wpb_column vc_column_container us_custom_04bc1869\"><div class=\"vc_column-inner\"><div class=\"wpb_text_column\"><div class=\"wpb_wrapper\"><p>Wydawanie nowych bilet\u00f3w okresowych<\/p>\n<\/div><\/div><h1 class=\"w-text us_custom_2774bef1\"><span class=\"w-text-h\"><span class=\"w-text-value\">Bilety sezonowe na targi sierpniowe w Maladze<\/span><\/span><\/h1><div class=\"w-separator size_medium\"><\/div><div class=\"w-hwrapper valign_top wrap us_custom_feadd1a9 align_none\" style=\"--hwrapper-gap:2.2rem\"><div class=\"wpb_text_column\"><div class=\"wpb_wrapper\"><p><strong>Oszcz\u0119d\u017a pieni\u0105dze<br \/>\n<\/strong>40% zni\u017cki!<br \/>\n10 wydarze\u0144 w cenie<\/p>\n<\/div><\/div><div class=\"wpb_text_column\"><div class=\"wpb_wrapper\"><p><strong>Dost\u0119pno\u015b\u0107<\/strong><br \/>\ndo 5 sierpnia<\/p>\n<\/div><\/div><\/div><div class=\"w-separator size_medium\"><\/div><div class=\"w-btn-wrapper align_none\"><a class=\"w-btn us-btn-style_1\" href=\"https:\/\/plazadetoroslamalagueta.com\/pl\/nawozy\/#form\"><span class=\"w-btn-label\">Zarezerwuj bilet sezonowy<\/span><\/a><\/div><\/div><\/div><div class=\"wpb_column vc_column_container\"><div class=\"vc_column-inner\"><div class=\"w-image us_custom_f6eb2d31 style_shadow-2 has_ratio align_none\"><div class=\"w-image-h\"><div style=\"padding-bottom:100%\"><\/div><div class=\"w-image-shadow\" style=\"background-image:url(https:\/\/plazadetoroslamalagueta.com\/wp-content\/uploads\/2024\/01\/toros-feria.webp);\"><\/div><img decoding=\"async\" width=\"800\" height=\"800\" src=\"https:\/\/plazadetoroslamalagueta.com\/wp-content\/uploads\/2024\/01\/toros-feria.webp\" class=\"attachment-large size-large\" alt=\"toros feria malaga\" loading=\"lazy\" \/><\/div><\/div><\/div><\/div><\/div><\/div><\/section><section class=\"l-section wpb_row height_medium\"><div class=\"l-section-h i-cf\"><div class=\"g-cols vc_row via_grid cols_1 laptops-cols_inherit tablets-cols_inherit mobiles-cols_1 valign_top type_default stacking_default\"><div class=\"wpb_column vc_column_container\"><div class=\"vc_column-inner\"><div class=\"wpb_text_column us_custom_435c636a\"><div class=\"wpb_wrapper\"><h2 style=\"text-align: center;\">Co obejmuje subskrypcja?<\/h2>\n<\/div><\/div><div class=\"w-separator size_medium\"><\/div><div class=\"g-cols wpb_row via_grid cols_3 laptops-cols_2 tablets-cols_2 mobiles-cols_1 valign_top type_default\" style=\"--columns-gap:3rem;\"><div class=\"wpb_column vc_column_container\"><div class=\"vc_column-inner\"><div class=\"w-iconbox us_custom_13427bc9 iconpos_top style_circle color_primary align_left\"><div class=\"w-iconbox-icon\" style=\"font-size:1.8rem;\"><i class=\"fas fa-ticket\"><\/i><\/div><div class=\"w-iconbox-meta\"><h4 class=\"w-iconbox-title\">10 bilet\u00f3w<\/h4><div class=\"w-iconbox-text\"><p>Bilety z lokalizacj\u0105 do wyboru przez widza na ca\u0142e targi walk byk\u00f3w w Maladze. Obejmuje corrida z 22 sierpnia.<\/p>\n<\/div><\/div><\/div><\/div><\/div><div class=\"wpb_column vc_column_container\"><div class=\"vc_column-inner\"><div class=\"w-iconbox us_custom_13427bc9 iconpos_top style_circle color_primary align_left\"><div class=\"w-iconbox-icon\" style=\"font-size:1.8rem;\"><i class=\"fas fa-percent\"><\/i><\/div><div class=\"w-iconbox-meta\"><h4 class=\"w-iconbox-title\">40% zni\u017cki<\/h4><div class=\"w-iconbox-text\"><p>Kup wszystkie bilety z 40% zni\u017ck\u0105 w por\u00f3wnaniu do zakupu pojedynczo.<\/p>\n<\/div><\/div><\/div><\/div><\/div><div class=\"wpb_column vc_column_container\"><div class=\"vc_column-inner\"><div class=\"w-iconbox us_custom_13427bc9 iconpos_top style_circle color_primary align_left\"><div class=\"w-iconbox-icon\" style=\"font-size:1.8rem;\"><i class=\"fas fa-search\"><\/i><\/div><div class=\"w-iconbox-meta\"><h4 class=\"w-iconbox-title\">Priorytet<\/h4><div class=\"w-iconbox-text\"><p>Wybierz swoje miejsca na kilka tygodni przed publiczn\u0105 sprzeda\u017c\u0105 bilet\u00f3w, aby wybra\u0107 te najlepsze!<\/p>\n<\/div><\/div><\/div><\/div><\/div><\/div><\/div><\/div><\/div><\/div><\/section><section class=\"l-section wpb_row us_custom_c70c97eb height_medium\"><div class=\"l-section-h i-cf\"><div class=\"g-cols vc_row via_grid cols_2 laptops-cols_inherit tablets-cols_1 mobiles-cols_1 valign_middle type_default stacking_default\"><div class=\"wpb_column vc_column_container\"><div class=\"vc_column-inner\"><div class=\"wpb_text_column\"><div class=\"wpb_wrapper\"><h2>Jakie corridy s\u0105 wliczone w bilety sezonowe?<\/h2>\n<p>NIEDZIELA 9 SIERPNIA | 1. ABONO<br \/>\nNovillada con picadores.<br \/>\nWielki fina\u0142 Circuito de Andaluc\u00eda 2026.<br \/>\nNovillos de L\u00f3pez Gibaja dla Julio Norte, Manuela Quintany i Dennisa Mart\u00edna.<\/p>\n<p>PI\u0104TEK 14 SIERPNIA | 2\u00aa DE ABONO<br \/>\nNovillada mieszana z pikadorami.<br \/>\nJeden novillo od Ferm\u00edn Boh\u00f3rquez do rejones i sze\u015b\u0107 novillos od Fuente Ymbro do walki pieszej.<br \/>\nWyst\u0105pi\u0105 rejoneador Francisco Mart\u00edn oraz novilleros Emiliano Osornio, Ignacio Garibay i Francisco Morales.<\/p>\n<p>SOBOTA 15 SIERPNIA | 3\u00aa DE ABONO<br \/>\nNadzwyczajna corrida de toros \u201eSabor a M\u00e1laga\u201d.<br \/>\nByki od Lagunajanda dla Mari Paz Vegi, w jej po\u017cegnaniu z ruedos, Davida Gal\u00e1na i Jos\u00e9 Antonio Lavado.<\/p>\n<p>NIEDZIELA 16 SIERPNIA | 4\u00aa DE ABONO<br \/>\nCorrida de rejones.<br \/>\nByki od Los Espartales dla Rui Fernandesa, Diego Ventury i Mart\u00edna Ferrera.<\/p>\n<p>PONIEDZIA\u0141EK 17 SIERPNIA | 5\u00aa DE ABONO<br \/>\nCorrida de toros w ho\u0142dzie M\u00e1laga Club de F\u00fatbol.<br \/>\nByki od Juan Pedro Domecq dla Sebasti\u00e1na Castelli, Daniela Luque i Davida de Mirandy.<\/p>\n<p>WTOREK 18 SIERPNIA | 6\u00aa DE ABONO<br \/>\nCorrida de toros m\u0142odzie\u017cy.<br \/>\nByki od El Parralejo dla El Fandi, Borji Jim\u00e9neza i Marco P\u00e9reza.<\/p>\n<p>\u015aRODA 19 SIERPNIA | 7\u00aa DE ABONO<br \/>\nCorrida de toros.<br \/>\nByki od Victoriano del R\u00edo dla Alejandro Talavante, Emilio de Justo i Roca Rey.<\/p>\n<p>CZWARTEK 20 SIERPNIA | 8\u00aa DE ABONO<br \/>\nCorrida de toros.<br \/>\nByki od N\u00fa\u00f1ez del Cuvillo dla Morante de la Puebla, Diego Urdiales i Fortesa.<\/p>\n<p>PI\u0104TEK 21 SIERPNIA | 9\u00aa DE ABONO<br \/>\nCorrida de toros.<br \/>\nByki od Victorino Mart\u00edn dla Manuela Escribano, Emilio de Justo i Fortesa.<\/p>\n<p>SOBOTA 22 SIERPNIA | 10\u00aa DE ABONO<br \/>\nNadzwyczajna corrida de toros z okazji 150. rocznicy La Malagueta.<br \/>\nTrzy byki od Torrealta i trzy byki od Garcigrande dla Morante de la Puebla, Roca Rey i Davida de Mirandy.<\/p>\n<\/div><\/div><\/div><\/div><div class=\"wpb_column vc_column_container us_custom_e5cabf0a has_bg_color\"><div class=\"vc_column-inner\"><div class=\"w-image align_none\"><div class=\"w-image-h\"><img decoding=\"async\" width=\"512\" height=\"1024\" src=\"https:\/\/plazadetoroslamalagueta.com\/wp-content\/uploads\/2026\/07\/toros-malaga-carteles-agosto-2026-512x1024.jpg\" class=\"attachment-large size-large\" alt=\"\" loading=\"lazy\" srcset=\"https:\/\/plazadetoroslamalagueta.com\/wp-content\/uploads\/2026\/07\/toros-malaga-carteles-agosto-2026-512x1024.jpg 512w, https:\/\/plazadetoroslamalagueta.com\/wp-content\/uploads\/2026\/07\/toros-malaga-carteles-agosto-2026-150x300.jpg 150w, https:\/\/plazadetoroslamalagueta.com\/wp-content\/uploads\/2026\/07\/toros-malaga-carteles-agosto-2026-300x600.jpg 300w, https:\/\/plazadetoroslamalagueta.com\/wp-content\/uploads\/2026\/07\/toros-malaga-carteles-agosto-2026.jpg 1280w\" sizes=\"auto, (max-width: 512px) 100vw, 512px\" \/><\/div><\/div><\/div><\/div><\/div><\/div><\/section><section class=\"l-section wpb_row us_custom_c70c97eb height_medium\" id=\"form\"><div class=\"l-section-h i-cf\"><div class=\"g-cols vc_row via_grid cols_2 laptops-cols_inherit tablets-cols_1 mobiles-cols_1 valign_middle type_default stacking_default\"><div class=\"wpb_column vc_column_container\"><div class=\"vc_column-inner\"><div class=\"wpb_text_column\"><div class=\"wpb_wrapper\"><h2>Chcesz kupi\u0107 karnet sezonowy?<\/h2>\n<p>Zostaw nam swoje dane kontaktowe i zarezerwuj bilet okresowy na walki byk\u00f3w w Maladze. Poinformujemy Ci\u0119, gdy bilety sezonowe trafi\u0105 do sprzeda\u017cy.<\/p>\n<\/div><\/div><\/div><\/div><div class=\"wpb_column vc_column_container us_custom_e5cabf0a has_bg_color\"><div class=\"vc_column-inner\">\n<div class=\"wpcf7 no-js\" id=\"wpcf7-f8975-o1\" lang=\"es-ES\" dir=\"ltr\" data-wpcf7-id=\"8975\">\n<div class=\"screen-reader-response\"><p role=\"status\" aria-live=\"polite\" aria-atomic=\"true\"><\/p> <ul><\/ul><\/div>\n<form action=\"\/pl\/wp-json\/wp\/v2\/pages\/35520#wpcf7-f8975-o1\" method=\"post\" class=\"wpcf7-form init\" aria-label=\"Formulario de contacto\" novalidate=\"novalidate\" data-status=\"init\">\n<fieldset class=\"hidden-fields-container\"><input type=\"hidden\" name=\"_wpcf7\" value=\"8975\" \/><input type=\"hidden\" name=\"_wpcf7_version\" value=\"6.1.7\" \/><input type=\"hidden\" name=\"_wpcf7_locale\" value=\"es_ES\" \/><input type=\"hidden\" name=\"_wpcf7_unit_tag\" value=\"wpcf7-f8975-o1\" \/><input type=\"hidden\" name=\"_wpcf7_container_post\" value=\"0\" \/><input type=\"hidden\" name=\"_wpcf7_posted_data_hash\" value=\"\" \/>\n<\/fieldset>\n<p><label> Nombre y apellidos<br \/>\n<span class=\"wpcf7-form-control-wrap\" data-name=\"your-name\"><input size=\"40\" maxlength=\"400\" class=\"wpcf7-form-control wpcf7-text wpcf7-validates-as-required\" autocomplete=\"name\" aria-required=\"true\" aria-invalid=\"false\" value=\"\" type=\"text\" name=\"your-name\" \/><\/span> <\/label>\n<\/p>\n<p><label> Email<br \/>\n<span class=\"wpcf7-form-control-wrap\" data-name=\"your-email\"><input size=\"40\" maxlength=\"400\" class=\"wpcf7-form-control wpcf7-email wpcf7-validates-as-required wpcf7-text wpcf7-validates-as-email\" autocomplete=\"email\" aria-required=\"true\" aria-invalid=\"false\" value=\"\" type=\"email\" name=\"your-email\" \/><\/span> <\/label>\n<\/p>\n<p><label> Tel\u00e9fono<br \/>\n<span class=\"wpcf7-form-control-wrap\" data-name=\"tel-648\"><input size=\"40\" maxlength=\"400\" class=\"wpcf7-form-control wpcf7-tel wpcf7-validates-as-required wpcf7-text wpcf7-validates-as-tel\" aria-required=\"true\" aria-invalid=\"false\" value=\"\" type=\"tel\" name=\"tel-648\" \/><\/span> <\/label>\n<\/p>\n<p><label> Tipo de abono<br \/>\n<span class=\"wpcf7-form-control-wrap\" data-name=\"radio-356\"><span class=\"wpcf7-form-control wpcf7-radio\"><span class=\"wpcf7-list-item first\"><label><input type=\"radio\" name=\"radio-356\" value=\"Renovaci\u00f3n abono\" checked=\"checked\" \/><span class=\"wpcf7-list-item-label\">Renovaci\u00f3n abono<\/span><\/label><\/span><span class=\"wpcf7-list-item last\"><label><input type=\"radio\" name=\"radio-356\" value=\"Comprar nuevo abono\" \/><span class=\"wpcf7-list-item-label\">Comprar nuevo abono<\/span><\/label><\/span><\/span><\/span><br \/>\n<span class=\"wpcf7-form-control-wrap\" data-name=\"Privacidad\"><span class=\"wpcf7-form-control wpcf7-acceptance\"><span class=\"wpcf7-list-item\"><label><input type=\"checkbox\" name=\"Privacidad\" value=\"1\" aria-invalid=\"false\" \/><span class=\"wpcf7-list-item-label\">He le\u00eddo y acepto la <a href=\"\/politica-de-privacidad\">Pol\u00edtica de Privacidad<\/a><\/span><\/label><\/span><\/span><\/span><br \/>\n<div class=\"cf7-cf-turnstile\" style=\"margin-top: 0px; margin-bottom: -15px;\"> <div id=\"cf-turnstile-cf7-3418475660\" class=\"cf-turnstile\" data-sitekey=\"0x4AAAAAAARSwWf_58rz0HO0\" data-theme=\"light\" data-language=\"auto\" data-size=\"normal\" data-retry=\"auto\" data-retry-interval=\"1000\" data-refresh-expired=\"auto\" data-refresh-timeout=\"auto\" data-action=\"contact-form-7\" data-callback=\"turnstileCF7Callback\" data-appearance=\"always\"><\/div> <script data-cfasync=\"false\">(window.cfturnstileQueue=window.cfturnstileQueue||[]).push(\"-cf7-3418475660\");if(window.cfturnstileRender)window.cfturnstileRender();<\/script> <br class=\"cf-turnstile-br cf-turnstile-br-cf7-3418475660\"> <style>#cf-turnstile-cf7-3418475660 { margin-left: -15px; }<\/style> <script>document.addEventListener(\"DOMContentLoaded\",function(){document.querySelectorAll('.wpcf7-form').forEach(function(e){e.addEventListener('submit',function(){if(document.getElementById('cf-turnstile-cf7-3418475660')){setTimeout(function(){turnstile.reset('#cf-turnstile-cf7-3418475660');},1000)}})})});<\/script> <\/div><br\/><input class=\"wpcf7-form-control wpcf7-submit has-spinner\" type=\"submit\" value=\"Enviar\" \/><\/label>\n<\/p><div class=\"wpcf7-response-output\" aria-hidden=\"true\"><\/div>\n<\/form>\n<\/div>\n<\/div><\/div><\/div><\/div><\/section>\n","protected":false},"excerpt":{"rendered":"Wydawanie nowych bilet\u00f3w okresowych Bilety sezonowe na targi sierpniowe w MaladzeOszcz\u0119d\u017a pieni\u0105dze 40% zni\u017cki! 10 wydarze\u0144 w cenie Dost\u0119pno\u015b\u0107 do 5 sierpnia Zarezerwuj bilet sezonowyCo obejmuje subskrypcja? 10 bilet\u00f3wBilety z lokalizacj\u0105 do wyboru przez widza na ca\u0142e targi walk byk\u00f3w w Maladze. Obejmuje corrida z 22 sierpnia. 40% zni\u017ckiKup wszystkie bilety z 40% zni\u017ck\u0105 w...","protected":false},"author":4,"featured_media":0,"parent":0,"menu_order":0,"comment_status":"closed","ping_status":"closed","template":"","meta":{"footnotes":""},"class_list":["post-35520","page","type-page","status-publish","hentry"],"yoast_head":"<!-- This site is optimized with the Yoast SEO plugin v28.4 - https:\/\/yoast.com\/product\/yoast-seo-wordpress\/ -->\n<title>Bilety sezonowe Plaza de Toros M\u00e1laga | Targi Sierpniowe 2026<\/title>\n<meta name=\"description\" content=\"Kup sw\u00f3j bilet sezonowy na arenie walk byk\u00f3w w Maladze na targi walk byk\u00f3w w Maladze od 9 do 22 sierpnia | 150. Rocznica La Malagueta.\" \/>\n<meta name=\"robots\" content=\"index, follow, max-snippet:-1, max-image-preview:large, max-video-preview:-1\" \/>\n<link rel=\"canonical\" href=\"https:\/\/plazadetoroslamalagueta.com\/pl\/nawozy\/\" \/>\n<meta property=\"og:locale\" content=\"pl_PL\" \/>\n<meta property=\"og:type\" content=\"article\" \/>\n<meta property=\"og:title\" content=\"Bilety sezonowe Plaza de Toros M\u00e1laga | Targi Sierpniowe 2026\" \/>\n<meta property=\"og:description\" content=\"Kup sw\u00f3j bilet sezonowy na arenie walk byk\u00f3w w Maladze na targi walk byk\u00f3w w Maladze od 9 do 22 sierpnia | 150. Rocznica La Malagueta.\" \/>\n<meta property=\"og:url\" content=\"https:\/\/plazadetoroslamalagueta.com\/pl\/nawozy\/\" \/>\n<meta property=\"og:site_name\" content=\"Plaza de Toros La Malagueta\" \/>\n<meta property=\"article:modified_time\" content=\"2026-08-22T09:29:13+00:00\" \/>\n<meta property=\"og:image\" content=\"https:\/\/plazadetoroslamalagueta.com\/wp-content\/uploads\/2023\/03\/Diseno-sin-titulo.jpeg\" \/>\n\t<meta property=\"og:image:width\" content=\"1200\" \/>\n\t<meta property=\"og:image:height\" content=\"675\" \/>\n\t<meta property=\"og:image:type\" content=\"image\/jpeg\" \/>\n<meta name=\"twitter:card\" content=\"summary_large_image\" \/>\n<meta name=\"twitter:label1\" content=\"Szacowany czas czytania\" \/>\n\t<meta name=\"twitter:data1\" content=\"6 minuta\" \/>\n<script type=\"application\/ld+json\" class=\"yoast-schema-graph\">{\"@context\":\"https:\\\/\\\/schema.org\",\"@graph\":[{\"@type\":\"WebPage\",\"@id\":\"https:\\\/\\\/plazadetoroslamalagueta.com\\\/pl\\\/nawozy\\\/\",\"url\":\"https:\\\/\\\/plazadetoroslamalagueta.com\\\/pl\\\/nawozy\\\/\",\"name\":\"Bilety sezonowe Plaza de Toros M\u00e1laga | Targi Sierpniowe 2026\",\"isPartOf\":{\"@id\":\"https:\\\/\\\/plazadetoroslamalagueta.com\\\/pl\\\/#website\"},\"datePublished\":\"2023-07-18T09:45:34+00:00\",\"dateModified\":\"2026-08-22T09:29:13+00:00\",\"description\":\"Kup sw\u00f3j bilet sezonowy na arenie walk byk\u00f3w w Maladze na targi walk byk\u00f3w w Maladze od 9 do 22 sierpnia | 150. Rocznica La Malagueta.\",\"breadcrumb\":{\"@id\":\"https:\\\/\\\/plazadetoroslamalagueta.com\\\/pl\\\/nawozy\\\/#breadcrumb\"},\"inLanguage\":\"pl-PL\",\"potentialAction\":[{\"@type\":\"ReadAction\",\"target\":[\"https:\\\/\\\/plazadetoroslamalagueta.com\\\/pl\\\/nawozy\\\/\"]}]},{\"@type\":\"BreadcrumbList\",\"@id\":\"https:\\\/\\\/plazadetoroslamalagueta.com\\\/pl\\\/nawozy\\\/#breadcrumb\",\"itemListElement\":[{\"@type\":\"ListItem\",\"position\":1,\"name\":\"Start\",\"item\":\"https:\\\/\\\/plazadetoroslamalagueta.com\\\/pl\\\/\"},{\"@type\":\"ListItem\",\"position\":2,\"name\":\"Nawozy\"}]},{\"@type\":\"WebSite\",\"@id\":\"https:\\\/\\\/plazadetoroslamalagueta.com\\\/pl\\\/#website\",\"url\":\"https:\\\/\\\/plazadetoroslamalagueta.com\\\/pl\\\/\",\"name\":\"Plaza de Toros de la Malagueta\",\"description\":\"La Plaza de Toros de M\u00e1laga, de nombre La Malagueta, es un edificio reconocido Bien de Inter\u00e9s Cultural, que ofrece visitas tur\u00edsticas y corridas de toros y otros tipos de espect\u00e1culo durante todo el a\u00f1o.\",\"publisher\":{\"@id\":\"https:\\\/\\\/plazadetoroslamalagueta.com\\\/pl\\\/#organization\"},\"alternateName\":\"Plaza de Toros M\u00e1laga\",\"potentialAction\":[{\"@type\":\"SearchAction\",\"target\":{\"@type\":\"EntryPoint\",\"urlTemplate\":\"https:\\\/\\\/plazadetoroslamalagueta.com\\\/pl\\\/?s={search_term_string}\"},\"query-input\":{\"@type\":\"PropertyValueSpecification\",\"valueRequired\":true,\"valueName\":\"search_term_string\"}}],\"inLanguage\":\"pl-PL\"},{\"@type\":\"Organization\",\"@id\":\"https:\\\/\\\/plazadetoroslamalagueta.com\\\/pl\\\/#organization\",\"name\":\"Plaza de Toros la Malagueta\",\"url\":\"https:\\\/\\\/plazadetoroslamalagueta.com\\\/pl\\\/\",\"logo\":{\"@type\":\"ImageObject\",\"inLanguage\":\"pl-PL\",\"@id\":\"https:\\\/\\\/plazadetoroslamalagueta.com\\\/pl\\\/#\\\/schema\\\/logo\\\/image\\\/\",\"url\":\"https:\\\/\\\/plazadetoroslamalagueta.com\\\/wp-content\\\/uploads\\\/2024\\\/02\\\/Logo-plaza-toros.webp\",\"contentUrl\":\"https:\\\/\\\/plazadetoroslamalagueta.com\\\/wp-content\\\/uploads\\\/2024\\\/02\\\/Logo-plaza-toros.webp\",\"width\":100,\"height\":100,\"caption\":\"Plaza de Toros la Malagueta\"},\"image\":{\"@id\":\"https:\\\/\\\/plazadetoroslamalagueta.com\\\/pl\\\/#\\\/schema\\\/logo\\\/image\\\/\"}}]}<\/script>\n<!-- \/ Yoast SEO plugin. -->","yoast_head_json":{"title":"Bilety sezonowe Plaza de Toros M\u00e1laga | Targi Sierpniowe 2026","description":"Kup sw\u00f3j bilet sezonowy na arenie walk byk\u00f3w w Maladze na targi walk byk\u00f3w w Maladze od 9 do 22 sierpnia | 150. Rocznica La Malagueta.","robots":{"index":"index","follow":"follow","max-snippet":"max-snippet:-1","max-image-preview":"max-image-preview:large","max-video-preview":"max-video-preview:-1"},"canonical":"https:\/\/plazadetoroslamalagueta.com\/pl\/nawozy\/","og_locale":"pl_PL","og_type":"article","og_title":"Bilety sezonowe Plaza de Toros M\u00e1laga | Targi Sierpniowe 2026","og_description":"Kup sw\u00f3j bilet sezonowy na arenie walk byk\u00f3w w Maladze na targi walk byk\u00f3w w Maladze od 9 do 22 sierpnia | 150. Rocznica La Malagueta.","og_url":"https:\/\/plazadetoroslamalagueta.com\/pl\/nawozy\/","og_site_name":"Plaza de Toros La Malagueta","article_modified_time":"2026-08-22T09:29:13+00:00","og_image":[{"width":1200,"height":675,"url":"https:\/\/plazadetoroslamalagueta.com\/wp-content\/uploads\/2023\/03\/Diseno-sin-titulo.jpeg","type":"image\/jpeg"}],"twitter_card":"summary_large_image","twitter_misc":{"Szacowany czas czytania":"6 minuta"},"schema":{"@context":"https:\/\/schema.org","@graph":[{"@type":"WebPage","@id":"https:\/\/plazadetoroslamalagueta.com\/pl\/nawozy\/","url":"https:\/\/plazadetoroslamalagueta.com\/pl\/nawozy\/","name":"Bilety sezonowe Plaza de Toros M\u00e1laga | Targi Sierpniowe 2026","isPartOf":{"@id":"https:\/\/plazadetoroslamalagueta.com\/pl\/#website"},"datePublished":"2023-07-18T09:45:34+00:00","dateModified":"2026-08-22T09:29:13+00:00","description":"Kup sw\u00f3j bilet sezonowy na arenie walk byk\u00f3w w Maladze na targi walk byk\u00f3w w Maladze od 9 do 22 sierpnia | 150. Rocznica La Malagueta.","breadcrumb":{"@id":"https:\/\/plazadetoroslamalagueta.com\/pl\/nawozy\/#breadcrumb"},"inLanguage":"pl-PL","potentialAction":[{"@type":"ReadAction","target":["https:\/\/plazadetoroslamalagueta.com\/pl\/nawozy\/"]}]},{"@type":"BreadcrumbList","@id":"https:\/\/plazadetoroslamalagueta.com\/pl\/nawozy\/#breadcrumb","itemListElement":[{"@type":"ListItem","position":1,"name":"Start","item":"https:\/\/plazadetoroslamalagueta.com\/pl\/"},{"@type":"ListItem","position":2,"name":"Nawozy"}]},{"@type":"WebSite","@id":"https:\/\/plazadetoroslamalagueta.com\/pl\/#website","url":"https:\/\/plazadetoroslamalagueta.com\/pl\/","name":"Plaza de Toros de la Malagueta","description":"La Plaza de Toros de M\u00e1laga, de nombre La Malagueta, es un edificio reconocido Bien de Inter\u00e9s Cultural, que ofrece visitas tur\u00edsticas y corridas de toros y otros tipos de espect\u00e1culo durante todo el a\u00f1o.","publisher":{"@id":"https:\/\/plazadetoroslamalagueta.com\/pl\/#organization"},"alternateName":"Plaza de Toros M\u00e1laga","potentialAction":[{"@type":"SearchAction","target":{"@type":"EntryPoint","urlTemplate":"https:\/\/plazadetoroslamalagueta.com\/pl\/?s={search_term_string}"},"query-input":{"@type":"PropertyValueSpecification","valueRequired":true,"valueName":"search_term_string"}}],"inLanguage":"pl-PL"},{"@type":"Organization","@id":"https:\/\/plazadetoroslamalagueta.com\/pl\/#organization","name":"Plaza de Toros la Malagueta","url":"https:\/\/plazadetoroslamalagueta.com\/pl\/","logo":{"@type":"ImageObject","inLanguage":"pl-PL","@id":"https:\/\/plazadetoroslamalagueta.com\/pl\/#\/schema\/logo\/image\/","url":"https:\/\/plazadetoroslamalagueta.com\/wp-content\/uploads\/2024\/02\/Logo-plaza-toros.webp","contentUrl":"https:\/\/plazadetoroslamalagueta.com\/wp-content\/uploads\/2024\/02\/Logo-plaza-toros.webp","width":100,"height":100,"caption":"Plaza de Toros la Malagueta"},"image":{"@id":"https:\/\/plazadetoroslamalagueta.com\/pl\/#\/schema\/logo\/image\/"}}]}},"_links":{"self":[{"href":"https:\/\/plazadetoroslamalagueta.com\/pl\/wp-json\/wp\/v2\/pages\/35520","targetHints":{"allow":["GET"]}}],"collection":[{"href":"https:\/\/plazadetoroslamalagueta.com\/pl\/wp-json\/wp\/v2\/pages"}],"about":[{"href":"https:\/\/plazadetoroslamalagueta.com\/pl\/wp-json\/wp\/v2\/types\/page"}],"author":[{"embeddable":true,"href":"https:\/\/plazadetoroslamalagueta.com\/pl\/wp-json\/wp\/v2\/users\/4"}],"replies":[{"embeddable":true,"href":"https:\/\/plazadetoroslamalagueta.com\/pl\/wp-json\/wp\/v2\/comments?post=35520"}],"version-history":[{"count":5,"href":"https:\/\/plazadetoroslamalagueta.com\/pl\/wp-json\/wp\/v2\/pages\/35520\/revisions"}],"predecessor-version":[{"id":52713,"href":"https:\/\/plazadetoroslamalagueta.com\/pl\/wp-json\/wp\/v2\/pages\/35520\/revisions\/52713"}],"wp:attachment":[{"href":"https:\/\/plazadetoroslamalagueta.com\/pl\/wp-json\/wp\/v2\/media?parent=35520"}],"curies":[{"name":"wp","href":"https:\/\/api.w.org\/{rel}","templated":true}]}}