{"id":35432,"date":"2023-02-28T15:40:47","date_gmt":"2023-02-28T14:40:47","guid":{"rendered":"https:\/\/plazadetoroslamalagueta.com\/the-plaza\/"},"modified":"2026-02-16T12:42:23","modified_gmt":"2026-02-16T11:42:23","slug":"the-plaza","status":"publish","type":"page","link":"https:\/\/plazadetoroslamalagueta.com\/pl\/the-plaza\/","title":{"rendered":"The Plaza"},"content":{"rendered":"<section class=\"l-section wpb_row height_medium\"><div class=\"l-section-h i-cf\"><div class=\"g-cols vc_row via_grid cols_1 laptops-cols_inherit tablets-cols_inherit mobiles-cols_1 valign_top type_default stacking_default\"><div class=\"wpb_column vc_column_container\"><div class=\"vc_column-inner\"><div class=\"wpb_text_column\"><div class=\"wpb_wrapper\"><h1 class=\"wp-block-heading\">Historia gali byk\u00f3w w Maladze<\/h1>\n<p>Arena byk\u00f3w w Maladze, zwana La Malagueta, od dzielnicy, w kt\u00f3rej si\u0119 znajduje, zosta\u0142a zbudowana w <strong>1874 roku przez <span>kantabryjskiego architekta<\/span> Joaqu\u00edna R<\/strong> ucob\u0119, kt\u00f3ry inspirowa\u0142 si\u0119 <strong>architektur\u0105 klasycystyczn\u0105<\/strong> przy jej projektowaniu. Rucoba studiowa\u0142 w Madrycie i Pary\u017cu i by\u0142 jednym z g\u0142\u00f3wnych przedstawicieli eklektyzmu architektonicznego w Hiszpanii. <\/p>\n<p>Budowa areny byk\u00f3w La Malagueta zosta\u0142a zrealizowana dzi\u0119ki inicjatywie grupy biznesmen\u00f3w i entuzjast\u00f3w walk byk\u00f3w z Malagi, kt\u00f3rzy zorganizowali si\u0119 w stowarzyszenie o nazwie &#8222;La Malagueta&#8221;. Celem stowarzyszenia by\u0142o zbudowanie nowoczesnej i funkcjonalnej areny do walk byk\u00f3w, kt\u00f3ra mog\u0142aby pomie\u015bci\u0107 du\u017c\u0105 liczb\u0119 widz\u00f3w. <\/p>\n<p>Walka byk\u00f3w <strong>w La Malagueta zosta\u0142a zainaugurowana 11 czerwca 1876 r.<\/strong> walk\u0105 byk\u00f3w, w kt\u00f3rej wzi\u0119li udzia\u0142 &#8222;El Tato&#8221;, &#8222;Frascuelo&#8221; i &#8222;Lagartijo&#8221;. Od tego czasu arena by\u0142a miejscem licznych walk byk\u00f3w i wydarze\u0144 zwi\u0105zanych z walkami byk\u00f3w, co czyni j\u0105 jednym z najwa\u017cniejszych miejsc walk byk\u00f3w w Hiszpanii. <\/p>\n<p>W 1981 r. Plaza de Toros de La Malagueta zosta\u0142 uznany <strong>przez Junta de Andaluc\u00eda za obiekt o znaczeniu kulturowym<\/strong>, uznaj\u0105c tym samym jego warto\u015b\u0107 historyczn\u0105 i architektoniczn\u0105. Dzi\u015b arena walki byk\u00f3w jest nadal charakterystycznym miejscem w Maladze i jedn\u0105 z g\u0142\u00f3wnych atrakcji turystycznych miasta. Jest w\u0142asno\u015bci\u0105 Diputaci\u00f3n de M\u00e1laga.<\/p>\n<\/div><\/div><div class=\"w-btn-wrapper align_center\"><a class=\"w-btn us-btn-style_2\" target=\"_blank\" href=\"https:\/\/lamalaguetatour.com\/\"><span class=\"w-btn-label\">Informacje dotycz\u0105ce wizyt w La Malaguetea Bullring<\/span><\/a><\/div><\/div><\/div><\/div><\/div><\/section><section class=\"l-section wpb_row height_medium\"><div class=\"l-section-h i-cf\"><div class=\"g-cols vc_row via_grid cols_2 laptops-cols_inherit tablets-cols_inherit mobiles-cols_1 valign_top type_default stacking_default\"><div class=\"wpb_column vc_column_container\"><div class=\"vc_column-inner\"><div class=\"wpb_text_column\"><div class=\"wpb_wrapper\"><h2 class=\"wp-block-heading\">Architektura<\/h2>\n<p>Architektura La Malagueta charakteryzuje si\u0119 <strong>klasycystycznym stylem<\/strong>, inspirowanym <strong>tradycyjn\u0105 architektur\u0105 andaluzyjsk\u0105 i maureta\u0144sk\u0105<\/strong>.<\/p>\n<div class=\"text-base my-auto mx-auto py-5 &#091;--thread-content-margin:--spacing(4)&#093; @&#091;37rem&#093;:&#091;--thread-content-margin:--spacing(6)&#093; @&#091;72rem&#093;:&#091;--thread-content-margin:--spacing(16)&#093; px-(--thread-content-margin)\">\n<div class=\"&#091;--thread-content-max-width:32rem&#093; @&#091;34rem&#093;:&#091;--thread-content-max-width:40rem&#093; @&#091;64rem&#093;:&#091;--thread-content-max-width:48rem&#093; mx-auto flex max-w-(--thread-content-max-width) flex-1 text-base gap-4 md:gap-5 lg:gap-6 group\/turn-messages focus-visible:outline-hidden\" tabindex=\"-1\">\n<div class=\"group\/conversation-turn relative flex w-full min-w-0 flex-col agent-turn\">\n<div class=\"relative flex-col gap-1 md:gap-3\">\n<div class=\"flex max-w-full flex-col grow\">\n<div class=\"min-h-8 text-message relative flex w-full flex-col items-end gap-2 text-start break-words whitespace-normal &#091;.text-message+&amp;&#093;:mt-5\" dir=\"auto\" data-message-author-role=\"assistant\" data-message-id=\"4c31fca8-18dd-4642-beec-27055b08bf82\" data-message-model-slug=\"gpt-4o\">\n<div class=\"flex w-full flex-col gap-1 empty:hidden first:pt-&#091;3px&#093;\">\n<div class=\"markdown prose dark:prose-invert w-full break-words light\">\n<p data-start=\"0\" data-end=\"324\" data-is-last-node=\"\" data-is-only-node=\"\">Wygl\u0105d zewn\u0119trzny budynku odzwierciedla atrakcyjny styl klasycystyczny, charakteryzuj\u0105cy si\u0119 szerokimi p\u00f3\u0142kolistymi arkadami i wie\u017cyczkami, kt\u00f3re subtelnie dodaj\u0105 zespo\u0142owi ruchu i rytmu. Elementy te s\u0105 harmonijnie zintegrowane z dominuj\u0105cym wykorzystaniem ods\u0142oni\u0119tej ceg\u0142y i wewn\u0119trznej \u017celaznej konstrukcji. <\/p>\n<p data-start=\"0\" data-end=\"324\" data-is-last-node=\"\" data-is-only-node=\"\">Fasada placu ozdobiona jest \u0142ukami podkowiastymi, kolumnami i szkliwionymi p\u0142ytkami ceramicznymi, kt\u00f3re tworz\u0105 charakterystyczny efekt \u015bwiat\u0142a i cienia.<\/p>\n<p data-start=\"0\" data-end=\"324\" data-is-last-node=\"\" data-is-only-node=\"\">Wewn\u0105trz znajduje si\u0119 okr\u0105g\u0142a arena otoczona kamiennymi trybunami i drewniano-cynkowym dachem. Po ostatniej renowacji La Malagueta mo\u017ce pomie\u015bci\u0107 10 000 widz\u00f3w. <\/p>\n<\/div>\n<\/div>\n<\/div>\n<\/div>\n<\/div>\n<\/div>\n<\/div>\n<\/div>\n<\/div><\/div><\/div><\/div><div class=\"wpb_column vc_column_container\"><div class=\"vc_column-inner\"><div class=\"w-slider style_none fit_scaledown nav_none count_2\"><div class=\"w-slider-h\" aria-hidden=\"true\"><div class=\"royalSlider\"><div class=\"rsContent\"><a class=\"rsImg\" data-rsw=\"1024\" data-rsh=\"683\" href=\"https:\/\/plazadetoroslamalagueta.com\/wp-content\/uploads\/2023\/03\/IMG_0869-1024x683.jpg\"><span data-alt=\"\"><\/span><\/a><\/div><div class=\"rsContent\"><a class=\"rsImg\" data-rsw=\"1024\" data-rsh=\"683\" href=\"https:\/\/plazadetoroslamalagueta.com\/wp-content\/uploads\/2023\/03\/IMG_0970-1024x683.jpg\"><span data-alt=\"\"><\/span><\/a><\/div><\/div><img decoding=\"async\" src=\"https:\/\/plazadetoroslamalagueta.com\/wp-content\/uploads\/2023\/03\/IMG_0869-1024x683.jpg\" width=\"1024\" height=\"683\" alt loading=\"lazy\"><\/div><div class=\"w-slider-json\" onclick='return {&quot;autoScaleSlider&quot;:true,&quot;addActiveClass&quot;:true,&quot;loop&quot;:true,&quot;fadeInLoadedSlide&quot;:false,&quot;slidesSpacing&quot;:0,&quot;imageScalePadding&quot;:0,&quot;numImagesToPreload&quot;:2,&quot;arrowsNav&quot;:true,&quot;arrowsNavAutoHide&quot;:false,&quot;transitionType&quot;:&quot;move&quot;,&quot;transitionSpeed&quot;:250,&quot;block&quot;:{&quot;moveEffect&quot;:&quot;none&quot;,&quot;speed&quot;:300},&quot;thumbs&quot;:{&quot;fitInViewport&quot;:false,&quot;firstMargin&quot;:false,&quot;spacing&quot;:4},&quot;controlNavigation&quot;:&quot;none&quot;,&quot;autoScaleSliderWidth&quot;:1024,&quot;autoScaleSliderHeight&quot;:683}'><\/div><\/div><\/div><\/div><\/div><\/div><\/section><section class=\"l-section wpb_row height_medium\"><div class=\"l-section-h i-cf\"><div class=\"g-cols vc_row via_grid cols_1 laptops-cols_inherit tablets-cols_inherit mobiles-cols_1 valign_top type_default stacking_default\"><div class=\"wpb_column vc_column_container\"><div class=\"vc_column-inner\"><div class=\"wpb_text_column\"><div class=\"wpb_wrapper\"><h2 class=\"wp-block-heading\">Walki byk\u00f3w na arenie w Maladze<\/h2>\n<p>Arena byk\u00f3w La Malagueta jest miejscem, w kt\u00f3rym odbywaj\u0105 si\u0119 <a href=\"https:\/\/plazadetoroslamalagueta.com\/pl\/bilety-na-walke-bykow-w-maladze\/\"><strong>targ\u00f3w walk byk\u00f3w w Maladze<\/strong><\/a>kt\u00f3re odbywaj\u0105 si\u0119 w <strong>sierpniu<\/strong>, podczas miejskiej Feria de Agosto, a tak\u017ce innych wydarze\u0144 kulturalnych i sportowych.<\/p>\n<p>W kwietniu odbywa si\u0119 tu<strong> tradycyjna walka byk\u00f3w Picasso<\/strong>, kt\u00f3ra \u0142\u0105czy w sobie sztuk\u0119 i spektakl, a odbywa si\u0119 w ho\u0142dzie genialnemu malarzowi z Malagi, Pablo Ruiz Picasso.<\/p>\n<\/div><\/div><\/div><\/div><\/div><\/div><\/section><section class=\"l-section wpb_row height_medium\"><div class=\"l-section-h i-cf\"><div class=\"g-cols vc_row via_grid cols_2 laptops-cols_inherit tablets-cols_inherit mobiles-cols_1 valign_top type_default stacking_default\"><div class=\"wpb_column vc_column_container\"><div class=\"vc_column-inner\"><div class=\"wpb_text_column\"><div class=\"wpb_wrapper\"><h2 class=\"wp-block-heading\">Pi\u0119\u015bciarze z Malagi<\/h2>\n<p>&nbsp;<\/p>\n<p class=\"has-small-font-size\">Jednym z najwybitniejszych torreador\u00f3w w prowincji Malaga by\u0142 <strong>Antonio Ord\u00f3\u00f1ez<\/strong>. Uwa\u017cany za jednego z najwi\u0119kszych torreador\u00f3w w historii, urodzi\u0142 si\u0119 w Rondzie w Maladze w 1932 roku. By\u0142 jednym z g\u0142\u00f3wnych promotor\u00f3w walk byk\u00f3w Goyesque, w kt\u00f3rych torreadorzy nosz\u0105 kostiumy z epoki, a arena jest udekorowana w stylu XVIII wieku.  <\/p>\n<\/div><\/div><\/div><\/div><div class=\"wpb_column vc_column_container\"><div class=\"vc_column-inner\"><div class=\"w-slider style_none fit_scaledown nav_none count_3\"><div class=\"w-slider-h\" aria-hidden=\"true\"><div class=\"royalSlider\"><div class=\"rsContent\"><a class=\"rsImg\" data-rsw=\"1024\" data-rsh=\"986\" href=\"https:\/\/plazadetoroslamalagueta.com\/wp-content\/uploads\/2023\/03\/Vega-2o-1024x986.jpeg\"><span data-alt=\"corrida de toros en malaga\"><\/span><\/a><\/div><div class=\"rsContent\"><a class=\"rsImg\" data-rsw=\"201\" data-rsh=\"251\" href=\"https:\/\/plazadetoroslamalagueta.com\/wp-content\/uploads\/2023\/03\/javier-conde.jpeg\"><span data-alt=\"\"><\/span><\/a><\/div><div class=\"rsContent\"><a class=\"rsImg\" data-rsw=\"880\" data-rsh=\"495\" href=\"https:\/\/plazadetoroslamalagueta.com\/wp-content\/uploads\/2023\/03\/jimenez-forte.jpeg\"><span data-alt=\"corrida de toros en malaga\"><\/span><\/a><\/div><\/div><img decoding=\"async\" src=\"https:\/\/plazadetoroslamalagueta.com\/wp-content\/uploads\/2023\/03\/Vega-2o-1024x986.jpeg\" width=\"1024\" height=\"986\" alt=\"corrida de toros en malaga\" loading=\"lazy\"><\/div><div class=\"w-slider-json\" onclick='return {&quot;autoScaleSlider&quot;:true,&quot;addActiveClass&quot;:true,&quot;loop&quot;:true,&quot;fadeInLoadedSlide&quot;:false,&quot;slidesSpacing&quot;:0,&quot;imageScalePadding&quot;:0,&quot;numImagesToPreload&quot;:2,&quot;arrowsNav&quot;:true,&quot;arrowsNavAutoHide&quot;:false,&quot;transitionType&quot;:&quot;move&quot;,&quot;transitionSpeed&quot;:250,&quot;block&quot;:{&quot;moveEffect&quot;:&quot;none&quot;,&quot;speed&quot;:300},&quot;thumbs&quot;:{&quot;fitInViewport&quot;:false,&quot;firstMargin&quot;:false,&quot;spacing&quot;:4},&quot;controlNavigation&quot;:&quot;none&quot;,&quot;autoScaleSliderWidth&quot;:1024,&quot;autoScaleSliderHeight&quot;:986}'><\/div><\/div><\/div><\/div><\/div><\/div><\/section><section class=\"l-section wpb_row height_medium\"><div class=\"l-section-h i-cf\"><div class=\"g-cols vc_row via_grid cols_1 laptops-cols_inherit tablets-cols_inherit mobiles-cols_1 valign_top type_default stacking_default\"><div class=\"wpb_column vc_column_container\"><div class=\"vc_column-inner\"><div class=\"wpb_text_column\"><div class=\"wpb_wrapper\"><p>Opr\u00f3cz Antonio Ord\u00f3\u00f1eza, s\u0105 te\u017c inni torreadorzy z Malagi, kt\u00f3rzy wyr\u00f3\u017cnili si\u0119 w \u015bwiecie walk byk\u00f3w. Niekt\u00f3rzy z nich to: <\/p>\n<ul>\n<li><strong>Salvador Vega:<\/strong> Urodzony w Maladze w 1974 roku, Salvador Vega zadebiutowa\u0142 jako novillero w 1994 roku, a jako matador w 1998 roku. Bra\u0142 udzia\u0142 w wielu walkach byk\u00f3w na Plaza de Toros de La Malagueta i otrzyma\u0142 kilka nagr\u00f3d za walki byk\u00f3w. <\/li>\n<li><strong>Javier Conde<\/strong>: Urodzony w Maladze w 1973 roku, Javier Conde zadebiutowa\u0142 jako novillero w 1991 roku, a jako matador w 1993 roku. Conde znany jest ze swojego osobistego stylu i elegancji na ringu. <\/li>\n<li><strong>Francisco Rivera Ord\u00f3\u00f1ez: <\/strong>Chocia\u017c urodzi\u0142 si\u0119 w Madrycie, Francisco Rivera Ord\u00f3\u00f1ez jest synem Francisco Rivery &#8222;Paquirri&#8221; i wnukiem Antonio Ord\u00f3\u00f1eza, dw\u00f3ch wybitnych torreador\u00f3w z Malagi. Rivera Ord\u00f3\u00f1ez bra\u0142 udzia\u0142 w wielu walkach byk\u00f3w na arenie La Malagueta i by\u0142 jednym z najbardziej medialnych zawodnik\u00f3w w ostatnich latach. <\/li>\n<li><strong>Sa\u00fal Jim<\/strong>\u00e9nez <strong>Fortes<\/strong>: Urodzony w Maladze w 1989 roku, Sa\u00fal Jim\u00e9nez Fortes zadebiutowa\u0142 jako novillero w 2009 roku, a jako matador w 2011 roku. Bra\u0142 udzia\u0142 w wielu walkach byk\u00f3w na Plaza de Toros de La Malagueta i zdoby\u0142 kilka nagr\u00f3d za walki byk\u00f3w. W 2024 roku zosta\u0142 zwyci\u0119zc\u0105 Feria de Agosto, a tak\u017ce obci\u0105\u0142 dwa uszy w walce byk\u00f3w Picassiana 2025.  <\/li>\n<\/ul>\n<\/div><\/div><\/div><\/div><\/div><\/div><\/section>\n","protected":false},"excerpt":{"rendered":"Historia gali byk\u00f3w w Maladze Arena byk\u00f3w w Maladze, zwana La Malagueta, od dzielnicy, w kt\u00f3rej si\u0119 znajduje, zosta\u0142a zbudowana w 1874 roku przez kantabryjskiego architekta Joaqu\u00edna R ucob\u0119, kt\u00f3ry inspirowa\u0142 si\u0119 architektur\u0105 klasycystyczn\u0105 przy jej projektowaniu. Rucoba studiowa\u0142 w Madrycie i Pary\u017cu i by\u0142 jednym z g\u0142\u00f3wnych przedstawicieli eklektyzmu architektonicznego w Hiszpanii. Budowa areny...","protected":false},"author":5,"featured_media":35433,"parent":0,"menu_order":0,"comment_status":"closed","ping_status":"closed","template":"","meta":{"footnotes":""},"class_list":["post-35432","page","type-page","status-publish","has-post-thumbnail","hentry"],"yoast_head":"<!-- This site is optimized with the Yoast SEO plugin v27.4 - https:\/\/yoast.com\/product\/yoast-seo-wordpress\/ -->\n<title>\u25b7 Wszystko o arenie walk byk\u00f3w w Maladze | La Malagueta<\/title>\n<meta name=\"description\" content=\"Odkryj wszelkiego rodzaju ciekawostki i informacje na temat historii, architektury i wydarze\u0144 zwi\u0105zanych z aren\u0105 walk byk\u00f3w w Maladze, La Malagueta.\" \/>\n<meta name=\"robots\" content=\"index, follow, max-snippet:-1, max-image-preview:large, max-video-preview:-1\" \/>\n<link rel=\"canonical\" href=\"https:\/\/plazadetoroslamalagueta.com\/pl\/the-plaza\/\" \/>\n<meta property=\"og:locale\" content=\"pl_PL\" \/>\n<meta property=\"og:type\" content=\"article\" \/>\n<meta property=\"og:title\" content=\"\u25b7 Wszystko o arenie walk byk\u00f3w w Maladze | La Malagueta\" \/>\n<meta property=\"og:description\" content=\"Odkryj wszelkiego rodzaju ciekawostki i informacje na temat historii, architektury i wydarze\u0144 zwi\u0105zanych z aren\u0105 walk byk\u00f3w w Maladze, La Malagueta.\" \/>\n<meta property=\"og:url\" content=\"https:\/\/plazadetoroslamalagueta.com\/pl\/the-plaza\/\" \/>\n<meta property=\"og:site_name\" content=\"Plaza de Toros La Malagueta\" \/>\n<meta property=\"article:modified_time\" content=\"2026-02-16T11:42:23+00:00\" \/>\n<meta property=\"og:image\" content=\"https:\/\/plazadetoroslamalagueta.com\/wp-content\/uploads\/2023\/03\/IMG_0970-scaled.jpg\" \/>\n\t<meta property=\"og:image:width\" content=\"2560\" \/>\n\t<meta property=\"og:image:height\" content=\"1707\" \/>\n\t<meta property=\"og:image:type\" content=\"image\/jpeg\" \/>\n<meta name=\"twitter:card\" content=\"summary_large_image\" \/>\n<meta name=\"twitter:label1\" content=\"Szacowany czas czytania\" \/>\n\t<meta name=\"twitter:data1\" content=\"4 minuty\" \/>\n<script type=\"application\/ld+json\" class=\"yoast-schema-graph\">{\"@context\":\"https:\\\/\\\/schema.org\",\"@graph\":[{\"@type\":\"WebPage\",\"@id\":\"https:\\\/\\\/plazadetoroslamalagueta.com\\\/pl\\\/the-plaza\\\/\",\"url\":\"https:\\\/\\\/plazadetoroslamalagueta.com\\\/pl\\\/the-plaza\\\/\",\"name\":\"\u25b7 Wszystko o arenie walk byk\u00f3w w Maladze | La Malagueta\",\"isPartOf\":{\"@id\":\"https:\\\/\\\/plazadetoroslamalagueta.com\\\/pl\\\/#website\"},\"primaryImageOfPage\":{\"@id\":\"https:\\\/\\\/plazadetoroslamalagueta.com\\\/pl\\\/the-plaza\\\/#primaryimage\"},\"image\":{\"@id\":\"https:\\\/\\\/plazadetoroslamalagueta.com\\\/pl\\\/the-plaza\\\/#primaryimage\"},\"thumbnailUrl\":\"https:\\\/\\\/plazadetoroslamalagueta.com\\\/wp-content\\\/uploads\\\/2023\\\/03\\\/IMG_0970-scaled.jpg\",\"datePublished\":\"2023-02-28T14:40:47+00:00\",\"dateModified\":\"2026-02-16T11:42:23+00:00\",\"description\":\"Odkryj wszelkiego rodzaju ciekawostki i informacje na temat historii, architektury i wydarze\u0144 zwi\u0105zanych z aren\u0105 walk byk\u00f3w w Maladze, La Malagueta.\",\"breadcrumb\":{\"@id\":\"https:\\\/\\\/plazadetoroslamalagueta.com\\\/pl\\\/the-plaza\\\/#breadcrumb\"},\"inLanguage\":\"pl-PL\",\"potentialAction\":[{\"@type\":\"ReadAction\",\"target\":[\"https:\\\/\\\/plazadetoroslamalagueta.com\\\/pl\\\/the-plaza\\\/\"]}]},{\"@type\":\"ImageObject\",\"inLanguage\":\"pl-PL\",\"@id\":\"https:\\\/\\\/plazadetoroslamalagueta.com\\\/pl\\\/the-plaza\\\/#primaryimage\",\"url\":\"https:\\\/\\\/plazadetoroslamalagueta.com\\\/wp-content\\\/uploads\\\/2023\\\/03\\\/IMG_0970-scaled.jpg\",\"contentUrl\":\"https:\\\/\\\/plazadetoroslamalagueta.com\\\/wp-content\\\/uploads\\\/2023\\\/03\\\/IMG_0970-scaled.jpg\",\"width\":2560,\"height\":1707},{\"@type\":\"BreadcrumbList\",\"@id\":\"https:\\\/\\\/plazadetoroslamalagueta.com\\\/pl\\\/the-plaza\\\/#breadcrumb\",\"itemListElement\":[{\"@type\":\"ListItem\",\"position\":1,\"name\":\"Strona g\u0142\u00f3wna\",\"item\":\"https:\\\/\\\/plazadetoroslamalagueta.com\\\/pl\\\/\"},{\"@type\":\"ListItem\",\"position\":2,\"name\":\"The Plaza\"}]},{\"@type\":\"WebSite\",\"@id\":\"https:\\\/\\\/plazadetoroslamalagueta.com\\\/pl\\\/#website\",\"url\":\"https:\\\/\\\/plazadetoroslamalagueta.com\\\/pl\\\/\",\"name\":\"Plaza de Toros de la Malagueta\",\"description\":\"La Plaza de Toros de M\u00e1laga, de nombre La Malagueta, es un edificio reconocido Bien de Inter\u00e9s Cultural, que ofrece visitas tur\u00edsticas y corridas de toros y otros tipos de espect\u00e1culo durante todo el a\u00f1o.\",\"publisher\":{\"@id\":\"https:\\\/\\\/plazadetoroslamalagueta.com\\\/pl\\\/#organization\"},\"alternateName\":\"Plaza de Toros M\u00e1laga\",\"potentialAction\":[{\"@type\":\"SearchAction\",\"target\":{\"@type\":\"EntryPoint\",\"urlTemplate\":\"https:\\\/\\\/plazadetoroslamalagueta.com\\\/pl\\\/?s={search_term_string}\"},\"query-input\":{\"@type\":\"PropertyValueSpecification\",\"valueRequired\":true,\"valueName\":\"search_term_string\"}}],\"inLanguage\":\"pl-PL\"},{\"@type\":\"Organization\",\"@id\":\"https:\\\/\\\/plazadetoroslamalagueta.com\\\/pl\\\/#organization\",\"name\":\"Plaza de Toros la Malagueta\",\"url\":\"https:\\\/\\\/plazadetoroslamalagueta.com\\\/pl\\\/\",\"logo\":{\"@type\":\"ImageObject\",\"inLanguage\":\"pl-PL\",\"@id\":\"https:\\\/\\\/plazadetoroslamalagueta.com\\\/pl\\\/#\\\/schema\\\/logo\\\/image\\\/\",\"url\":\"https:\\\/\\\/plazadetoroslamalagueta.com\\\/wp-content\\\/uploads\\\/2024\\\/02\\\/Logo-plaza-toros.webp\",\"contentUrl\":\"https:\\\/\\\/plazadetoroslamalagueta.com\\\/wp-content\\\/uploads\\\/2024\\\/02\\\/Logo-plaza-toros.webp\",\"width\":100,\"height\":100,\"caption\":\"Plaza de Toros la Malagueta\"},\"image\":{\"@id\":\"https:\\\/\\\/plazadetoroslamalagueta.com\\\/pl\\\/#\\\/schema\\\/logo\\\/image\\\/\"}}]}<\/script>\n<!-- \/ Yoast SEO plugin. -->","yoast_head_json":{"title":"\u25b7 Wszystko o arenie walk byk\u00f3w w Maladze | La Malagueta","description":"Odkryj wszelkiego rodzaju ciekawostki i informacje na temat historii, architektury i wydarze\u0144 zwi\u0105zanych z aren\u0105 walk byk\u00f3w w Maladze, La Malagueta.","robots":{"index":"index","follow":"follow","max-snippet":"max-snippet:-1","max-image-preview":"max-image-preview:large","max-video-preview":"max-video-preview:-1"},"canonical":"https:\/\/plazadetoroslamalagueta.com\/pl\/the-plaza\/","og_locale":"pl_PL","og_type":"article","og_title":"\u25b7 Wszystko o arenie walk byk\u00f3w w Maladze | La Malagueta","og_description":"Odkryj wszelkiego rodzaju ciekawostki i informacje na temat historii, architektury i wydarze\u0144 zwi\u0105zanych z aren\u0105 walk byk\u00f3w w Maladze, La Malagueta.","og_url":"https:\/\/plazadetoroslamalagueta.com\/pl\/the-plaza\/","og_site_name":"Plaza de Toros La Malagueta","article_modified_time":"2026-02-16T11:42:23+00:00","og_image":[{"width":2560,"height":1707,"url":"https:\/\/plazadetoroslamalagueta.com\/wp-content\/uploads\/2023\/03\/IMG_0970-scaled.jpg","type":"image\/jpeg"}],"twitter_card":"summary_large_image","twitter_misc":{"Szacowany czas czytania":"4 minuty"},"schema":{"@context":"https:\/\/schema.org","@graph":[{"@type":"WebPage","@id":"https:\/\/plazadetoroslamalagueta.com\/pl\/the-plaza\/","url":"https:\/\/plazadetoroslamalagueta.com\/pl\/the-plaza\/","name":"\u25b7 Wszystko o arenie walk byk\u00f3w w Maladze | La Malagueta","isPartOf":{"@id":"https:\/\/plazadetoroslamalagueta.com\/pl\/#website"},"primaryImageOfPage":{"@id":"https:\/\/plazadetoroslamalagueta.com\/pl\/the-plaza\/#primaryimage"},"image":{"@id":"https:\/\/plazadetoroslamalagueta.com\/pl\/the-plaza\/#primaryimage"},"thumbnailUrl":"https:\/\/plazadetoroslamalagueta.com\/wp-content\/uploads\/2023\/03\/IMG_0970-scaled.jpg","datePublished":"2023-02-28T14:40:47+00:00","dateModified":"2026-02-16T11:42:23+00:00","description":"Odkryj wszelkiego rodzaju ciekawostki i informacje na temat historii, architektury i wydarze\u0144 zwi\u0105zanych z aren\u0105 walk byk\u00f3w w Maladze, La Malagueta.","breadcrumb":{"@id":"https:\/\/plazadetoroslamalagueta.com\/pl\/the-plaza\/#breadcrumb"},"inLanguage":"pl-PL","potentialAction":[{"@type":"ReadAction","target":["https:\/\/plazadetoroslamalagueta.com\/pl\/the-plaza\/"]}]},{"@type":"ImageObject","inLanguage":"pl-PL","@id":"https:\/\/plazadetoroslamalagueta.com\/pl\/the-plaza\/#primaryimage","url":"https:\/\/plazadetoroslamalagueta.com\/wp-content\/uploads\/2023\/03\/IMG_0970-scaled.jpg","contentUrl":"https:\/\/plazadetoroslamalagueta.com\/wp-content\/uploads\/2023\/03\/IMG_0970-scaled.jpg","width":2560,"height":1707},{"@type":"BreadcrumbList","@id":"https:\/\/plazadetoroslamalagueta.com\/pl\/the-plaza\/#breadcrumb","itemListElement":[{"@type":"ListItem","position":1,"name":"Strona g\u0142\u00f3wna","item":"https:\/\/plazadetoroslamalagueta.com\/pl\/"},{"@type":"ListItem","position":2,"name":"The Plaza"}]},{"@type":"WebSite","@id":"https:\/\/plazadetoroslamalagueta.com\/pl\/#website","url":"https:\/\/plazadetoroslamalagueta.com\/pl\/","name":"Plaza de Toros de la Malagueta","description":"La Plaza de Toros de M\u00e1laga, de nombre La Malagueta, es un edificio reconocido Bien de Inter\u00e9s Cultural, que ofrece visitas tur\u00edsticas y corridas de toros y otros tipos de espect\u00e1culo durante todo el a\u00f1o.","publisher":{"@id":"https:\/\/plazadetoroslamalagueta.com\/pl\/#organization"},"alternateName":"Plaza de Toros M\u00e1laga","potentialAction":[{"@type":"SearchAction","target":{"@type":"EntryPoint","urlTemplate":"https:\/\/plazadetoroslamalagueta.com\/pl\/?s={search_term_string}"},"query-input":{"@type":"PropertyValueSpecification","valueRequired":true,"valueName":"search_term_string"}}],"inLanguage":"pl-PL"},{"@type":"Organization","@id":"https:\/\/plazadetoroslamalagueta.com\/pl\/#organization","name":"Plaza de Toros la Malagueta","url":"https:\/\/plazadetoroslamalagueta.com\/pl\/","logo":{"@type":"ImageObject","inLanguage":"pl-PL","@id":"https:\/\/plazadetoroslamalagueta.com\/pl\/#\/schema\/logo\/image\/","url":"https:\/\/plazadetoroslamalagueta.com\/wp-content\/uploads\/2024\/02\/Logo-plaza-toros.webp","contentUrl":"https:\/\/plazadetoroslamalagueta.com\/wp-content\/uploads\/2024\/02\/Logo-plaza-toros.webp","width":100,"height":100,"caption":"Plaza de Toros la Malagueta"},"image":{"@id":"https:\/\/plazadetoroslamalagueta.com\/pl\/#\/schema\/logo\/image\/"}}]}},"_links":{"self":[{"href":"https:\/\/plazadetoroslamalagueta.com\/pl\/wp-json\/wp\/v2\/pages\/35432","targetHints":{"allow":["GET"]}}],"collection":[{"href":"https:\/\/plazadetoroslamalagueta.com\/pl\/wp-json\/wp\/v2\/pages"}],"about":[{"href":"https:\/\/plazadetoroslamalagueta.com\/pl\/wp-json\/wp\/v2\/types\/page"}],"author":[{"embeddable":true,"href":"https:\/\/plazadetoroslamalagueta.com\/pl\/wp-json\/wp\/v2\/users\/5"}],"replies":[{"embeddable":true,"href":"https:\/\/plazadetoroslamalagueta.com\/pl\/wp-json\/wp\/v2\/comments?post=35432"}],"version-history":[{"count":8,"href":"https:\/\/plazadetoroslamalagueta.com\/pl\/wp-json\/wp\/v2\/pages\/35432\/revisions"}],"predecessor-version":[{"id":35502,"href":"https:\/\/plazadetoroslamalagueta.com\/pl\/wp-json\/wp\/v2\/pages\/35432\/revisions\/35502"}],"wp:featuredmedia":[{"embeddable":true,"href":"https:\/\/plazadetoroslamalagueta.com\/pl\/wp-json\/wp\/v2\/media\/35433"}],"wp:attachment":[{"href":"https:\/\/plazadetoroslamalagueta.com\/pl\/wp-json\/wp\/v2\/media?parent=35432"}],"curies":[{"name":"wp","href":"https:\/\/api.w.org\/{rel}","templated":true}]}}