{"id":35313,"date":"2020-08-24T12:10:18","date_gmt":"2020-08-24T10:10:18","guid":{"rendered":"https:\/\/plazadetoroslamalagueta.com\/bilety-na-walke-bykow-w-maladze\/"},"modified":"2026-04-21T10:52:44","modified_gmt":"2026-04-21T08:52:44","slug":"bilety-na-walke-bykow-w-maladze","status":"publish","type":"page","link":"https:\/\/plazadetoroslamalagueta.com\/pl\/bilety-na-walke-bykow-w-maladze\/","title":{"rendered":"Bilety na walk\u0119 byk\u00f3w w Maladze"},"content":{"rendered":"<section class=\"l-section wpb_row height_medium\"><div class=\"l-section-h i-cf\"><div class=\"g-cols vc_row via_grid cols_1 laptops-cols_inherit tablets-cols_inherit mobiles-cols_1 valign_top type_default stacking_default\"><div class=\"wpb_column vc_column_container\"><div class=\"vc_column-inner\"><div class=\"wpb_text_column us_custom_60e9caca us_animate_this\"><div class=\"wpb_wrapper\"><h1 style=\"text-align: center;\">Bilety na walki byk\u00f3w w Maladze 2026<\/h1>\n<p class=\"font-claude-response-body break-words whitespace-normal leading-&#091;1.7&#093;\" style=\"text-align: center;\">Tutaj znajdziesz wszystkie aktualne informacje na temat <strong>walk byk\u00f3w w Maladze w 2026<\/strong> roku: daty, harmonogramy, oficjalne plakaty i <strong>sprzeda\u017c bilet\u00f3w online<\/strong> na walki byk\u00f3w w sezonie na <strong>arenie La Malagueta<\/strong>. Kup bilety szybko, bezpiecznie i bezpo\u015brednio z oficjalnej strony internetowej. <\/p>\n<\/div><\/div><div class=\"w-btn-wrapper align_center\"><a class=\"w-btn us-btn-style_1\" href=\"https:\/\/plazadetoroslamalagueta.com\/pl\/bilety-na-walke-bykow-w-maladze\/#reserva\"><span class=\"w-btn-label\">Zarezerwuj bilety<\/span><\/a><\/div><div class=\"w-separator size_small with_line width_default thick_1 style_solid color_border align_center\"><div class=\"w-separator-h\"><\/div><\/div><\/div><\/div><\/div><\/div><\/section><section class=\"l-section wpb_row height_auto\"><div class=\"l-section-h i-cf\"><div class=\"g-cols vc_row via_grid cols_1 laptops-cols_inherit tablets-cols_inherit mobiles-cols_1 valign_top type_default stacking_default\"><div class=\"wpb_column vc_column_container\"><div class=\"vc_column-inner\"><div class=\"wpb_text_column\"><div class=\"wpb_wrapper\"><h2 style=\"text-align: center;\">Walki byk\u00f3w 2026<\/h2>\n<h3 style=\"text-align: center;\"><a href=\"https:\/\/plazatorosmarbella.com\/entradas-toros-marbella\/\">Bullring of Marbella<\/a><\/h3>\n<p style=\"text-align: center;\">Bilety dost\u0119pne na walk\u0119 byk\u00f3w. <span>Walcz\u0105cy z bykami <\/span><em><strong>Jos\u00e9 Antonio Morante de la Puebla<\/strong><\/em><span> b\u0119dzie obecny na obu walkach byk\u00f3w, zaznaczaj\u0105c sw\u00f3j powr\u00f3t na aren\u0119 po ostatniej emeryturze.<\/span><\/p>\n<\/div><\/div><div class=\"w-btn-wrapper align_center\"><a class=\"w-btn us-btn-style_1\" href=\"https:\/\/plazatorosmarbella.com\/entradas-toros-marbella\/\"><span class=\"w-btn-label\">BILETY NA WALKI BYK\u00d3W MARBELLA<\/span><\/a><\/div><div class=\"w-separator size_small with_line width_default thick_1 style_solid color_border align_center\"><div class=\"w-separator-h\"><\/div><\/div><div class=\"w-grid us_grid type_grid layout_27 no_results cols_3 pagination_ajax preload_style_spinner ratio_1x1\" id=\"us_grid_1\" style=\"--columns:3;--gap:1.5rem;--item-ratio:1;\" data-filterable=\"true\"><style>@media (max-width:1024px){#us_grid_1{--columns:2!important}}@media (max-width:600px){#us_grid_1{--columns:1!important}}.layout_27 .w-grid-item-h{background:var(--color-content-heading);border-radius:0.5rem;box-shadow:0 0rem 0rem rgba(0,0,0,0.1),0 0rem 0rem rgba(0,0,0,0.1);transition-duration:0.3s}.no-touch .layout_27 .w-grid-item-h:hover{box-shadow:0 0.2rem 0.4rem rgba(0,0,0,0.1),0 0.67rem 2rem rgba(0,0,0,0.15);z-index:4}.layout_27 .usg_post_image_1{transition-duration:0.3s;transform-origin:50% 50%;transform:scale(1) translate(0%,0%);opacity:0.5}.layout_27 .w-grid-item-h:focus-within .usg_post_image_1,.layout_27 .w-grid-item-h:hover .usg_post_image_1{transform:scale(1) translate(0%,0%);opacity:1}.layout_27 .usg_vwrapper_1{transition-duration:0.3s;transform-origin:50% 50%;transform:scale(1) translate(0%,0%)}.layout_27 .w-grid-item-h:focus-within .usg_vwrapper_1,.layout_27 .w-grid-item-h:hover .usg_vwrapper_1{transform:scale(1) translate(0%,0%);opacity:1;background:var(--color-content-bg)!important;color:var(--color-content-text)!important}.layout_27 .usg_post_image_1{position:absolute!important;left:0!important;top:0!important;bottom:0!important;right:0!important}.layout_27 .usg_vwrapper_1{color:var(--color-content-bg)!important;position:absolute!important;left:0!important;bottom:-1px!important;right:0!important;padding:1.5rem!important}.layout_27 .usg_post_title_1{color:inherit!important;font-weight:600!important;font-size:1.5rem!important}.layout_27 .usg_hwrapper_2{width:100%!important}<\/style><div class=\"w-grid-list\"><\/div>\t<div class=\"w-grid-preloader\">\r\n\t\t<div class=\"g-preloader type_1\">\r\n\t\t\t<div><\/div>\r\n\t\t<\/div>\r\n\t<\/div>\r\n\t\t<div class=\"w-grid-json hidden\" onclick='return {&quot;action&quot;:&quot;us_ajax_grid&quot;,&quot;infinite_scroll&quot;:0,&quot;max_num_pages&quot;:0,&quot;pagination&quot;:&quot;ajax&quot;,&quot;template_vars&quot;:{&quot;columns&quot;:&quot;3&quot;,&quot;exclude_items&quot;:&quot;none&quot;,&quot;img_size&quot;:&quot;default&quot;,&quot;ignore_items_size&quot;:0,&quot;items_layout&quot;:&quot;27&quot;,&quot;items_offset&quot;:&quot;1&quot;,&quot;load_animation&quot;:&quot;none&quot;,&quot;overriding_link&quot;:&quot;%7B%22type%22%3A%22post%22%7D&quot;,&quot;post_id&quot;:0,&quot;query_args&quot;:{&quot;post_type&quot;:[&quot;product&quot;],&quot;tax_query&quot;:[{&quot;taxonomy&quot;:&quot;product_cat&quot;,&quot;field&quot;:&quot;slug&quot;,&quot;terms&quot;:[&quot;pojedyncze wpisy&quot;]},{&quot;taxonomy&quot;:&quot;product_visibility&quot;,&quot;field&quot;:&quot;slug&quot;,&quot;terms&quot;:[&quot;exclude-from-catalog&quot;],&quot;operator&quot;:&quot;NOT IN&quot;}],&quot;post_status&quot;:[&quot;publish&quot;,&quot;wc-reembolso-parcial&quot;,&quot;wc-enpreparacion&quot;,&quot;wc-enviado&quot;],&quot;meta_query&quot;:[{&quot;key&quot;:&quot;_stock_status&quot;,&quot;value&quot;:&quot;outofstock&quot;,&quot;compare&quot;:&quot;!=&quot;}],&quot;posts_per_page&quot;:&quot;10&quot;},&quot;orderby_query_args&quot;:{&quot;orderby&quot;:{&quot;menu_order&quot;:&quot;ASC&quot;},&quot;order&quot;:&quot;ASC&quot;},&quot;type&quot;:&quot;grid&quot;,&quot;us_grid_post_type&quot;:&quot;product&quot;,&quot;us_grid_ajax_index&quot;:1,&quot;us_grid_filter_query_string&quot;:null,&quot;us_grid_index&quot;:1,&quot;page_args&quot;:[],&quot;lang&quot;:&quot;pl&quot;}}'><\/div>\r\n\t<\/div><div class=\"w-separator size_small with_line width_default thick_1 style_solid color_border align_center\"><div class=\"w-separator-h\"><\/div><\/div><\/div><\/div><\/div><\/div><\/section><section class=\"l-section wpb_row us_custom_0d15be52 height_medium\"><div class=\"l-section-h i-cf\"><div class=\"g-cols vc_row via_grid cols_2-1 laptops-cols_inherit tablets-cols_inherit mobiles-cols_1 valign_middle type_default reversed stacking_default\"><div class=\"wpb_column vc_column_container us_custom_7e20fa79 us_animate_this stretched\"><div class=\"vc_column-inner\"><div class=\"w-image us_custom_5e8a7298 style_shadow-1 align_center\"><div class=\"w-image-h\"><img decoding=\"async\" width=\"1024\" height=\"768\" src=\"https:\/\/plazadetoroslamalagueta.com\/wp-content\/uploads\/2023\/03\/DJI_0881-1024x768.jpg\" class=\"attachment-large size-large\" alt=\"\" loading=\"lazy\" srcset=\"https:\/\/plazadetoroslamalagueta.com\/wp-content\/uploads\/2023\/03\/DJI_0881-1024x768.jpg 1024w, https:\/\/plazadetoroslamalagueta.com\/wp-content\/uploads\/2023\/03\/DJI_0881-300x225.jpg 300w, https:\/\/plazadetoroslamalagueta.com\/wp-content\/uploads\/2023\/03\/DJI_0881-768x576.jpg 768w, https:\/\/plazadetoroslamalagueta.com\/wp-content\/uploads\/2023\/03\/DJI_0881-1536x1152.jpg 1536w, https:\/\/plazadetoroslamalagueta.com\/wp-content\/uploads\/2023\/03\/DJI_0881-2048x1536.jpg 2048w, https:\/\/plazadetoroslamalagueta.com\/wp-content\/uploads\/2023\/03\/DJI_0881-958x719.jpg 958w\" sizes=\"auto, (max-width: 1024px) 100vw, 1024px\" \/><\/div><\/div><\/div><\/div><div class=\"wpb_column vc_column_container us_custom_47474b22 us_animate_this\"><div class=\"vc_column-inner\"><div class=\"wpb_text_column\"><div class=\"wpb_wrapper\"><h2>Lo\u017ce VIP Malagueta<\/h2>\n<p>Prze\u017cyj do\u015bwiadczenie ogl\u0105dania walk najlepszych torreador\u00f3w z lo\u017cy VIP na arenie walk byk\u00f3w Malagueta. Znajd\u017a lo\u017c\u0119 VIP, kt\u00f3ra najbardziej Ci si\u0119 podoba i prze\u017cyj festiwal walk byk\u00f3w.<\/p>\n<\/div><\/div><div class=\"w-btn-wrapper align_none\"><a class=\"w-btn us-btn-style_2 us_custom_82d4de91 has_text_color\" title=\"palcos vip plaza toros malagueta\" href=\"https:\/\/plazadetoroslamalagueta.com\/pl\/loze-vip\/\"><span class=\"w-btn-label\">Zobacz pude\u0142ka<\/span><\/a><\/div><\/div><\/div><\/div><\/div><\/section><section class=\"l-section wpb_row height_medium\"><div class=\"l-section-h i-cf\"><div class=\"g-cols vc_row via_grid cols_2 laptops-cols_inherit tablets-cols_inherit mobiles-cols_1 valign_top type_default stacking_default\"><div class=\"wpb_column vc_column_container\"><div class=\"vc_column-inner\"><div class=\"wpb_text_column\"><div class=\"wpb_wrapper\"><h2 class=\"text-text-100 mt-2 -mb-1 text-base font-bold\">Rodzaje bilet\u00f3w dost\u0119pnych w La Malagueta<\/h2>\n<p class=\"font-claude-response-body break-words whitespace-normal leading-&#091;1.7&#093;\">La Malagueta Bullring oferuje r\u00f3\u017cne rodzaje miejsc siedz\u0105cych, aby zaspokoi\u0107 wszystkie bud\u017cety i preferencje. Poni\u017cej wyja\u015bniamy r\u00f3\u017cnice mi\u0119dzy poszczeg\u00f3lnymi obszarami: <\/p>\n<ul>\n<li class=\"font-claude-response-body break-words whitespace-normal leading-&#091;1.7&#093;\"><strong>Barrera<\/strong> &#8211; miejsca najbli\u017cej areny walk byk\u00f3w, w pierwszym rz\u0119dzie. Najbardziej intensywne i najbli\u017csze do\u015bwiadczenie walki byk\u00f3w. Wy\u017csza cena i ograniczona dost\u0119pno\u015b\u0107.  <\/li>\n<li class=\"font-claude-response-body break-words whitespace-normal leading-&#091;1.7&#093;\"><strong>Contrabarrera<\/strong> &#8211; Drugi rz\u0105d ringu. Doskona\u0142e widoki z nieco wi\u0119ksz\u0105 odleg\u0142o\u015bci\u0105 od akcji. <\/li>\n<li class=\"font-claude-response-body break-words whitespace-normal leading-&#091;1.7&#093;\"><strong>Tendido sol \/ sombra \/ s\u0142o\u0144ce i cie\u0144<\/strong> &#8211; Miejsca siedz\u0105ce znajduj\u0105ce si\u0119 w po\u0142owie wysoko\u015bci trybun. G\u0142\u00f3wn\u0105 r\u00f3\u017cnic\u0105 jest ekspozycja na s\u0142o\u0144ce podczas walki byk\u00f3w. Miejsca zacienione s\u0105 bardziej po\u017c\u0105dane i dro\u017csze; miejsca s\u0142oneczne s\u0105 najbardziej ekonomiczn\u0105 opcj\u0105.  <\/li>\n<li class=\"font-claude-response-body break-words whitespace-normal leading-&#091;1.7&#093;\"><strong>Lo\u017ce VIP<\/strong> &#8211; prywatne pomieszczenia na wy\u017cszych pi\u0119trach o ograniczonej pojemno\u015bci z panoramicznym widokiem na aren\u0119 walk byk\u00f3w. Obejmuj\u0105 one ekskluzywne us\u0142ugi. Dost\u0119pne r\u00f3wnie\u017c w formacie pe\u0142nej lo\u017cy prywatnej.  <\/li>\n<li class=\"font-claude-response-body break-words whitespace-normal leading-&#091;1.7&#093;\"><strong>Trybuna g\u0142\u00f3wna<\/strong> &#8211; obszar po\u015bredni areny walk byk\u00f3w. Og\u00f3lny widok na aren\u0119 w zadaszonej przestrzeni. <\/li>\n<li><strong>Andanada<\/strong> &#8211; Najwy\u017csza cz\u0119\u015b\u0107 areny. Przegl\u0105d areny byk\u00f3w w bardziej przyst\u0119pnej cenie. <\/li>\n<\/ul>\n<blockquote class=\"ml-2 border-l-4 border-border-300\/10 pl-4 text-text-300\">\n<p class=\"font-claude-response-body break-words whitespace-normal leading-&#091;1.7&#093;\"><strong>S\u0142o\u0144ce czy cie\u0144?<\/strong> W sierpniu, przy upa\u0142ach panuj\u0105cych w Maladze, szczeg\u00f3lnie polecamy zacienione lokalizacje. Wiosn\u0105 r\u00f3\u017cnice s\u0105 mniejsze. <\/p>\n<\/blockquote>\n<\/div><\/div><\/div><\/div><div class=\"wpb_column vc_column_container\"><div class=\"vc_column-inner\"><div class=\"w-image us_custom_04570ec2 align_center\"><div class=\"w-image-h\"><img decoding=\"async\" width=\"600\" height=\"667\" src=\"https:\/\/plazadetoroslamalagueta.com\/wp-content\/uploads\/2024\/01\/Asientos-plaza-toros-malaga-1.webp\" class=\"attachment-large size-large\" alt=\"Miejsca na arenie walk byk\u00f3w La Malagueta\" loading=\"lazy\" srcset=\"https:\/\/plazadetoroslamalagueta.com\/wp-content\/uploads\/2024\/01\/Asientos-plaza-toros-malaga-1.webp 600w, https:\/\/plazadetoroslamalagueta.com\/wp-content\/uploads\/2024\/01\/Asientos-plaza-toros-malaga-1-270x300.webp 270w, https:\/\/plazadetoroslamalagueta.com\/wp-content\/uploads\/2024\/01\/Asientos-plaza-toros-malaga-1-300x334.webp 300w\" sizes=\"auto, (max-width: 600px) 100vw, 600px\" \/><\/div><\/div><\/div><\/div><\/div><\/div><\/section><section class=\"l-section wpb_row height_medium\"><div class=\"l-section-h i-cf\"><div class=\"g-cols vc_row via_grid cols_1 laptops-cols_inherit tablets-cols_inherit mobiles-cols_1 valign_middle type_default stacking_default\"><div class=\"wpb_column vc_column_container\"><div class=\"vc_column-inner\"><div class=\"w-separator size_medium\"><\/div><div class=\"g-cols wpb_row via_grid cols_1 laptops-cols_inherit tablets-cols_inherit mobiles-cols_1 valign_top type_default stacking_default\" style=\"--columns-gap:3rem;\"><div class=\"wpb_column vc_column_container\"><div class=\"vc_column-inner\"><div class=\"wpb_text_column\"><div class=\"wpb_wrapper\"><h3 class=\"text-text-100 mt-2 -mb-1 text-base font-bold\">Targi walk byk\u00f3w w Maladze 2026 &#8211; Feria de Agosto (targi sierpniowe)<\/h3>\n<p class=\"font-claude-response-body break-words whitespace-normal leading-&#091;1.7&#093;\">Bilety na Feria de Agosto 2026 b\u0119d\u0105 dost\u0119pne wkr\u00f3tce. Zapisz si\u0119 do naszego newslettera, aby otrzymywa\u0107 powiadomienia, gdy tylko bilety trafi\u0105 do sprzeda\u017cy. <\/p>\n<\/div><\/div><\/div><\/div><\/div><div class=\"w-separator size_medium\"><\/div><div class=\"wpb_text_column\"><div class=\"wpb_wrapper\"><p class=\"font-claude-response-body break-words whitespace-normal leading-&#091;1.7&#093;\"><strong>Malaga Bullfighting Fair<\/strong> to jedno z najbardziej wyczekiwanych wydarze\u0144 roku na Costa del Sol i wydarzenie, kt\u00f3rego nie mog\u0105 przegapi\u0107 entuzja\u015bci walk byk\u00f3w z ca\u0142ej Hiszpanii. Odbywa si\u0119 co roku w sierpniu &#8211; zwykle mi\u0119dzy 13 a 23 &#8211; na Plaza de Toros La Malagueta, zbiegaj\u0105c si\u0119 w czasie z Feria de M\u00e1laga. <\/p>\n<p class=\"font-claude-response-body break-words whitespace-normal leading-&#091;1.7&#093;\">Podczas targ\u00f3w miasto prze\u017cywa tydzie\u0144 pasji walki byk\u00f3w z najlepszymi gwiazdami i bykami z najbardziej presti\u017cowych rancz w Hiszpanii. Walki byk\u00f3w podczas Feria de Agosto w Maladze przyci\u0105gaj\u0105 fan\u00f3w z ca\u0142ego \u015bwiata i stanowi\u0105 jedno z najwa\u017cniejszych wydarze\u0144 w Andaluzji. <\/p>\n<p>Podczas dni targowych Malaga t\u0119tni \u017cyciem i pasj\u0105 do walk byk\u00f3w. Ulice zdobi\u0105 dekoracje nawi\u0105zuj\u0105ce do walk byk\u00f3w, a bary i restauracje oferuj\u0105 szeroki wyb\u00f3r tapas i typowych da\u0144, kt\u00f3rymi mo\u017cna delektowa\u0107 si\u0119 przed lub po walkach byk\u00f3w. Miasto staje si\u0119 oaz\u0105 aktywno\u015bci, a fani przybywaj\u0105 z daleka, by ogl\u0105da\u0107 walki byk\u00f3w i do\u015bwiadcza\u0107 emocji na \u017cywo. Przez ca\u0142y tydzie\u0144 zar\u00f3wno obiecuj\u0105cy m\u0142odzi torreadorzy, jak i znani torreadorzy b\u0119d\u0105 starali si\u0119 osi\u0105gn\u0105\u0107 chwa\u0142\u0119 i opu\u015bci\u0107 aren\u0119 walk byk\u00f3w przez g\u0142\u00f3wn\u0105 bram\u0119 po stawieniu czo\u0142a dzielnym bykom z najlepszych rancz hodowli byk\u00f3w w Hiszpanii.<\/p>\n<\/div><\/div><\/div><\/div><\/div><\/div><\/section><section class=\"l-section wpb_row height_medium\"><div class=\"l-section-h i-cf\"><div class=\"g-cols vc_row via_grid cols_1 laptops-cols_inherit tablets-cols_inherit mobiles-cols_1 valign_top type_default stacking_default\"><div class=\"wpb_column vc_column_container\"><div class=\"vc_column-inner\"><div class=\"w-separator size_medium\"><\/div><div class=\"w-gallery fit_cover type_metro_1 ratio_1x1 count_3\" style=\"--columns:4;--items-gap:10px;\"><div class=\"w-gallery-list\"><div class=\"w-gallery-item\"><div class=\"w-gallery-item-img\"><img loading=\"lazy\" decoding=\"async\" width=\"1024\" height=\"576\" src=\"https:\/\/plazadetoroslamalagueta.com\/wp-content\/uploads\/2026\/01\/Corrida-Picassiana-2026-en-Malaga-1024x576.jpg\" class=\"attachment-large size-large\" alt=\"Corrida Picassiana 2026 w Maladze\" srcset=\"https:\/\/plazadetoroslamalagueta.com\/wp-content\/uploads\/2026\/01\/Corrida-Picassiana-2026-en-Malaga-1024x576.jpg 1024w, https:\/\/plazadetoroslamalagueta.com\/wp-content\/uploads\/2026\/01\/Corrida-Picassiana-2026-en-Malaga-300x169.jpg 300w, https:\/\/plazadetoroslamalagueta.com\/wp-content\/uploads\/2026\/01\/Corrida-Picassiana-2026-en-Malaga.jpg 1920w\" sizes=\"auto, (max-width: 1024px) 100vw, 1024px\" \/><\/div><\/div><div class=\"w-gallery-item\"><div class=\"w-gallery-item-img\"><img loading=\"lazy\" decoding=\"async\" width=\"1024\" height=\"576\" src=\"https:\/\/plazadetoroslamalagueta.com\/wp-content\/uploads\/2024\/07\/Manual-1024x576.webp\" class=\"attachment-large size-large\" alt=\"\" srcset=\"https:\/\/plazadetoroslamalagueta.com\/wp-content\/uploads\/2024\/07\/Manual-1024x576.webp 1024w, https:\/\/plazadetoroslamalagueta.com\/wp-content\/uploads\/2024\/07\/Manual-300x169.webp 300w, https:\/\/plazadetoroslamalagueta.com\/wp-content\/uploads\/2024\/07\/Manual.webp 1200w\" sizes=\"auto, (max-width: 1024px) 100vw, 1024px\" \/><\/div><\/div><div class=\"w-gallery-item\"><div class=\"w-gallery-item-img\"><img loading=\"lazy\" decoding=\"async\" width=\"500\" height=\"556\" src=\"https:\/\/plazadetoroslamalagueta.com\/wp-content\/uploads\/2024\/01\/feria-taurina-malaga.webp\" class=\"attachment-large size-large\" alt=\"feria toros en malaga\" srcset=\"https:\/\/plazadetoroslamalagueta.com\/wp-content\/uploads\/2024\/01\/feria-taurina-malaga.webp 500w, https:\/\/plazadetoroslamalagueta.com\/wp-content\/uploads\/2024\/01\/feria-taurina-malaga-270x300.webp 270w, https:\/\/plazadetoroslamalagueta.com\/wp-content\/uploads\/2024\/01\/feria-taurina-malaga-300x334.webp 300w\" sizes=\"auto, (max-width: 500px) 100vw, 500px\" \/><\/div><\/div><\/div><\/div><\/div><\/div><\/div><\/div><\/section><section class=\"l-section wpb_row height_medium\"><div class=\"l-section-h i-cf\"><div class=\"g-cols vc_row via_grid cols_1 laptops-cols_inherit tablets-cols_inherit mobiles-cols_1 valign_top type_default stacking_default\"><div class=\"wpb_column vc_column_container\"><div class=\"vc_column-inner\"><div class=\"wpb_text_column\"><div class=\"wpb_wrapper\"><h2>Najcz\u0119\u015bciej zadawane pytania dotycz\u0105ce bilet\u00f3w na walki byk\u00f3w w Maladze<\/h2>\n<\/div><\/div><div class=\"w-tabs style_default switch_click accordion has_scrolling\" style=\"--sections-title-size:inherit\"><div class=\"w-tabs-sections titles-align_none icon_chevron cpos_right\"><div class=\"w-tabs-section\" id=\"c050\"><button class=\"w-tabs-section-header\" aria-controls=\"content-c050\" aria-expanded=\"false\"><div class=\"w-tabs-section-title\">Jak kupi\u0107 bilety na walk\u0119 byk\u00f3w w Picassiana?<\/div><div class=\"w-tabs-section-control\"><\/div><\/button><div  class=\"w-tabs-section-content\" id=\"content-c050\"><div class=\"w-tabs-section-content-h i-cf\"><div class=\"wpb_text_column\"><div class=\"wpb_wrapper\"><p>Mo\u017cesz kupi\u0107 bilety online bezpo\u015brednio z tej strony, szybko i bezpiecznie. Wybierz wydarzenie, miejsce i dokonaj p\u0142atno\u015bci. Na kilka dni przed wydarzeniem otrzymasz wiadomo\u015b\u0107 e-mail z potwierdzeniem oraz bilety w formacie PDF gotowe do u\u017cycia.  <\/p>\n<p>Zalecamy zakup bilet\u00f3w z wyprzedzeniem, poniewa\u017c s\u0105 to bardzo popularne wydarzenia w Maladze.<\/p>\n<\/div><\/div><\/div><\/div><\/div><div class=\"w-tabs-section\" id=\"k199\"><button class=\"w-tabs-section-header\" aria-controls=\"content-k199\" aria-expanded=\"false\"><div class=\"w-tabs-section-title\">Czy kupowanie bilet\u00f3w online jest bezpieczne?<\/div><div class=\"w-tabs-section-control\"><\/div><\/button><div  class=\"w-tabs-section-content\" id=\"content-k199\"><div class=\"w-tabs-section-content-h i-cf\"><div class=\"wpb_text_column\"><div class=\"wpb_wrapper\"><p>Tak, zakup online za po\u015brednictwem naszej strony internetowej jest ca\u0142kowicie bezpieczny. Korzystamy z certyfikowanych bramek p\u0142atniczych, a bilety otrzymasz w formacie elektronicznym, umo\u017cliwiaj\u0105cym bezpo\u015bredni dost\u0119p do miejsca siedz\u0105cego.<\/p>\n<\/div><\/div><\/div><\/div><\/div><div class=\"w-tabs-section\" id=\"w2fe\"><button class=\"w-tabs-section-header\" aria-controls=\"content-w2fe\" aria-expanded=\"false\"><div class=\"w-tabs-section-title\">Ile kosztuj\u0105 bilety na walki byk\u00f3w w Maladze?<\/div><div class=\"w-tabs-section-control\"><\/div><\/button><div  class=\"w-tabs-section-content\" id=\"content-w2fe\"><div class=\"w-tabs-section-content-h i-cf\"><div class=\"wpb_text_column\"><div class=\"wpb_wrapper\"><p><strong><span data-sheets-root=\"1\" data-sheets-value=\"{\"1\":2,\"2\":\"cuanto cuesta una entrada a los toros\"}\" data-sheets-userformat=\"{\"2\":4224,\"10\":2,\"15\":\"Arial\"}\">Chcesz wiedzie\u0107, ile kosztuje bilet na walk\u0119 byk\u00f3w?  <\/span><\/strong>Ceny r\u00f3\u017cni\u0105 si\u0119 w zale\u017cno\u015bci od miejsca i wydarzenia. Na Corrida Picassiana 2026 bilety kosztuj\u0105 od 20 euro (miejsca siedz\u0105ce) do 150 euro (bariera cieni) lub 350 euro za bilet VIP. Prywatne lo\u017ce VIP mo\u017cna zarezerwowa\u0107 od 3000 euro. Jest to jedno z najbardziej przyst\u0119pnych cenowo wydarze\u0144 kulturalnych w Maladze. Aby sprawdzi\u0107 dok\u0142adn\u0105 cen\u0119, wybierz wydarzenie walki byk\u00f3w, w kt\u00f3rym chcesz uczestniczy\u0107 i wybierz \u017c\u0105dane miejsce, aby pozna\u0107 cen\u0119.<\/p>\n<\/div><\/div><\/div><\/div><\/div><div class=\"w-tabs-section\" id=\"u444\"><button class=\"w-tabs-section-header\" aria-controls=\"content-u444\" aria-expanded=\"false\"><div class=\"w-tabs-section-title\">Czy mog\u0119 wybra\u0107 miejsce?<\/div><div class=\"w-tabs-section-control\"><\/div><\/button><div  class=\"w-tabs-section-content\" id=\"content-u444\"><div class=\"w-tabs-section-content-h i-cf\"><div class=\"wpb_text_column\"><div class=\"wpb_wrapper\"><div>W fazie rezerwacji przed otwarciem kas mo\u017cna wybra\u0107 stref\u0119 (cie\u0144, s\u0142o\u0144ce, s\u0142o\u0144ce i cie\u0144) oraz rodzaj miejsca. Po otwarciu og\u00f3lnej sprzeda\u017cy b\u0119dzie mo\u017cna wybra\u0107 dok\u0142adne miejsce w zale\u017cno\u015bci od dost\u0119pno\u015bci. <\/div>\n<div><\/div>\n<\/div><\/div><\/div><\/div><\/div><div class=\"w-tabs-section\" id=\"j57f\"><button class=\"w-tabs-section-header\" aria-controls=\"content-j57f\" aria-expanded=\"false\"><div class=\"w-tabs-section-title\">Jaka jest r\u00f3\u017cnica mi\u0119dzy s\u0142o\u0144cem a cieniem?<\/div><div class=\"w-tabs-section-control\"><\/div><\/button><div  class=\"w-tabs-section-content\" id=\"content-j57f\"><div class=\"w-tabs-section-content-h i-cf\"><div class=\"wpb_text_column\"><div class=\"wpb_wrapper\"><p>G\u0142\u00f3wn\u0105 r\u00f3\u017cnic\u0105 jest ekspozycja na s\u0142o\u0144ce podczas festiwalu. Miejsca zacienione s\u0105 bardziej poszukiwane i dro\u017csze.<\/p>\n<\/div><\/div><\/div><\/div><\/div><div class=\"w-tabs-section\" id=\"k6d6\"><button class=\"w-tabs-section-header\" aria-controls=\"content-k6d6\" aria-expanded=\"false\"><div class=\"w-tabs-section-title\">Jak d\u0142ugo trwa walka byk\u00f3w?<\/div><div class=\"w-tabs-section-control\"><\/div><\/button><div  class=\"w-tabs-section-content\" id=\"content-k6d6\"><div class=\"w-tabs-section-content-h i-cf\"><div class=\"wpb_text_column\"><div class=\"wpb_wrapper\"><p>Walka byk\u00f3w trwa oko\u0142o<strong> 2 do 2,5 godziny.<\/strong> Zazwyczaj trzech matador\u00f3w walczy z dwoma bykami ka\u017cdy. Czasami format mo\u017ce by\u0107 &#8222;mano a mano&#8221; (dw\u00f3ch matador\u00f3w, po trzy byki ka\u017cdy) lub nawet pojedynczy matador walcz\u0105cy z sze\u015bcioma bykami, cho\u0107 jest to wyj\u0105tkowe.<\/p>\n<\/div><\/div><\/div><\/div><\/div><div class=\"w-tabs-section\" id=\"v80e\"><button class=\"w-tabs-section-header\" aria-controls=\"content-v80e\" aria-expanded=\"false\"><div class=\"w-tabs-section-title\">Jakie rodzaje walk byk\u00f3w odbywaj\u0105 si\u0119 w Maladze?<\/div><div class=\"w-tabs-section-control\"><\/div><\/button><div  class=\"w-tabs-section-content\" id=\"content-v80e\"><div class=\"w-tabs-section-content-h i-cf\"><div class=\"wpb_text_column\"><div class=\"wpb_wrapper\"><p>W La Malagueta mo\u017cna podziwia\u0107 r\u00f3\u017cne uroczysto\u015bci: walki byk\u00f3w (klasyczny format), walki byk\u00f3w z bykami na koniach, novilladas (z m\u0142odymi bykami i novilleros) oraz specjalne walki byk\u00f3w, takie jak<strong> Picassiana<\/strong> lub Goyesca, z unikalnymi scenografiami tematycznymi.<\/p>\n<\/div><\/div><\/div><\/div><\/div><div class=\"w-tabs-section\" id=\"p93f\"><button class=\"w-tabs-section-header\" aria-controls=\"content-p93f\" aria-expanded=\"false\"><div class=\"w-tabs-section-title\">Czym jest Corrida Picassiana?<\/div><div class=\"w-tabs-section-control\"><\/div><\/button><div  class=\"w-tabs-section-content\" id=\"content-p93f\"><div class=\"w-tabs-section-content-h i-cf\"><div class=\"wpb_text_column\"><div class=\"wpb_wrapper\"><p>Jest to specjalne wydarzenie inspirowane tw\u00f3rczo\u015bci\u0105 <strong data-start=\"1399\" data-end=\"1440\"><span class=\"hover:entity-accent entity-underline inline cursor-pointer align-baseline\"><span class=\"whitespace-normal\">Pabla Picassa<\/span><\/span><\/strong>Jest to specjalne wydarzenie inspirowane tw\u00f3rczo\u015bci\u0105 Pabla Picassa, z wyj\u0105tkow\u0105 scenografi\u0105 artystyczn\u0105, kt\u00f3ra oddaje ho\u0142d malarzowi z Malagi i kt\u00f3ra jest realizowana przez artyst\u0119 odpowiedzialnego za plakat walki byk\u00f3w. W tym roku jest nim Jacob Vilat\u00f3, prawnuk Picassa.<\/p>\n<\/div><\/div><\/div><\/div><\/div><div class=\"w-tabs-section\" id=\"sa7b\"><button class=\"w-tabs-section-header\" aria-controls=\"content-sa7b\" aria-expanded=\"false\"><div class=\"w-tabs-section-title\">Kiedy odbywa si\u0119 Corrida Picassiana?<\/div><div class=\"w-tabs-section-control\"><\/div><\/button><div  class=\"w-tabs-section-content\" id=\"content-sa7b\"><div class=\"w-tabs-section-content-h i-cf\"><div class=\"wpb_text_column\"><div class=\"wpb_wrapper\"><p>W tym roku Corrida Picassiana odb\u0119dzie si\u0119 w sobot\u0119 4 kwietnia o godzinie 18:00 w Maladze.<\/p>\n<\/div><\/div><\/div><\/div><\/div><div class=\"w-tabs-section\" id=\"zb8c\"><button class=\"w-tabs-section-header\" aria-controls=\"content-zb8c\" aria-expanded=\"false\"><div class=\"w-tabs-section-title\">Kiedy odbywaj\u0105 si\u0119 walki byk\u00f3w w Maladze?<\/div><div class=\"w-tabs-section-control\"><\/div><\/button><div  class=\"w-tabs-section-content\" id=\"content-zb8c\"><div class=\"w-tabs-section-content-h i-cf\"><div class=\"wpb_text_column\"><div class=\"wpb_wrapper\"><p>Feria de Agosto w Maladze odbywa si\u0119 zwykle mi\u0119dzy 13 a 23 sierpnia, zbiegaj\u0105c si\u0119 w czasie z miejskimi uroczysto\u015bciami.<\/p>\n<\/div><\/div><\/div><\/div><\/div><div class=\"w-tabs-section\" id=\"nc9e\"><button class=\"w-tabs-section-header\" aria-controls=\"content-nc9e\" aria-expanded=\"false\"><div class=\"w-tabs-section-title\">Czy dost\u0119pne s\u0105 bilety dla dzieci?<\/div><div class=\"w-tabs-section-control\"><\/div><\/button><div  class=\"w-tabs-section-content\" id=\"content-nc9e\"><div class=\"w-tabs-section-content-h i-cf\"><div class=\"wpb_text_column\"><div class=\"wpb_wrapper\"><p>Nie ma bilet\u00f3w dla dzieci: cena jest taka sama niezale\u017cnie od wieku. Dzieci poni\u017cej 5. roku \u017cycia mog\u0105 siedzie\u0107 na kolanach rodzic\u00f3w, cho\u0107 nale\u017cy pami\u0119ta\u0107, \u017ce siedzenia w torach s\u0105 w\u0105skie.<\/p>\n<\/div><\/div><\/div><\/div><\/div><div class=\"w-tabs-section\" id=\"ldde\"><button class=\"w-tabs-section-header\" aria-controls=\"content-ldde\" aria-expanded=\"false\"><div class=\"w-tabs-section-title\">Czy bilety mo\u017cna zwr\u00f3ci\u0107?<\/div><div class=\"w-tabs-section-control\"><\/div><\/button><div  class=\"w-tabs-section-content\" id=\"content-ldde\"><div class=\"w-tabs-section-content-h i-cf\"><div class=\"wpb_text_column\"><div class=\"wpb_wrapper\"><p>Oferujemy wygodny, szybki i bezpieczny spos\u00f3b zakupu bilet\u00f3w, dzia\u0142aj\u0105c jako dystrybutorzy i po\u015brednicy mi\u0119dzy naszymi klientami a promotorami, z kt\u00f3rymi wsp\u00f3\u0142pracujemy.<\/p>\n<p>Bilety nie podlegaj\u0105 zwrotowi ani wymianie, z wyj\u0105tkiem oficjalnego odwo\u0142ania wydarzenia. Zalecamy sprawdzenie danych przed sfinalizowaniem zakupu.<\/p>\n<\/div><\/div><\/div><\/div><\/div><\/div><\/div><\/div><\/div><\/div><\/div><\/section><section class=\"l-section wpb_row height_medium\"><div class=\"l-section-h i-cf\"><div class=\"g-cols vc_row via_grid cols_1 laptops-cols_inherit tablets-cols_inherit mobiles-cols_1 valign_top type_default stacking_default\"><div class=\"wpb_column vc_column_container\"><div class=\"vc_column-inner\"><div class=\"wpb_text_column\"><div class=\"wpb_wrapper\"><h2>Rodzaje walk byk\u00f3w w Maladze<\/h2>\n<p>W Maladze odbywaj\u0105 si\u0119 r\u00f3\u017cne rodzaje walk byk\u00f3w, kt\u00f3re widzowie mog\u0105 podziwia\u0107. Poni\u017cej przedstawiamy niekt\u00f3re z najpopularniejszych rodzaj\u00f3w walk byk\u00f3w: <\/p>\n<ol>\n<li>Walka <strong>byk\u00f3w:<\/strong> Jest to najpopularniejszy rodzaj walki byk\u00f3w i ten, kt\u00f3ry jest powszechnie kojarzony z t\u0105 tradycj\u0105. Sk\u0142ada si\u0119 z konfrontacji mi\u0119dzy torreadorem a kilkoma walcz\u0105cymi bykami. Walka byk\u00f3w podzielona jest na r\u00f3\u017cne cz\u0119\u015bci, takie jak &#8222;tercio de varas&#8221;, &#8222;tercio de banderillas&#8221; i &#8222;tercio de muerte&#8221;. Celem jest zademonstrowanie przez torreadora swoich umiej\u0119tno\u015bci i odwagi w walce i konfrontacji z bykiem.   <\/li>\n<li><strong>Goyesque bullfight<\/strong>: Jest to walka byk\u00f3w charakteryzuj\u0105ca si\u0119 kostiumami i atmosfer\u0105 inspirowan\u0105 XVIII wiekiem, przywo\u0142uj\u0105ca na my\u015bl posta\u0107 malarza Francisco de Goi. Walcz\u0105cy z bykami nosz\u0105 zabytkowe kostiumy, a arena jest udekorowana w tradycyjny spos\u00f3b, aby odtworzy\u0107 historyczn\u0105 atmosfer\u0119. <\/li>\n<li><strong>Corrida de rejones:<\/strong> W tym typie walki byk\u00f3w, zawodnicy znani jako rejoneadores, je\u017cd\u017c\u0105 konno i u\u017cywaj\u0105 specjalnych lanc do walki z bykiem. Rejoneadores wykazuj\u0105 si\u0119 umiej\u0119tno\u015bci\u0105 omijania byka i wykonywania spektakularnych ruch\u00f3w je\u017adzieckich. <\/li>\n<li><strong>Novillada<\/strong>: Walka byk\u00f3w, w kt\u00f3rej bior\u0105 udzia\u0142 m\u0142ode byki, zwane novillos, kt\u00f3re nie osi\u0105gn\u0119\u0142y jeszcze pe\u0142nego rozwoju. W tych walkach byk\u00f3w novilleros maj\u0105 okazj\u0119 pokaza\u0107 swoje umiej\u0119tno\u015bci i post\u0119py w karierze walki byk\u00f3w. <\/li>\n<\/ol>\n<\/div><\/div><\/div><\/div><\/div><\/div><\/section><section class=\"l-section wpb_row height_medium\"><div class=\"l-section-h i-cf\"><div class=\"g-cols vc_row via_grid cols_1 laptops-cols_inherit tablets-cols_inherit mobiles-cols_1 valign_top type_default stacking_default\"><div class=\"wpb_column vc_column_container\"><div class=\"vc_column-inner\"><div class=\"wpb_text_column\"><div class=\"wpb_wrapper\"><h2 class=\"font-claude-response-body break-words whitespace-normal leading-&#091;1.7&#093;\">Plaza de Toros La Malagueta &#8211; jak si\u0119 tam dosta\u0107<\/h2>\n<p class=\"font-claude-response-body break-words whitespace-normal leading-&#091;1.7&#093;\">La Malagueta Bullring znajduje si\u0119 w uprzywilejowanej lokalizacji w samym centrum Malagi, obok Paseo de Reding i zaledwie kilka minut spacerem od Muelle Uno i Paseo Mar\u00edtimo.<\/p>\n<ul class=\"&#091;li_&amp;&#093;:mb-0 &#091;li_&amp;&#093;:mt-1 &#091;li_&amp;&#093;:gap-1 &#091;&amp;:not(:last-child)_ul&#093;:pb-1 &#091;&amp;:not(:last-child)_ol&#093;:pb-1 list-disc flex flex-col gap-1 pl-8 mb-3\">\n<li class=\"whitespace-normal break-words pl-2\"><strong>Adres:<\/strong> Paseo de Reding, 8, 29016 M\u00e1laga<\/li>\n<li class=\"whitespace-normal break-words pl-2\"><strong>Autobus:<\/strong> linie miejskie z przystankiem w pobli\u017cu Paseo de Reding<\/li>\n<li class=\"whitespace-normal break-words pl-2\"><strong>Parking:<\/strong> dost\u0119pny w pobli\u017cu (parking podziemny przy Paseo de Reding).<\/li>\n<li class=\"whitespace-normal break-words pl-2\"><strong>Pieszo:<\/strong> 15 minut od historycznego centrum Malagi<\/li>\n<\/ul>\n<\/div><\/div><\/div><\/div><\/div><\/div><\/section><section class=\"l-section wpb_row height_medium\" id=\"reserva\"><div class=\"l-section-h i-cf\"><div class=\"g-cols vc_row via_grid cols_1 laptops-cols_inherit tablets-cols_inherit mobiles-cols_1 valign_top type_default stacking_default\"><div class=\"wpb_column vc_column_container\"><div class=\"vc_column-inner\"><div class=\"wpb_text_column\"><div class=\"wpb_wrapper\"><h2 style=\"text-align: center;\">Zarezerwuj bilety<\/h2>\n<p style=\"text-align: center;\">Zostaw nam swoje dane kontaktowe, a my b\u0119dziemy Ci\u0119 informowa\u0107 o kolejnych walkach byk\u00f3w w Maladze.<\/p>\n<\/div><\/div><div class=\"w-separator size_medium\"><\/div>\n<div class=\"wpcf7 no-js\" id=\"wpcf7-f8043-o1\" lang=\"es-ES\" dir=\"ltr\" data-wpcf7-id=\"8043\">\n<div class=\"screen-reader-response\"><p role=\"status\" aria-live=\"polite\" aria-atomic=\"true\"><\/p> <ul><\/ul><\/div>\n<form action=\"\/pl\/wp-json\/wp\/v2\/pages\/35313#wpcf7-f8043-o1\" method=\"post\" class=\"wpcf7-form init\" aria-label=\"Formulario de contacto\" novalidate=\"novalidate\" data-status=\"init\">\n<fieldset class=\"hidden-fields-container\"><input type=\"hidden\" name=\"_wpcf7\" value=\"8043\" \/><input type=\"hidden\" name=\"_wpcf7_version\" value=\"6.1.5\" \/><input type=\"hidden\" name=\"_wpcf7_locale\" value=\"es_ES\" \/><input type=\"hidden\" name=\"_wpcf7_unit_tag\" value=\"wpcf7-f8043-o1\" \/><input type=\"hidden\" name=\"_wpcf7_container_post\" value=\"0\" \/><input type=\"hidden\" name=\"_wpcf7_posted_data_hash\" value=\"\" \/>\n<\/fieldset>\n<p><label> Nombre - name<br \/>\n<span class=\"wpcf7-form-control-wrap\" data-name=\"your-name\"><input size=\"40\" maxlength=\"400\" class=\"wpcf7-form-control wpcf7-text wpcf7-validates-as-required\" autocomplete=\"name\" aria-required=\"true\" aria-invalid=\"false\" value=\"\" type=\"text\" name=\"your-name\" \/><\/span> <\/label>\n<\/p>\n<p><label> Email<br \/>\n<span class=\"wpcf7-form-control-wrap\" data-name=\"your-email\"><input size=\"40\" maxlength=\"400\" class=\"wpcf7-form-control wpcf7-email wpcf7-validates-as-required wpcf7-text wpcf7-validates-as-email\" autocomplete=\"email\" aria-required=\"true\" aria-invalid=\"false\" value=\"\" type=\"email\" name=\"your-email\" \/><\/span> <\/label>\n<\/p>\n<p><label> Idioma - Language<br \/>\n<span class=\"wpcf7-form-control-wrap\" data-name=\"menu-273\"><select class=\"wpcf7-form-control wpcf7-select\" aria-invalid=\"false\" name=\"menu-273\"><option value=\"Espa\u00f1ol\">Espa\u00f1ol<\/option><option value=\"Ingles\">Ingles<\/option><option value=\"Frances\">Frances<\/option><\/select><\/span><br \/>\n<span class=\"wpcf7-form-control-wrap\" data-name=\"Privacidad\"><span class=\"wpcf7-form-control wpcf7-acceptance\"><span class=\"wpcf7-list-item\"><label><input type=\"checkbox\" name=\"Privacidad\" value=\"1\" aria-invalid=\"false\" \/><span class=\"wpcf7-list-item-label\">He le\u00eddo y acepto la <a href=\"\/politica-de-privacidad\">Pol\u00edtica de Privacidad<\/a><\/span><\/label><\/span><\/span><\/span><br \/>\n<div class=\"cf7-cf-turnstile\" style=\"margin-top: 0px; margin-bottom: -15px;\"> <div id=\"cf-turnstile-cf7-2556757779\" class=\"cf-turnstile\" data-sitekey=\"0x4AAAAAAARSwWf_58rz0HO0\" data-theme=\"light\" data-language=\"auto\" data-size=\"normal\" data-retry=\"auto\" data-retry-interval=\"1000\" data-refresh-expired=\"auto\" data-refresh-timeout=\"auto\" data-action=\"contact-form-7\" data-callback=\"turnstileCF7Callback\" data-appearance=\"always\"><\/div> <script>document.addEventListener(\"DOMContentLoaded\", function() { setTimeout(function(){ var e=document.getElementById(\"cf-turnstile-cf7-2556757779\"); if(e&&!e.innerHTML.trim()){turnstile.render(e, {sitekey:\"0x4AAAAAAARSwWf_58rz0HO0\"});} }, 200); });<\/script> <br class=\"cf-turnstile-br cf-turnstile-br-cf7-2556757779\"> <style>#cf-turnstile-cf7-2556757779 { margin-left: -15px; }<\/style> <script>document.addEventListener(\"DOMContentLoaded\",function(){document.querySelectorAll('.wpcf7-form').forEach(function(e){e.addEventListener('submit',function(){if(document.getElementById('cf-turnstile-cf7-2556757779')){setTimeout(function(){turnstile.reset('#cf-turnstile-cf7-2556757779');},1000)}})})});<\/script> <\/div><br\/><input class=\"wpcf7-form-control wpcf7-submit has-spinner\" type=\"submit\" value=\"Enviar\" \/><\/label>\n<\/p><div class=\"wpcf7-response-output\" aria-hidden=\"true\"><\/div>\n<\/form>\n<\/div>\n<\/div><\/div><\/div><\/div><\/section>\n","protected":false},"excerpt":{"rendered":"Bilety na walki byk\u00f3w w Maladze 2026 Tutaj znajdziesz wszystkie aktualne informacje na temat walk byk\u00f3w w Maladze w 2026 roku: daty, harmonogramy, oficjalne plakaty i sprzeda\u017c bilet\u00f3w online na walki byk\u00f3w w sezonie na arenie La Malagueta. Kup bilety szybko, bezpiecznie i bezpo\u015brednio z oficjalnej strony internetowej. Zarezerwuj biletyWalki byk\u00f3w 2026 Bullring of Marbella...","protected":false},"author":4,"featured_media":0,"parent":0,"menu_order":0,"comment_status":"closed","ping_status":"closed","template":"","meta":{"footnotes":""},"class_list":["post-35313","page","type-page","status-publish","hentry"],"yoast_head":"<!-- This site is optimized with the Yoast SEO plugin v27.5 - https:\/\/yoast.com\/product\/yoast-seo-wordpress\/ -->\n<title>Bilety na walki byk\u00f3w Malaga 2026: Arena walk byk\u00f3w La Malagueta<\/title>\n<meta name=\"description\" content=\"Kup bilety na walki byk\u00f3w w Maladze 2026. Barrera, miejsca w lo\u017cy, lo\u017ca VIP na Plaza de Toros La Malagueta. Od 16,50 \u20ac Zarezerwuj teraz!\" \/>\n<meta name=\"robots\" content=\"index, follow, max-snippet:-1, max-image-preview:large, max-video-preview:-1\" \/>\n<link rel=\"canonical\" href=\"https:\/\/plazadetoroslamalagueta.com\/pl\/bilety-na-walke-bykow-w-maladze\/\" \/>\n<meta property=\"og:locale\" content=\"pl_PL\" \/>\n<meta property=\"og:type\" content=\"article\" \/>\n<meta property=\"og:title\" content=\"Bilety na walki byk\u00f3w Malaga 2026: Arena walk byk\u00f3w La Malagueta\" \/>\n<meta property=\"og:description\" content=\"Kup bilety na walki byk\u00f3w w Maladze 2026. Barrera, miejsca w lo\u017cy, lo\u017ca VIP na Plaza de Toros La Malagueta. Od 16,50 \u20ac Zarezerwuj teraz!\" \/>\n<meta property=\"og:url\" content=\"https:\/\/plazadetoroslamalagueta.com\/pl\/bilety-na-walke-bykow-w-maladze\/\" \/>\n<meta property=\"og:site_name\" content=\"Plaza de Toros La Malagueta\" \/>\n<meta property=\"article:modified_time\" content=\"2026-04-21T08:52:44+00:00\" \/>\n<meta property=\"og:image\" content=\"https:\/\/plazadetoroslamalagueta.com\/wp-content\/uploads\/2023\/03\/Diseno-sin-titulo.jpeg\" \/>\n\t<meta property=\"og:image:width\" content=\"1200\" \/>\n\t<meta property=\"og:image:height\" content=\"675\" \/>\n\t<meta property=\"og:image:type\" content=\"image\/jpeg\" \/>\n<meta name=\"twitter:card\" content=\"summary_large_image\" \/>\n<meta name=\"twitter:label1\" content=\"Szacowany czas czytania\" \/>\n\t<meta name=\"twitter:data1\" content=\"9 minut\" \/>\n<script type=\"application\/ld+json\" class=\"yoast-schema-graph\">{\"@context\":\"https:\\\/\\\/schema.org\",\"@graph\":[{\"@type\":\"WebPage\",\"@id\":\"https:\\\/\\\/plazadetoroslamalagueta.com\\\/pl\\\/bilety-na-walke-bykow-w-maladze\\\/\",\"url\":\"https:\\\/\\\/plazadetoroslamalagueta.com\\\/pl\\\/bilety-na-walke-bykow-w-maladze\\\/\",\"name\":\"Bilety na walki byk\u00f3w Malaga 2026: Arena walk byk\u00f3w La Malagueta\",\"isPartOf\":{\"@id\":\"https:\\\/\\\/plazadetoroslamalagueta.com\\\/pl\\\/#website\"},\"datePublished\":\"2020-08-24T10:10:18+00:00\",\"dateModified\":\"2026-04-21T08:52:44+00:00\",\"description\":\"Kup bilety na walki byk\u00f3w w Maladze 2026. Barrera, miejsca w lo\u017cy, lo\u017ca VIP na Plaza de Toros La Malagueta. Od 16,50 \u20ac Zarezerwuj teraz!\",\"breadcrumb\":{\"@id\":\"https:\\\/\\\/plazadetoroslamalagueta.com\\\/pl\\\/bilety-na-walke-bykow-w-maladze\\\/#breadcrumb\"},\"inLanguage\":\"pl-PL\",\"potentialAction\":[{\"@type\":\"ReadAction\",\"target\":[\"https:\\\/\\\/plazadetoroslamalagueta.com\\\/pl\\\/bilety-na-walke-bykow-w-maladze\\\/\"]}]},{\"@type\":\"BreadcrumbList\",\"@id\":\"https:\\\/\\\/plazadetoroslamalagueta.com\\\/pl\\\/bilety-na-walke-bykow-w-maladze\\\/#breadcrumb\",\"itemListElement\":[{\"@type\":\"ListItem\",\"position\":1,\"name\":\"Strona g\u0142\u00f3wna\",\"item\":\"https:\\\/\\\/plazadetoroslamalagueta.com\\\/pl\\\/\"},{\"@type\":\"ListItem\",\"position\":2,\"name\":\"Bilety na walk\u0119 byk\u00f3w w Maladze\"}]},{\"@type\":\"WebSite\",\"@id\":\"https:\\\/\\\/plazadetoroslamalagueta.com\\\/pl\\\/#website\",\"url\":\"https:\\\/\\\/plazadetoroslamalagueta.com\\\/pl\\\/\",\"name\":\"Plaza de Toros de la Malagueta\",\"description\":\"La Plaza de Toros de M\u00e1laga, de nombre La Malagueta, es un edificio reconocido Bien de Inter\u00e9s Cultural, que ofrece visitas tur\u00edsticas y corridas de toros y otros tipos de espect\u00e1culo durante todo el a\u00f1o.\",\"publisher\":{\"@id\":\"https:\\\/\\\/plazadetoroslamalagueta.com\\\/pl\\\/#organization\"},\"alternateName\":\"Plaza de Toros M\u00e1laga\",\"potentialAction\":[{\"@type\":\"SearchAction\",\"target\":{\"@type\":\"EntryPoint\",\"urlTemplate\":\"https:\\\/\\\/plazadetoroslamalagueta.com\\\/pl\\\/?s={search_term_string}\"},\"query-input\":{\"@type\":\"PropertyValueSpecification\",\"valueRequired\":true,\"valueName\":\"search_term_string\"}}],\"inLanguage\":\"pl-PL\"},{\"@type\":\"Organization\",\"@id\":\"https:\\\/\\\/plazadetoroslamalagueta.com\\\/pl\\\/#organization\",\"name\":\"Plaza de Toros la Malagueta\",\"url\":\"https:\\\/\\\/plazadetoroslamalagueta.com\\\/pl\\\/\",\"logo\":{\"@type\":\"ImageObject\",\"inLanguage\":\"pl-PL\",\"@id\":\"https:\\\/\\\/plazadetoroslamalagueta.com\\\/pl\\\/#\\\/schema\\\/logo\\\/image\\\/\",\"url\":\"https:\\\/\\\/plazadetoroslamalagueta.com\\\/wp-content\\\/uploads\\\/2024\\\/02\\\/Logo-plaza-toros.webp\",\"contentUrl\":\"https:\\\/\\\/plazadetoroslamalagueta.com\\\/wp-content\\\/uploads\\\/2024\\\/02\\\/Logo-plaza-toros.webp\",\"width\":100,\"height\":100,\"caption\":\"Plaza de Toros la Malagueta\"},\"image\":{\"@id\":\"https:\\\/\\\/plazadetoroslamalagueta.com\\\/pl\\\/#\\\/schema\\\/logo\\\/image\\\/\"}}]}<\/script>\n<!-- \/ Yoast SEO plugin. -->","yoast_head_json":{"title":"Bilety na walki byk\u00f3w Malaga 2026: Arena walk byk\u00f3w La Malagueta","description":"Kup bilety na walki byk\u00f3w w Maladze 2026. Barrera, miejsca w lo\u017cy, lo\u017ca VIP na Plaza de Toros La Malagueta. Od 16,50 \u20ac Zarezerwuj teraz!","robots":{"index":"index","follow":"follow","max-snippet":"max-snippet:-1","max-image-preview":"max-image-preview:large","max-video-preview":"max-video-preview:-1"},"canonical":"https:\/\/plazadetoroslamalagueta.com\/pl\/bilety-na-walke-bykow-w-maladze\/","og_locale":"pl_PL","og_type":"article","og_title":"Bilety na walki byk\u00f3w Malaga 2026: Arena walk byk\u00f3w La Malagueta","og_description":"Kup bilety na walki byk\u00f3w w Maladze 2026. Barrera, miejsca w lo\u017cy, lo\u017ca VIP na Plaza de Toros La Malagueta. Od 16,50 \u20ac Zarezerwuj teraz!","og_url":"https:\/\/plazadetoroslamalagueta.com\/pl\/bilety-na-walke-bykow-w-maladze\/","og_site_name":"Plaza de Toros La Malagueta","article_modified_time":"2026-04-21T08:52:44+00:00","og_image":[{"width":1200,"height":675,"url":"https:\/\/plazadetoroslamalagueta.com\/wp-content\/uploads\/2023\/03\/Diseno-sin-titulo.jpeg","type":"image\/jpeg"}],"twitter_card":"summary_large_image","twitter_misc":{"Szacowany czas czytania":"9 minut"},"schema":{"@context":"https:\/\/schema.org","@graph":[{"@type":"WebPage","@id":"https:\/\/plazadetoroslamalagueta.com\/pl\/bilety-na-walke-bykow-w-maladze\/","url":"https:\/\/plazadetoroslamalagueta.com\/pl\/bilety-na-walke-bykow-w-maladze\/","name":"Bilety na walki byk\u00f3w Malaga 2026: Arena walk byk\u00f3w La Malagueta","isPartOf":{"@id":"https:\/\/plazadetoroslamalagueta.com\/pl\/#website"},"datePublished":"2020-08-24T10:10:18+00:00","dateModified":"2026-04-21T08:52:44+00:00","description":"Kup bilety na walki byk\u00f3w w Maladze 2026. Barrera, miejsca w lo\u017cy, lo\u017ca VIP na Plaza de Toros La Malagueta. Od 16,50 \u20ac Zarezerwuj teraz!","breadcrumb":{"@id":"https:\/\/plazadetoroslamalagueta.com\/pl\/bilety-na-walke-bykow-w-maladze\/#breadcrumb"},"inLanguage":"pl-PL","potentialAction":[{"@type":"ReadAction","target":["https:\/\/plazadetoroslamalagueta.com\/pl\/bilety-na-walke-bykow-w-maladze\/"]}]},{"@type":"BreadcrumbList","@id":"https:\/\/plazadetoroslamalagueta.com\/pl\/bilety-na-walke-bykow-w-maladze\/#breadcrumb","itemListElement":[{"@type":"ListItem","position":1,"name":"Strona g\u0142\u00f3wna","item":"https:\/\/plazadetoroslamalagueta.com\/pl\/"},{"@type":"ListItem","position":2,"name":"Bilety na walk\u0119 byk\u00f3w w Maladze"}]},{"@type":"WebSite","@id":"https:\/\/plazadetoroslamalagueta.com\/pl\/#website","url":"https:\/\/plazadetoroslamalagueta.com\/pl\/","name":"Plaza de Toros de la Malagueta","description":"La Plaza de Toros de M\u00e1laga, de nombre La Malagueta, es un edificio reconocido Bien de Inter\u00e9s Cultural, que ofrece visitas tur\u00edsticas y corridas de toros y otros tipos de espect\u00e1culo durante todo el a\u00f1o.","publisher":{"@id":"https:\/\/plazadetoroslamalagueta.com\/pl\/#organization"},"alternateName":"Plaza de Toros M\u00e1laga","potentialAction":[{"@type":"SearchAction","target":{"@type":"EntryPoint","urlTemplate":"https:\/\/plazadetoroslamalagueta.com\/pl\/?s={search_term_string}"},"query-input":{"@type":"PropertyValueSpecification","valueRequired":true,"valueName":"search_term_string"}}],"inLanguage":"pl-PL"},{"@type":"Organization","@id":"https:\/\/plazadetoroslamalagueta.com\/pl\/#organization","name":"Plaza de Toros la Malagueta","url":"https:\/\/plazadetoroslamalagueta.com\/pl\/","logo":{"@type":"ImageObject","inLanguage":"pl-PL","@id":"https:\/\/plazadetoroslamalagueta.com\/pl\/#\/schema\/logo\/image\/","url":"https:\/\/plazadetoroslamalagueta.com\/wp-content\/uploads\/2024\/02\/Logo-plaza-toros.webp","contentUrl":"https:\/\/plazadetoroslamalagueta.com\/wp-content\/uploads\/2024\/02\/Logo-plaza-toros.webp","width":100,"height":100,"caption":"Plaza de Toros la Malagueta"},"image":{"@id":"https:\/\/plazadetoroslamalagueta.com\/pl\/#\/schema\/logo\/image\/"}}]}},"_links":{"self":[{"href":"https:\/\/plazadetoroslamalagueta.com\/pl\/wp-json\/wp\/v2\/pages\/35313","targetHints":{"allow":["GET"]}}],"collection":[{"href":"https:\/\/plazadetoroslamalagueta.com\/pl\/wp-json\/wp\/v2\/pages"}],"about":[{"href":"https:\/\/plazadetoroslamalagueta.com\/pl\/wp-json\/wp\/v2\/types\/page"}],"author":[{"embeddable":true,"href":"https:\/\/plazadetoroslamalagueta.com\/pl\/wp-json\/wp\/v2\/users\/4"}],"replies":[{"embeddable":true,"href":"https:\/\/plazadetoroslamalagueta.com\/pl\/wp-json\/wp\/v2\/comments?post=35313"}],"version-history":[{"count":22,"href":"https:\/\/plazadetoroslamalagueta.com\/pl\/wp-json\/wp\/v2\/pages\/35313\/revisions"}],"predecessor-version":[{"id":39523,"href":"https:\/\/plazadetoroslamalagueta.com\/pl\/wp-json\/wp\/v2\/pages\/35313\/revisions\/39523"}],"wp:attachment":[{"href":"https:\/\/plazadetoroslamalagueta.com\/pl\/wp-json\/wp\/v2\/media?parent=35313"}],"curies":[{"name":"wp","href":"https:\/\/api.w.org\/{rel}","templated":true}]}}