{"id":21965,"date":"2020-08-25T12:31:01","date_gmt":"2020-08-25T10:31:01","guid":{"rendered":"https:\/\/plazadetoroslamalagueta.com\/startseite\/"},"modified":"2026-04-21T10:52:47","modified_gmt":"2026-04-21T08:52:47","slug":"startseite","status":"publish","type":"page","link":"https:\/\/plazadetoroslamalagueta.com\/de\/","title":{"rendered":"Startseite"},"content":{"rendered":"<section class=\"l-section wpb_row height_huge color_primary with_img\"><div class=\"l-section-img\" role=\"img\" aria-label=\"Stierkampfarena von M\u00e1laga\" data-img-width=\"1200\" data-img-height=\"800\" style=\"background-image: url(https:\/\/plazadetoroslamalagueta.com\/wp-content\/uploads\/2024\/12\/La-malagueta-plaza-de-toros.webp);\"><\/div><div class=\"l-section-overlay\" style=\"background:rgba(41,49,74,0.40)\"><\/div><div class=\"l-section-h i-cf\"><div class=\"g-cols vc_row via_grid cols_1 laptops-cols_inherit tablets-cols_inherit mobiles-cols_1 valign_top type_default stacking_default\"><div class=\"wpb_column vc_column_container\"><div class=\"vc_column-inner\"><div class=\"wpb_text_column\"><div class=\"wpb_wrapper\"><h1 style=\"text-align: center;\">Stierkampfarena Malaga<\/h1>\n<\/div><\/div><div class=\"w-separator size_small\"><\/div><div class=\"w-text us_custom_eb849559\"><span class=\"w-text-h\"><span class=\"w-text-value\">Nationale Kunst und Kultur<\/span><\/span><\/div><div class=\"w-separator size_custom\" style=\"height:15px\"><\/div><div class=\"w-hwrapper valign_top wrap align_center\"><div class=\"w-btn-wrapper align_none\"><a class=\"w-btn us-btn-style_1 us_custom_079893a4\" title=\"Entradas toros malaga\" href=\"https:\/\/plazadetoroslamalagueta.com\/de\/stierkampf-tickets-malaga\/\"><span class=\"w-btn-label\">Stierkampf Tickets<\/span><\/a><\/div><div class=\"w-btn-wrapper align_none\"><a class=\"w-btn us-btn-style_1 us_custom_079893a4\" title=\"palcos vip plaza toros malagueta\" href=\"https:\/\/plazadetoroslamalagueta.com\/de\/vip-logen\/\"><span class=\"w-btn-label\">VIP-Boxen<\/span><\/a><\/div><\/div><div class=\"w-separator size_medium\"><\/div><\/div><\/div><\/div><\/div><\/section><section class=\"l-section wpb_row height_medium\"><div class=\"l-section-h i-cf\"><div class=\"g-cols vc_row via_grid cols_1 laptops-cols_inherit tablets-cols_inherit mobiles-cols_1 valign_top type_default stacking_default\"><div class=\"wpb_column vc_column_container\"><div class=\"vc_column-inner\"><div class=\"wpb_text_column\"><div class=\"wpb_wrapper\"><h2 style=\"text-align: center;\">Stierkampf-Veranstaltungen 2026<\/h2>\n<h3 style=\"text-align: center;\"><a href=\"https:\/\/plazatorosmarbella.com\/entradas-toros-marbella\/\">Stierkampfarena von Marbella<\/a><\/h3>\n<p style=\"text-align: center;\">Tickets f\u00fcr den Stierkampf erh\u00e4ltlich. <span>Der Stierk\u00e4mpfer <\/span><em><strong>Jos\u00e9 Antonio Morante de la Puebla<\/strong><\/em><span> wird bei beiden Stierk\u00e4mpfen anwesend sein und damit nach seinem letzten R\u00fccktritt in die Stierkampfarena zur\u00fcckkehren.<\/span><\/p>\n<\/div><\/div><div class=\"w-btn-wrapper align_center\"><a class=\"w-btn us-btn-style_1\" href=\"https:\/\/plazatorosmarbella.com\/entradas-toros-marbella\/\"><span class=\"w-btn-label\">STIERKAMPF TICKETS MARBELLA<\/span><\/a><\/div><\/div><\/div><\/div><\/div><\/section><section class=\"l-section wpb_row height_small\"><div class=\"l-section-h i-cf\"><div class=\"g-cols vc_row via_grid cols_1 laptops-cols_inherit tablets-cols_inherit mobiles-cols_1 valign_top type_default stacking_default\"><div class=\"wpb_column vc_column_container\"><div class=\"vc_column-inner\"><\/div><\/div><\/div><\/div><\/section><section class=\"l-section wpb_row height_auto\"><div class=\"l-section-h i-cf\"><div class=\"g-cols vc_row via_grid cols_1 laptops-cols_inherit tablets-cols_inherit mobiles-cols_1 valign_top type_default stacking_default\"><div class=\"wpb_column vc_column_container\"><div class=\"vc_column-inner\"><\/div><\/div><\/div><\/div><\/section><section class=\"l-section wpb_row height_medium\"><div class=\"l-section-h i-cf\"><div class=\"g-cols vc_row via_grid cols_1-2 laptops-cols_inherit tablets-cols_inherit mobiles-cols_1 valign_middle type_default stacking_default\"><div class=\"wpb_column vc_column_container us_custom_7e20fa79 us_animate_this\"><div class=\"vc_column-inner\"><div class=\"wpb_text_column\"><div class=\"wpb_wrapper\"><h2>Stierkampf Tickets<\/h2>\n<p>Entdecken Sie die n\u00e4chsten Stierk\u00e4mpfe, die in der Stierkampfarena La Malagueta stattfinden, und kaufen Sie Ihre Tickets.<\/p>\n<\/div><\/div><div class=\"w-btn-wrapper align_none\"><a class=\"w-btn us-btn-style_2 us_custom_82d4de91 has_text_color\" title=\"eventos taurinos malagueta\" href=\"https:\/\/plazadetoroslamalagueta.com\/de\/stierkampf-tickets-malaga\/\"><span class=\"w-btn-label\">Siehe Ereignisse<\/span><\/a><\/div><\/div><\/div><div class=\"wpb_column vc_column_container us_custom_47474b22 us_animate_this stretched\"><div class=\"vc_column-inner\"><div class=\"w-image us_custom_5e8a7298 style_shadow-1 align_center\"><div class=\"w-image-h\"><img decoding=\"async\" width=\"1024\" height=\"583\" src=\"https:\/\/plazadetoroslamalagueta.com\/wp-content\/uploads\/2023\/10\/evento-plaza-toros-alicante-1024x583.webp\" class=\"attachment-large size-large\" alt=\"\" loading=\"lazy\" srcset=\"https:\/\/plazadetoroslamalagueta.com\/wp-content\/uploads\/2023\/10\/evento-plaza-toros-alicante-1024x583.webp 1024w, https:\/\/plazadetoroslamalagueta.com\/wp-content\/uploads\/2023\/10\/evento-plaza-toros-alicante-300x171.webp 300w, https:\/\/plazadetoroslamalagueta.com\/wp-content\/uploads\/2023\/10\/evento-plaza-toros-alicante.webp 1100w\" sizes=\"auto, (max-width: 1024px) 100vw, 1024px\" \/><\/div><\/div><\/div><\/div><\/div><\/div><\/section><section class=\"l-section wpb_row height_medium\"><div class=\"l-section-h i-cf\"><div class=\"g-cols vc_row via_grid cols_2-1 laptops-cols_inherit tablets-cols_inherit mobiles-cols_1 valign_middle type_default reversed stacking_default\"><div class=\"wpb_column vc_column_container us_custom_7e20fa79 us_animate_this stretched\"><div class=\"vc_column-inner\"><div class=\"w-image us_custom_5e8a7298 style_shadow-1 align_center\"><div class=\"w-image-h\"><img decoding=\"async\" width=\"1024\" height=\"768\" src=\"https:\/\/plazadetoroslamalagueta.com\/wp-content\/uploads\/2023\/10\/plaza-de-toros-malaga-1024x768.webp\" class=\"attachment-large size-large\" alt=\"\" loading=\"lazy\" srcset=\"https:\/\/plazadetoroslamalagueta.com\/wp-content\/uploads\/2023\/10\/plaza-de-toros-malaga-1024x768.webp 1024w, https:\/\/plazadetoroslamalagueta.com\/wp-content\/uploads\/2023\/10\/plaza-de-toros-malaga-300x225.webp 300w, https:\/\/plazadetoroslamalagueta.com\/wp-content\/uploads\/2023\/10\/plaza-de-toros-malaga.webp 1100w\" sizes=\"auto, (max-width: 1024px) 100vw, 1024px\" \/><\/div><\/div><\/div><\/div><div class=\"wpb_column vc_column_container us_custom_47474b22 us_animate_this\"><div class=\"vc_column-inner\"><div class=\"wpb_text_column\"><div class=\"wpb_wrapper\"><h2>Malagueta VIP-Boxen<\/h2>\n<p>Erleben Sie den Kampf der besten Stierk\u00e4mpfer von den VIP-Logen der Stierkampfarena Malagueta aus. Finden Sie die VIP-Loge, die Ihnen am besten gef\u00e4llt und erleben Sie das Stierkampf-Festival.<\/p>\n<\/div><\/div><div class=\"w-btn-wrapper align_none\"><a class=\"w-btn us-btn-style_2 us_custom_82d4de91 has_text_color\" title=\"palcos vip plaza toros malagueta\" href=\"https:\/\/plazadetoroslamalagueta.com\/de\/vip-logen\/\"><span class=\"w-btn-label\">Siehe Boxen<\/span><\/a><\/div><\/div><\/div><\/div><\/div><\/section><section class=\"l-section wpb_row height_medium\"><div class=\"l-section-h i-cf\"><div class=\"g-cols vc_row via_grid cols_1-2 laptops-cols_inherit tablets-cols_inherit mobiles-cols_1 valign_middle type_default stacking_default\"><div class=\"wpb_column vc_column_container us_custom_7e20fa79 us_animate_this\"><div class=\"vc_column-inner\"><div class=\"wpb_text_column\"><div class=\"wpb_wrapper\"><h2>Stierkampfarena Tour<\/h2>\n<p>M\u00f6chten Sie die Stierkampfarena Malagueta und das dazugeh\u00f6rige Museum besuchen? Entdecken Sie alle Geheimnisse dieses emblematischen Monuments, erfahren Sie mehr \u00fcber seine Geschichte und die Stierk\u00e4mpfer, die hier durchgekommen sind.<\/p>\n<\/div><\/div><div class=\"w-btn-wrapper align_none\"><a class=\"w-btn us-btn-style_2 us_custom_82d4de91 has_text_color\" target=\"_blank\" title=\"Tour plaza toros malaga\" href=\"https:\/\/lamalaguetatour.com\/\"><span class=\"w-btn-label\">Besuchen Sie die Stierkampfarena<\/span><\/a><\/div><\/div><\/div><div class=\"wpb_column vc_column_container us_custom_47474b22 us_animate_this stretched\"><div class=\"vc_column-inner\"><div class=\"w-image us_custom_5e8a7298 style_shadow-1 align_center\"><div class=\"w-image-h\"><img decoding=\"async\" width=\"1024\" height=\"682\" src=\"https:\/\/plazadetoroslamalagueta.com\/wp-content\/uploads\/2023\/10\/andanadas-plaza-de-toros-1024x682.webp\" class=\"attachment-large size-large\" alt=\"\" loading=\"lazy\" srcset=\"https:\/\/plazadetoroslamalagueta.com\/wp-content\/uploads\/2023\/10\/andanadas-plaza-de-toros-1024x682.webp 1024w, https:\/\/plazadetoroslamalagueta.com\/wp-content\/uploads\/2023\/10\/andanadas-plaza-de-toros-300x200.webp 300w, https:\/\/plazadetoroslamalagueta.com\/wp-content\/uploads\/2023\/10\/andanadas-plaza-de-toros.webp 1100w\" sizes=\"auto, (max-width: 1024px) 100vw, 1024px\" \/><\/div><\/div><\/div><\/div><\/div><\/div><\/section><section class=\"l-section wpb_row height_medium\"><div class=\"l-section-h i-cf\"><div class=\"g-cols vc_row via_grid cols_1-2 laptops-cols_inherit tablets-cols_inherit mobiles-cols_1 valign_middle type_default stacking_default\"><div class=\"wpb_column vc_column_container us_custom_7e20fa79 us_animate_this\"><div class=\"vc_column-inner\"><div class=\"wpb_text_column\"><div class=\"wpb_wrapper\"><h2>Stierkampf-Shop<\/h2>\n<p>Produkte und Kunsthandwerk, hergestellt von einigen der besten Stierkampfhandwerker Spaniens. Besuchen Sie unseren Online-Shop und entdecken Sie die wahre Leidenschaft f\u00fcr den Stierkampf.<\/p>\n<\/div><\/div><div class=\"w-btn-wrapper align_none\"><a class=\"w-btn us-btn-style_2 us_custom_82d4de91 has_text_color\" target=\"_blank\" title=\"comprar productos taurinos\" href=\"https:\/\/www.toroshopping.com\/\"><span class=\"w-btn-label\">Besuchen Sie unser Gesch\u00e4ft<\/span><\/a><\/div><\/div><\/div><div class=\"wpb_column vc_column_container us_custom_47474b22 us_animate_this stretched\"><div class=\"vc_column-inner\"><div class=\"w-image us_custom_5e8a7298 style_shadow-1 align_center\"><div class=\"w-image-h\"><img decoding=\"async\" width=\"900\" height=\"675\" src=\"https:\/\/plazadetoroslamalagueta.com\/wp-content\/uploads\/2024\/09\/Tienda-taurina-online.webp\" class=\"attachment-large size-large\" alt=\"\" loading=\"lazy\" srcset=\"https:\/\/plazadetoroslamalagueta.com\/wp-content\/uploads\/2024\/09\/Tienda-taurina-online.webp 900w, https:\/\/plazadetoroslamalagueta.com\/wp-content\/uploads\/2024\/09\/Tienda-taurina-online-300x225.webp 300w\" sizes=\"auto, (max-width: 900px) 100vw, 900px\" \/><\/div><\/div><\/div><\/div><\/div><\/div><\/section><section class=\"l-section wpb_row height_medium color_primary parallax_ver with_shape\" id=\"second\"><div class=\"l-section-overlay\" style=\"background:rgba(25,25,25,0.51)\"><\/div><div class=\"l-section-shape type_triangle pos_bottom\" style=\"height:15vmin;\"><svg xmlns=\"http:\/\/www.w3.org\/2000\/svg\" viewBox=\"0 0 64 8\" preserveAspectRatio=\"none\" width=\"100%\" height=\"100%\">\r\n\t<path fill=\"currentColor\" d=\"M64 8 L0 8 L0 0 L32 7.9 L64 0 Z\"\/>\r\n<\/svg><\/div><div class=\"l-section-h i-cf\"><div class=\"g-cols vc_row via_grid cols_1 laptops-cols_inherit tablets-cols_inherit mobiles-cols_1 valign_top type_default stacking_default\"><div class=\"wpb_column vc_column_container\"><div class=\"vc_column-inner\"><div class=\"wpb_text_column\"><div class=\"wpb_wrapper\"><p style=\"text-align: center;\"><span style=\"font-size: 30px;\">Genie\u00dfen Sie ein nationales historisches Denkmal<\/span><\/p>\n<\/div><\/div><div class=\"w-separator size_large\"><\/div><div class=\"g-cols wpb_row via_grid cols_4 laptops-cols_inherit tablets-cols_inherit mobiles-cols_1 valign_top type_default stacking_default\" style=\"--columns-gap:3rem;\"><div class=\"wpb_column vc_column_container\"><div class=\"vc_column-inner\"><div class=\"w-counter us_custom_69e32a11 color_heading align_center animation_none has_font_size\" data-duration=\"2\" style=\"--w-counter-duration: 2s;\"><div class=\"w-counter-value\" aria-label=\"+5\"><span class=\"w-counter-value-part final\" aria-hidden=\"true\">+5<\/span><span class=\"w-counter-value-part hidden type_text\" aria-hidden=\"true\" data-final=\"+\"><\/span><span class=\"w-counter-value-part hidden type_number\" aria-hidden=\"true\" data-final=\"5\">0<\/span><span class=\"w-counter-value-part hidden type_text\" aria-hidden=\"true\" data-final>+<\/span><\/div><p class=\"w-counter-title\" style=\"font-size:1.2rem;\">J\u00e4hrliche Stierk\u00e4mpfe<\/p><\/div><\/div><\/div><div class=\"wpb_column vc_column_container\"><div class=\"vc_column-inner\"><div class=\"w-counter us_custom_69e32a11 color_primary align_center animation_none has_font_size\" data-duration=\"2\" style=\"--w-counter-duration: 2s;\"><div class=\"w-counter-value\" aria-label=\"50.000\"><span class=\"w-counter-value-part final\" aria-hidden=\"true\">50.000<\/span><span class=\"w-counter-value-part hidden type_text\" aria-hidden=\"true\" data-final><\/span><span class=\"w-counter-value-part hidden type_number\" aria-hidden=\"true\" data-final=\"50.000\">0<\/span><span class=\"w-counter-value-part hidden type_text\" aria-hidden=\"true\" data-final><\/span><\/div><p class=\"w-counter-title\" style=\"font-size:1.2rem;\">J\u00e4hrliche Zuschauer<\/p><\/div><\/div><\/div><div class=\"wpb_column vc_column_container\"><div class=\"vc_column-inner\"><div class=\"w-counter us_custom_69e32a11 color_heading align_center animation_none has_font_size\" data-duration=\"2\" style=\"--w-counter-duration: 2s;\"><div class=\"w-counter-value\" aria-label=\"140\"><span class=\"w-counter-value-part final\" aria-hidden=\"true\">140<\/span><span class=\"w-counter-value-part hidden type_text\" aria-hidden=\"true\" data-final><\/span><span class=\"w-counter-value-part hidden type_number\" aria-hidden=\"true\" data-final=\"140\">0<\/span><span class=\"w-counter-value-part hidden type_text\" aria-hidden=\"true\" data-final><\/span><\/div><p class=\"w-counter-title\" style=\"font-size:1.2rem;\">Jahre der Stierkampfkunst<\/p><\/div><\/div><\/div><div class=\"wpb_column vc_column_container\"><div class=\"vc_column-inner\"><div class=\"w-counter us_custom_69e32a11 color_primary align_center animation_none has_font_size\" data-duration=\"2\" style=\"--w-counter-duration: 2s;\"><div class=\"w-counter-value\" aria-label=\"1\"><span class=\"w-counter-value-part final\" aria-hidden=\"true\">1<\/span><span class=\"w-counter-value-part hidden type_text\" aria-hidden=\"true\" data-final><\/span><span class=\"w-counter-value-part hidden type_number\" aria-hidden=\"true\" data-final=\"1\">0<\/span><span class=\"w-counter-value-part hidden type_text\" aria-hidden=\"true\" data-final><\/span><\/div><p class=\"w-counter-title\" style=\"font-size:1.2rem;\">August Messe<\/p><\/div><\/div><\/div><\/div><div class=\"w-separator size_custom\" style=\"height:10vh\"><\/div><\/div><\/div><\/div><\/div><\/section><section class=\"l-section wpb_row height_medium\"><div class=\"l-section-h i-cf\"><div class=\"g-cols vc_row via_grid cols_1 laptops-cols_inherit tablets-cols_inherit mobiles-cols_1 valign_top type_default stacking_default\"><div class=\"wpb_column vc_column_container\"><div class=\"vc_column-inner\"><div class=\"wpb_text_column\"><div class=\"wpb_wrapper\"><h2 style=\"text-align: center;\">Fotografien der Stierkampfarena<\/h2>\n<\/div><\/div><div class=\"w-separator size_small\"><\/div><div class=\"w-gallery fit_cover type_metro_2 ratio_1x1 count_6\" style=\"--columns:4;--items-gap:10px;\"><div class=\"w-gallery-list\"><div class=\"w-gallery-item\"><div class=\"w-gallery-item-img\"><img loading=\"lazy\" decoding=\"async\" width=\"800\" height=\"800\" src=\"https:\/\/plazadetoroslamalagueta.com\/wp-content\/uploads\/2024\/12\/Exterior-plaza-de-toros.webp\" class=\"attachment-large size-large\" alt=\"\" srcset=\"https:\/\/plazadetoroslamalagueta.com\/wp-content\/uploads\/2024\/12\/Exterior-plaza-de-toros.webp 800w, https:\/\/plazadetoroslamalagueta.com\/wp-content\/uploads\/2024\/12\/Exterior-plaza-de-toros-300x300.webp 300w, https:\/\/plazadetoroslamalagueta.com\/wp-content\/uploads\/2024\/12\/Exterior-plaza-de-toros-150x150.webp 150w\" sizes=\"auto, (max-width: 800px) 100vw, 800px\" \/><\/div><\/div><div class=\"w-gallery-item\"><div class=\"w-gallery-item-img\"><img loading=\"lazy\" decoding=\"async\" width=\"800\" height=\"800\" src=\"https:\/\/plazadetoroslamalagueta.com\/wp-content\/uploads\/2024\/01\/toros-en-malaga.webp\" class=\"attachment-large size-large\" alt=\"toros en m\u00e1laga en agosto\" srcset=\"https:\/\/plazadetoroslamalagueta.com\/wp-content\/uploads\/2024\/01\/toros-en-malaga.webp 800w, https:\/\/plazadetoroslamalagueta.com\/wp-content\/uploads\/2024\/01\/toros-en-malaga-300x300.webp 300w, https:\/\/plazadetoroslamalagueta.com\/wp-content\/uploads\/2024\/01\/toros-en-malaga-150x150.webp 150w\" sizes=\"auto, (max-width: 800px) 100vw, 800px\" \/><\/div><\/div><div class=\"w-gallery-item\"><div class=\"w-gallery-item-img\"><img loading=\"lazy\" decoding=\"async\" width=\"800\" height=\"800\" src=\"https:\/\/plazadetoroslamalagueta.com\/wp-content\/uploads\/2024\/12\/Callejon-la-malagueta.webp\" class=\"attachment-large size-large\" alt=\"\" srcset=\"https:\/\/plazadetoroslamalagueta.com\/wp-content\/uploads\/2024\/12\/Callejon-la-malagueta.webp 800w, https:\/\/plazadetoroslamalagueta.com\/wp-content\/uploads\/2024\/12\/Callejon-la-malagueta-300x300.webp 300w, https:\/\/plazadetoroslamalagueta.com\/wp-content\/uploads\/2024\/12\/Callejon-la-malagueta-150x150.webp 150w\" sizes=\"auto, (max-width: 800px) 100vw, 800px\" \/><\/div><\/div><div class=\"w-gallery-item\"><div class=\"w-gallery-item-img\"><img loading=\"lazy\" decoding=\"async\" width=\"800\" height=\"800\" src=\"https:\/\/plazadetoroslamalagueta.com\/wp-content\/uploads\/2024\/01\/toros-en-malaga-1.webp\" class=\"attachment-large size-large\" alt=\"toros en malaga agosto\" srcset=\"https:\/\/plazadetoroslamalagueta.com\/wp-content\/uploads\/2024\/01\/toros-en-malaga-1.webp 800w, https:\/\/plazadetoroslamalagueta.com\/wp-content\/uploads\/2024\/01\/toros-en-malaga-1-300x300.webp 300w, https:\/\/plazadetoroslamalagueta.com\/wp-content\/uploads\/2024\/01\/toros-en-malaga-1-150x150.webp 150w\" sizes=\"auto, (max-width: 800px) 100vw, 800px\" \/><\/div><\/div><div class=\"w-gallery-item\"><div class=\"w-gallery-item-img\"><img loading=\"lazy\" decoding=\"async\" width=\"800\" height=\"800\" src=\"https:\/\/plazadetoroslamalagueta.com\/wp-content\/uploads\/2024\/12\/Tendidos-la-malagueta.webp\" class=\"attachment-large size-large\" alt=\"\" srcset=\"https:\/\/plazadetoroslamalagueta.com\/wp-content\/uploads\/2024\/12\/Tendidos-la-malagueta.webp 800w, https:\/\/plazadetoroslamalagueta.com\/wp-content\/uploads\/2024\/12\/Tendidos-la-malagueta-300x300.webp 300w, https:\/\/plazadetoroslamalagueta.com\/wp-content\/uploads\/2024\/12\/Tendidos-la-malagueta-150x150.webp 150w\" sizes=\"auto, (max-width: 800px) 100vw, 800px\" \/><\/div><\/div><div class=\"w-gallery-item\"><div class=\"w-gallery-item-img\"><img loading=\"lazy\" decoding=\"async\" width=\"800\" height=\"800\" src=\"https:\/\/plazadetoroslamalagueta.com\/wp-content\/uploads\/2024\/01\/rejoneo-malaga.webp\" class=\"attachment-large size-large\" alt=\"corrida rejones malaga\" srcset=\"https:\/\/plazadetoroslamalagueta.com\/wp-content\/uploads\/2024\/01\/rejoneo-malaga.webp 800w, https:\/\/plazadetoroslamalagueta.com\/wp-content\/uploads\/2024\/01\/rejoneo-malaga-300x300.webp 300w, https:\/\/plazadetoroslamalagueta.com\/wp-content\/uploads\/2024\/01\/rejoneo-malaga-150x150.webp 150w\" sizes=\"auto, (max-width: 800px) 100vw, 800px\" \/><\/div><\/div><\/div><\/div><div class=\"w-separator size_medium\"><\/div><\/div><\/div><\/div><\/div><\/section><section class=\"l-section wpb_row us_custom_eac59c77 height_medium\"><div class=\"l-section-h i-cf\"><div class=\"g-cols vc_row via_grid cols_2 laptops-cols_inherit tablets-cols_inherit mobiles-cols_1 valign_middle type_default stacking_default\"><div class=\"wpb_column vc_column_container\"><div class=\"vc_column-inner\"><div class=\"wpb_text_column\"><div class=\"wpb_wrapper\"><h2 style=\"text-align: left;\">Informationen \u00fcber die Stierkampfarena Malaga<\/h2>\n<p>Die <strong>Plaza de Toros de M\u00e1laga, auch bekannt als La Malagueta<\/strong>, ist ein emblematisches Denkmal der Stadt M\u00e1laga an der Costa del Sol in der autonomen Gemeinschaft Andalusien, Spanien. Mit ihrer reichen Geschichte und beeindruckenden Architektur <strong>ist diese Stierkampfarena ein wichtiges kulturelles und touristisches Wahrzeichen<\/strong>. <\/p>\n<p>Wenn Sie die Stierkampfarena Malagueta betreten, k\u00f6nnen Sie in die reiche Stierkampftradition Spaniens eintauchen, die einzigartige Architektur des Geb\u00e4udes bewundern und unvergessliche kulturelle Veranstaltungen genie\u00dfen.<\/p>\n<\/div><\/div><\/div><\/div><div class=\"wpb_column vc_column_container\"><div class=\"vc_column-inner\"><div class=\"w-tabs style_default switch_click accordion has_scrolling\" style=\"--sections-title-size:inherit\"><div class=\"w-tabs-sections titles-align_none icon_chevron cpos_right\"><div class=\"w-tabs-section\" id=\"p24f\"><button class=\"w-tabs-section-header\" aria-controls=\"content-p24f\" aria-expanded=\"false\"><div class=\"w-tabs-section-title\">Merkmale des Platzes<\/div><div class=\"w-tabs-section-control\"><\/div><\/button><div  class=\"w-tabs-section-content\" id=\"content-p24f\"><div class=\"w-tabs-section-content-h i-cf\"><div class=\"wpb_text_column\"><div class=\"wpb_wrapper\"><p>Mit dem Bau der Plaza Malagueta wurde 1874 begonnen und sie <strong>wurde am 11. Juni 1876 offiziell eingeweiht<\/strong>. Sie wurde von dem Architekten Joaqu\u00edn Rucoba entworfen, der in seiner Struktur neoklassische Elemente kombinierte. Die Plaza <strong>bietet Platz f\u00fcr etwa 9.000 Zuschauer<\/strong> und war im Laufe der Jahre Schauplatz unz\u00e4hliger Stierk\u00e4mpfe.<\/p>\n<\/div><\/div><\/div><\/div><\/div><div class=\"w-tabs-section\" id=\"t3b4\"><button class=\"w-tabs-section-header\" aria-controls=\"content-t3b4\" aria-expanded=\"false\"><div class=\"w-tabs-section-title\">Architektur<\/div><div class=\"w-tabs-section-control\"><\/div><\/button><div  class=\"w-tabs-section-content\" id=\"content-t3b4\"><div class=\"w-tabs-section-content-h i-cf\"><div class=\"wpb_text_column\"><div class=\"wpb_wrapper\"><p><span>Die Au\u00dfenarchitektur zeigt einen interessanten klassizistischen Stil mit gro\u00dfen halbrunden Arkaden und T\u00fcrmen, die diskret hervorragen und der Fassade Dynamik verleihen. All dies wird mit der Verwendung von Sichtbackstein als Hauptmaterial kombiniert, zusammen mit dem Eisen, aus dem die Innenstruktur des Geb\u00e4udes besteht.  Im Inneren, rund um die Stierkampfarena, befinden sich die Sitzbereiche, wo die Zuschauer  <\/span>k\u00f6nnen Sie die Aufregung und die Tradition des Stierkampfes genie\u00dfen. Au\u00dferdem gibt es hier Stierkampfarenen, Pferche und Korridore, die ein wesentlicher Bestandteil des Stierkampferlebnisses sind. Die Stierkampfarena von M\u00e1laga wiederum ist ein Ort von gro\u00dfer kultureller Bedeutung f\u00fcr die Stadt und wurde <strong>als Kulturgut anerkannt<\/strong>. Es ist ein faszinierender Ort, an dem Tradition, Kunst und Leidenschaft miteinander verschmelzen.<\/p>\n<\/div><\/div><\/div><\/div><\/div><div class=\"w-tabs-section\" id=\"e4e4\"><button class=\"w-tabs-section-header\" aria-controls=\"content-e4e4\" aria-expanded=\"false\"><div class=\"w-tabs-section-title\">Veranstaltungen und Shows<\/div><div class=\"w-tabs-section-control\"><\/div><\/button><div  class=\"w-tabs-section-content\" id=\"content-e4e4\"><div class=\"w-tabs-section-content-h i-cf\"><div class=\"wpb_text_column\"><div class=\"wpb_wrapper\"><p>Die Plaza Toros de M\u00e1laga war Schauplatz ber\u00fchmter Stierk\u00e4mpfe, Festivals und anderer kultureller Veranstaltungen. Sie war Schauplatz ber\u00fchmter spanischer und internationaler Stierk\u00e4mpfer, was sie zu einem Treffpunkt f\u00fcr Stierkampffreunde gemacht hat. Neben den Stierk\u00e4mpfen fanden in der Stierkampfarena auch Konzerte bekannter K\u00fcnstler statt, so dass den Besuchern ein breites Spektrum an Unterhaltung geboten wurde.<\/p>\n<\/div><\/div><\/div><\/div><\/div><\/div><\/div><\/div><\/div><\/div><\/div><\/section><section class=\"l-section wpb_row height_medium\"><div class=\"l-section-h i-cf\"><div class=\"g-cols vc_row via_grid cols_1 laptops-cols_inherit tablets-cols_inherit mobiles-cols_1 valign_top type_default stacking_default\"><div class=\"wpb_column vc_column_container\"><div class=\"vc_column-inner\"><div class=\"wpb_text_column\"><div class=\"wpb_wrapper\"><h2 style=\"text-align: center;\">Nachrichten \u00fcber die Stierkampfarena in M\u00e1laga<\/h2>\n<\/div><\/div><div class=\"w-separator size_medium\"><\/div><div class=\"w-grid us_post_carousel type_carousel layout_36225 overflow_hidden preload_style_spinner items_3\" id=\"us_post_list_g12d\" style=\"--items:3;--gap:1.5rem;\"><style>.layout_36225 .w-grid-item-h{background:var(--color-content-bg);color:var(--color-content-heading);border-radius:0.3rem;box-shadow:0 0.03rem 0.06rem rgba(0,0,0,0.1),0 0.1rem 0.3rem rgba(0,0,0,0.1);transition-duration:0.3s}.no-touch .layout_36225 .w-grid-item-h:hover{box-shadow:0 0.12rem 0.24rem rgba(0,0,0,0.1),0 0.4rem 1.2rem rgba(0,0,0,0.15);z-index:4}.layout_36225 .usg_vwrapper_1{padding:5% 8% 8% 8%!important}.layout_36225 .usg_post_title_1{color:inherit!important;font-size:1.4rem!important;font-weight:700!important}@media (max-width:600px){.layout_36225 .usg_post_title_1{font-size:1.2rem!important}}<\/style><div class=\"w-grid-list owl-carousel valign_stretch dotstyle_circle navstyle_circle arrows-ver-pos_middle arrows-hor-pos_on_sides_outside arrows-disabled_hide owl-responsive-2000 with_arrows\" style=\"--transition-duration:350ms;--arrows-size:1.5rem;--arrows-gap:10px;\">\t<article class=\"w-grid-item size_1x1 post-36041 post type-post status-publish format-standard has-post-thumbnail hentry category-stierkampf-veranstaltungen category-uber-den-platz\" data-id=\"36041\">\r\n\t\t<div class=\"w-grid-item-h\">\r\n\t\t\t\t\t\t<div class=\"w-post-elm post_image usg_post_image_1 stretched\"><a href=\"https:\/\/plazadetoroslamalagueta.com\/de\/poster-der-corrida-picassiana-2026-fortes-juan-ortega-und-pablo-aguado\/\" aria-label=\"Poster der Corrida Picassiana 2026: Fortes, Juan Ortega und Pablo Aguado\"><img loading=\"lazy\" decoding=\"async\" width=\"150\" height=\"150\" src=\"https:\/\/plazadetoroslamalagueta.com\/wp-content\/uploads\/2026\/02\/Cartel-de-la-Corrida-Picassiana-2026-150x150.png\" class=\"attachment-thumbnail size-thumbnail wp-post-image\" alt=\"Plakat der Corrida Picassiana 2026\" \/><\/a><\/div><div class=\"w-vwrapper usg_vwrapper_1 align_none valign_top\"><p class=\"w-post-elm post_title usg_post_title_1 has_text_color entry-title color_link_inherit\"><a href=\"https:\/\/plazadetoroslamalagueta.com\/de\/poster-der-corrida-picassiana-2026-fortes-juan-ortega-und-pablo-aguado\/\">Poster der Corrida Picassiana 2026: Fortes, Juan Ortega und Pablo Aguado<\/a><\/p><\/div>\t\t<\/div>\r\n\t\t\t<\/article>\r\n\t<article class=\"w-grid-item size_1x1 post-35062 post type-post status-publish format-standard has-post-thumbnail hentry category-stierkampf-veranstaltungen category-uber-den-platz\" data-id=\"35062\">\r\n\t\t<div class=\"w-grid-item-h\">\r\n\t\t\t\t\t\t<div class=\"w-post-elm post_image usg_post_image_1 stretched\"><a href=\"https:\/\/plazadetoroslamalagueta.com\/de\/jacob-vilato-praesentiert-das-plakat-fuer-die-corrida-picassiana-2026-in-la-malagueta\/\" aria-label=\"Jacob Vilat\u00f3 pr\u00e4sentiert das Plakat f\u00fcr die Corrida Picassiana 2026 in La Malagueta\"><img loading=\"lazy\" decoding=\"async\" width=\"150\" height=\"150\" src=\"https:\/\/plazadetoroslamalagueta.com\/wp-content\/uploads\/2026\/02\/Jacob-Vilato-presenta-el-cartel-de-la-Corrida-Picassiana-2026-en-La-Malagueta-utilizando-albero-original-del-ruedo-150x150.webp\" class=\"attachment-thumbnail size-thumbnail wp-post-image\" alt=\"Jacob Vilat\u00f3 pr\u00e4sentiert das Plakat f\u00fcr die Corrida Picassiana 2026 in La Malagueta mit der originalen Stierkampfarena der urspr\u00fcnglichen Stierkampfarena.\" \/><\/a><\/div><div class=\"w-vwrapper usg_vwrapper_1 align_none valign_top\"><p class=\"w-post-elm post_title usg_post_title_1 has_text_color entry-title color_link_inherit\"><a href=\"https:\/\/plazadetoroslamalagueta.com\/de\/jacob-vilato-praesentiert-das-plakat-fuer-die-corrida-picassiana-2026-in-la-malagueta\/\">Jacob Vilat\u00f3 pr\u00e4sentiert das Plakat f\u00fcr die Corrida Picassiana 2026 in La Malagueta<\/a><\/p><\/div>\t\t<\/div>\r\n\t\t\t<\/article>\r\n\t<article class=\"w-grid-item size_1x1 post-34754 post type-post status-publish format-standard has-post-thumbnail hentry category-stierkampf-veranstaltungen\" data-id=\"34754\">\r\n\t\t<div class=\"w-grid-item-h\">\r\n\t\t\t\t\t\t<div class=\"w-post-elm post_image usg_post_image_1 stretched\"><a href=\"https:\/\/plazadetoroslamalagueta.com\/de\/corrida-picassiana-2026-in-malaga\/\" aria-label=\"Corrida Picassiana 2026 in M\u00e1laga\"><img loading=\"lazy\" decoding=\"async\" width=\"150\" height=\"150\" src=\"https:\/\/plazadetoroslamalagueta.com\/wp-content\/uploads\/2026\/01\/Corrida-Picassiana-2026-en-Malaga-150x150.jpg\" class=\"attachment-thumbnail size-thumbnail wp-post-image\" alt=\"Corrida Picassiana 2026 in M\u00e1laga\" \/><\/a><\/div><div class=\"w-vwrapper usg_vwrapper_1 align_none valign_top\"><p class=\"w-post-elm post_title usg_post_title_1 has_text_color entry-title color_link_inherit\"><a href=\"https:\/\/plazadetoroslamalagueta.com\/de\/corrida-picassiana-2026-in-malaga\/\">Corrida Picassiana 2026 in M\u00e1laga<\/a><\/p><\/div>\t\t<\/div>\r\n\t\t\t<\/article>\r\n\t<article class=\"w-grid-item size_1x1 post-31372 post type-post status-publish format-standard has-post-thumbnail hentry category-stierkampf-veranstaltungen\" data-id=\"31372\">\r\n\t\t<div class=\"w-grid-item-h\">\r\n\t\t\t\t\t\t<div class=\"w-post-elm post_image usg_post_image_1 stretched\"><a href=\"https:\/\/plazadetoroslamalagueta.com\/de\/stierkampf-plakat-fuer-die-messe-in-malaga-2025\/\" aria-label=\"Stierkampf-Plakat f\u00fcr die Messe in Malaga 2025\"><img loading=\"lazy\" decoding=\"async\" width=\"150\" height=\"150\" src=\"https:\/\/plazadetoroslamalagueta.com\/wp-content\/uploads\/2025\/06\/corrida-toros-2025-150x150.webp\" class=\"attachment-thumbnail size-thumbnail wp-post-image\" alt=\"Stierkampf 14. August 2025 Malaga\" \/><\/a><\/div><div class=\"w-vwrapper usg_vwrapper_1 align_none valign_top\"><p class=\"w-post-elm post_title usg_post_title_1 has_text_color entry-title color_link_inherit\"><a href=\"https:\/\/plazadetoroslamalagueta.com\/de\/stierkampf-plakat-fuer-die-messe-in-malaga-2025\/\">Stierkampf-Plakat f\u00fcr die Messe in Malaga 2025<\/a><\/p><\/div>\t\t<\/div>\r\n\t\t\t<\/article>\r\n\t<article class=\"w-grid-item size_1x1 post-24926 post type-post status-publish format-standard has-post-thumbnail hentry category-uber-den-platz\" data-id=\"24926\">\r\n\t\t<div class=\"w-grid-item-h\">\r\n\t\t\t\t\t\t<div class=\"w-post-elm post_image usg_post_image_1 stretched\"><a href=\"https:\/\/plazadetoroslamalagueta.com\/de\/24926\/\" aria-label><img loading=\"lazy\" decoding=\"async\" width=\"150\" height=\"150\" src=\"https:\/\/plazadetoroslamalagueta.com\/wp-content\/uploads\/2025\/04\/juanortegaceit1-150x150.jpeg\" class=\"attachment-thumbnail size-thumbnail wp-post-image\" alt=\"\" \/><\/a><\/div><div class=\"w-vwrapper usg_vwrapper_1 align_none valign_top\"><p class=\"w-post-elm post_title usg_post_title_1 has_text_color entry-title color_link_inherit\"><a href=\"https:\/\/plazadetoroslamalagueta.com\/de\/24926\/\"><\/a><\/p><\/div>\t\t<\/div>\r\n\t\t\t<\/article>\r\n\t<article class=\"w-grid-item size_1x1 post-24872 post type-post status-publish format-standard has-post-thumbnail hentry category-uber-den-platz\" data-id=\"24872\">\r\n\t\t<div class=\"w-grid-item-h\">\r\n\t\t\t\t\t\t<div class=\"w-post-elm post_image usg_post_image_1 stretched\"><a href=\"https:\/\/plazadetoroslamalagueta.com\/de\/la-malagueta-beginnt-mit-stierkampfstars\/\" aria-label=\"La Malagueta beginnt mit Stierkampfstars\"><img loading=\"lazy\" decoding=\"async\" width=\"150\" height=\"150\" src=\"https:\/\/plazadetoroslamalagueta.com\/wp-content\/uploads\/2025\/03\/juanortegaceit7-150x150.jpeg\" class=\"attachment-thumbnail size-thumbnail wp-post-image\" alt=\"\" \/><\/a><\/div><div class=\"w-vwrapper usg_vwrapper_1 align_none valign_top\"><p class=\"w-post-elm post_title usg_post_title_1 has_text_color entry-title color_link_inherit\"><a href=\"https:\/\/plazadetoroslamalagueta.com\/de\/la-malagueta-beginnt-mit-stierkampfstars\/\">La Malagueta beginnt mit Stierkampfstars<\/a><\/p><\/div>\t\t<\/div>\r\n\t\t\t<\/article>\r\n\t<article class=\"w-grid-item size_1x1 post-23694 post type-post status-publish format-standard has-post-thumbnail hentry category-uber-den-platz\" data-id=\"23694\">\r\n\t\t<div class=\"w-grid-item-h\">\r\n\t\t\t\t\t\t<div class=\"w-post-elm post_image usg_post_image_1 stretched\"><a href=\"https:\/\/plazadetoroslamalagueta.com\/de\/praesentation-poster-picassiana-2025\/\" aria-label=\"Pr\u00e4sentation Poster picassiana 2025\"><img loading=\"lazy\" decoding=\"async\" width=\"150\" height=\"150\" src=\"https:\/\/plazadetoroslamalagueta.com\/wp-content\/uploads\/2025\/02\/Presentacion-cartel-2025-malaga-150x150.webp\" class=\"attachment-thumbnail size-thumbnail wp-post-image\" alt=\"\" \/><\/a><\/div><div class=\"w-vwrapper usg_vwrapper_1 align_none valign_top\"><p class=\"w-post-elm post_title usg_post_title_1 has_text_color entry-title color_link_inherit\"><a href=\"https:\/\/plazadetoroslamalagueta.com\/de\/praesentation-poster-picassiana-2025\/\">Pr\u00e4sentation Poster picassiana 2025<\/a><\/p><\/div>\t\t<\/div>\r\n\t\t\t<\/article>\r\n\t<article class=\"w-grid-item size_1x1 post-22325 post type-post status-publish format-standard has-post-thumbnail hentry category-stierkampf-veranstaltungen\" data-id=\"22325\">\r\n\t\t<div class=\"w-grid-item-h\">\r\n\t\t\t\t\t\t<div class=\"w-post-elm post_image usg_post_image_1 stretched\"><a href=\"https:\/\/plazadetoroslamalagueta.com\/de\/picasso-stierkampf-4-april-malaga\/\" aria-label=\"Stierkampf am 4. April 2026 (Picassiana\"><img loading=\"lazy\" decoding=\"async\" width=\"150\" height=\"150\" src=\"https:\/\/plazadetoroslamalagueta.com\/wp-content\/uploads\/2024\/01\/corrida-picasiana-30-marzo-malaga-150x150.webp\" class=\"attachment-thumbnail size-thumbnail wp-post-image\" alt=\"corrida de toros picassiana 2025\" \/><\/a><\/div><div class=\"w-vwrapper usg_vwrapper_1 align_none valign_top\"><p class=\"w-post-elm post_title usg_post_title_1 has_text_color entry-title color_link_inherit\"><a href=\"https:\/\/plazadetoroslamalagueta.com\/de\/picasso-stierkampf-4-april-malaga\/\">Stierkampf am 4. April 2026 (Picassiana<\/a><\/p><\/div>\t\t<\/div>\r\n\t\t\t<\/article>\r\n\t<article class=\"w-grid-item size_1x1 post-22340 post type-post status-publish format-standard has-post-thumbnail hentry category-uber-den-platz\" data-id=\"22340\">\r\n\t\t<div class=\"w-grid-item-h\">\r\n\t\t\t\t\t\t<div class=\"w-post-elm post_image usg_post_image_1 stretched\"><a href=\"https:\/\/plazadetoroslamalagueta.com\/de\/neues-zentrum-fuer-immersive-stierkampf-erlebnisse\/\" aria-label=\"Neues Zentrum f\u00fcr immersive Stierkampf-Erlebnisse\"><img loading=\"lazy\" decoding=\"async\" width=\"150\" height=\"150\" src=\"https:\/\/plazadetoroslamalagueta.com\/wp-content\/uploads\/2024\/10\/CEIT-150x150.webp\" class=\"attachment-thumbnail size-thumbnail wp-post-image\" alt=\"\" \/><\/a><\/div><div class=\"w-vwrapper usg_vwrapper_1 align_none valign_top\"><p class=\"w-post-elm post_title usg_post_title_1 has_text_color entry-title color_link_inherit\"><a href=\"https:\/\/plazadetoroslamalagueta.com\/de\/neues-zentrum-fuer-immersive-stierkampf-erlebnisse\/\">Neues Zentrum f\u00fcr immersive Stierkampf-Erlebnisse<\/a><\/p><\/div>\t\t<\/div>\r\n\t\t\t<\/article>\r\n\t<article class=\"w-grid-item size_1x1 post-22375 post type-post status-publish format-standard has-post-thumbnail hentry category-uber-den-platz\" data-id=\"22375\">\r\n\t\t<div class=\"w-grid-item-h\">\r\n\t\t\t\t\t\t<div class=\"w-post-elm post_image usg_post_image_1 stretched\"><a href=\"https:\/\/plazadetoroslamalagueta.com\/de\/praesentation-der-august-messe-2024\/\" aria-label=\"Pr\u00e4sentation der August-Messe 2024\"><img loading=\"lazy\" decoding=\"async\" width=\"150\" height=\"150\" src=\"https:\/\/plazadetoroslamalagueta.com\/wp-content\/uploads\/2024\/06\/presentacion-feria-agosto-150x150.jpg\" class=\"attachment-thumbnail size-thumbnail wp-post-image\" alt=\"\" \/><\/a><\/div><div class=\"w-vwrapper usg_vwrapper_1 align_none valign_top\"><p class=\"w-post-elm post_title usg_post_title_1 has_text_color entry-title color_link_inherit\"><a href=\"https:\/\/plazadetoroslamalagueta.com\/de\/praesentation-der-august-messe-2024\/\">Pr\u00e4sentation der August-Messe 2024<\/a><\/p><\/div>\t\t<\/div>\r\n\t\t\t<\/article>\r\n\t<article class=\"w-grid-item size_1x1 post-22406 post type-post status-publish format-standard has-post-thumbnail hentry category-uber-den-platz\" data-id=\"22406\">\r\n\t\t<div class=\"w-grid-item-h\">\r\n\t\t\t\t\t\t<div class=\"w-post-elm post_image usg_post_image_1 stretched\"><a href=\"https:\/\/plazadetoroslamalagueta.com\/de\/die-stierkampfgala-verleiht-7-trophaeen-fuer-die-messe-malaga-2023\/\" aria-label=\"Die Stierkampfgala verleiht 7 Troph\u00e4en f\u00fcr die Messe Malaga 2023\"><img loading=\"lazy\" decoding=\"async\" width=\"150\" height=\"150\" src=\"https:\/\/plazadetoroslamalagueta.com\/wp-content\/uploads\/2023\/11\/fortes-estoque-de-plata-malaga-2023-150x150.webp\" class=\"attachment-thumbnail size-thumbnail wp-post-image\" alt=\"\" \/><\/a><\/div><div class=\"w-vwrapper usg_vwrapper_1 align_none valign_top\"><p class=\"w-post-elm post_title usg_post_title_1 has_text_color entry-title color_link_inherit\"><a href=\"https:\/\/plazadetoroslamalagueta.com\/de\/die-stierkampfgala-verleiht-7-trophaeen-fuer-die-messe-malaga-2023\/\">Die Stierkampfgala verleiht 7 Troph\u00e4en f\u00fcr die Messe Malaga 2023<\/a><\/p><\/div>\t\t<\/div>\r\n\t\t\t<\/article>\r\n\t<article class=\"w-grid-item size_1x1 post-22400 post type-post status-publish format-standard has-post-thumbnail hentry category-uber-den-platz\" data-id=\"22400\">\r\n\t\t<div class=\"w-grid-item-h\">\r\n\t\t\t\t\t\t<div class=\"w-post-elm post_image usg_post_image_1 stretched\"><a href=\"https:\/\/plazadetoroslamalagueta.com\/de\/der-kulturelle-einfluss-der-stierkampfarena-in-malaga-ein-erbe-das-ueber-den-stierkampf-hinausgeht\/\" aria-label=\"Der kulturelle Einfluss der Stierkampfarena in M\u00e1laga: Ein Erbe, das \u00fcber den Stierkampf hinausgeht.\"><img loading=\"lazy\" decoding=\"async\" width=\"150\" height=\"150\" src=\"https:\/\/plazadetoroslamalagueta.com\/wp-content\/uploads\/2023\/02\/IMG_4105-150x150.jpg\" class=\"attachment-thumbnail size-thumbnail wp-post-image\" alt=\"\" srcset=\"https:\/\/plazadetoroslamalagueta.com\/wp-content\/uploads\/2023\/02\/IMG_4105-150x150.jpg 150w, https:\/\/plazadetoroslamalagueta.com\/wp-content\/uploads\/2023\/02\/IMG_4105-100x100.jpg 100w, https:\/\/plazadetoroslamalagueta.com\/wp-content\/uploads\/2023\/02\/IMG_4105-210x210.jpg 210w\" sizes=\"auto, (max-width: 150px) 100vw, 150px\" \/><\/a><\/div><div class=\"w-vwrapper usg_vwrapper_1 align_none valign_top\"><p class=\"w-post-elm post_title usg_post_title_1 has_text_color entry-title color_link_inherit\"><a href=\"https:\/\/plazadetoroslamalagueta.com\/de\/der-kulturelle-einfluss-der-stierkampfarena-in-malaga-ein-erbe-das-ueber-den-stierkampf-hinausgeht\/\">Der kulturelle Einfluss der Stierkampfarena in M\u00e1laga: Ein Erbe, das \u00fcber den Stierkampf hinausgeht.<\/a><\/p><\/div>\t\t<\/div>\r\n\t\t\t<\/article>\r\n\t<article class=\"w-grid-item size_1x1 post-22436 post type-post status-publish format-standard has-post-thumbnail hentry category-uber-den-platz\" data-id=\"22436\">\r\n\t\t<div class=\"w-grid-item-h\">\r\n\t\t\t\t\t\t<div class=\"w-post-elm post_image usg_post_image_1 stretched\"><a href=\"https:\/\/plazadetoroslamalagueta.com\/de\/die-herausragendsten-stierkaempfer-die-der-stierkampfarena-von-malaga-ihren-stempel-aufgedrueckt-haben\/\" aria-label=\"Die herausragendsten Stierk\u00e4mpfer, die der Stierkampfarena von M\u00e1laga ihren Stempel aufgedr\u00fcckt haben\"><img loading=\"lazy\" decoding=\"async\" width=\"150\" height=\"150\" src=\"https:\/\/plazadetoroslamalagueta.com\/wp-content\/uploads\/2023\/05\/torero-150x150.jpg\" class=\"attachment-thumbnail size-thumbnail wp-post-image\" alt=\"\" \/><\/a><\/div><div class=\"w-vwrapper usg_vwrapper_1 align_none valign_top\"><p class=\"w-post-elm post_title usg_post_title_1 has_text_color entry-title color_link_inherit\"><a href=\"https:\/\/plazadetoroslamalagueta.com\/de\/die-herausragendsten-stierkaempfer-die-der-stierkampfarena-von-malaga-ihren-stempel-aufgedrueckt-haben\/\">Die herausragendsten Stierk\u00e4mpfer, die der Stierkampfarena von M\u00e1laga ihren Stempel aufgedr\u00fcckt haben<\/a><\/p><\/div>\t\t<\/div>\r\n\t\t\t<\/article>\r\n\t<article class=\"w-grid-item size_1x1 post-22460 post type-post status-publish format-standard has-post-thumbnail hentry category-uber-den-platz\" data-id=\"22460\">\r\n\t\t<div class=\"w-grid-item-h\">\r\n\t\t\t\t\t\t<div class=\"w-post-elm post_image usg_post_image_1 stretched\"><a href=\"https:\/\/plazadetoroslamalagueta.com\/de\/tipps-fuer-einen-stierkampf-in-der-stierkampfarena-von-malaga\/\" aria-label=\"Tipps f\u00fcr einen Stierkampf in der Stierkampfarena von M\u00e1laga\"><img loading=\"lazy\" decoding=\"async\" width=\"150\" height=\"150\" src=\"https:\/\/plazadetoroslamalagueta.com\/wp-content\/uploads\/2023\/03\/jimenez-forte-150x150.jpeg\" class=\"attachment-thumbnail size-thumbnail wp-post-image\" alt=\"\" srcset=\"https:\/\/plazadetoroslamalagueta.com\/wp-content\/uploads\/2023\/03\/jimenez-forte-150x150.jpeg 150w, https:\/\/plazadetoroslamalagueta.com\/wp-content\/uploads\/2023\/03\/jimenez-forte-100x100.jpeg 100w, https:\/\/plazadetoroslamalagueta.com\/wp-content\/uploads\/2023\/03\/jimenez-forte-210x210.jpeg 210w\" sizes=\"auto, (max-width: 150px) 100vw, 150px\" \/><\/a><\/div><div class=\"w-vwrapper usg_vwrapper_1 align_none valign_top\"><p class=\"w-post-elm post_title usg_post_title_1 has_text_color entry-title color_link_inherit\"><a href=\"https:\/\/plazadetoroslamalagueta.com\/de\/tipps-fuer-einen-stierkampf-in-der-stierkampfarena-von-malaga\/\">Tipps f\u00fcr einen Stierkampf in der Stierkampfarena von M\u00e1laga<\/a><\/p><\/div>\t\t<\/div>\r\n\t\t\t<\/article>\r\n\t<article class=\"w-grid-item size_1x1 post-22474 post type-post status-publish format-standard has-post-thumbnail hentry category-uber-den-platz\" data-id=\"22474\">\r\n\t\t<div class=\"w-grid-item-h\">\r\n\t\t\t\t\t\t<div class=\"w-post-elm post_image usg_post_image_1 stretched\"><a href=\"https:\/\/plazadetoroslamalagueta.com\/de\/herausragende-stierkampfveranstaltungen-in-der-stierkampfarena-von-malaga\/\" aria-label=\"Herausragende Stierkampfveranstaltungen in der Stierkampfarena von Malaga\"><img loading=\"lazy\" decoding=\"async\" width=\"150\" height=\"150\" src=\"https:\/\/plazadetoroslamalagueta.com\/wp-content\/uploads\/2023\/05\/Corrida-de-toros-150x150.webp\" class=\"attachment-thumbnail size-thumbnail wp-post-image\" alt=\"\" \/><\/a><\/div><div class=\"w-vwrapper usg_vwrapper_1 align_none valign_top\"><p class=\"w-post-elm post_title usg_post_title_1 has_text_color entry-title color_link_inherit\"><a href=\"https:\/\/plazadetoroslamalagueta.com\/de\/herausragende-stierkampfveranstaltungen-in-der-stierkampfarena-von-malaga\/\">Herausragende Stierkampfveranstaltungen in der Stierkampfarena von Malaga<\/a><\/p><\/div>\t\t<\/div>\r\n\t\t\t<\/article>\r\n\t<article class=\"w-grid-item size_1x1 post-22452 post type-post status-publish format-standard has-post-thumbnail hentry category-uber-den-platz\" data-id=\"22452\">\r\n\t\t<div class=\"w-grid-item-h\">\r\n\t\t\t\t\t\t<div class=\"w-post-elm post_image usg_post_image_1 stretched\"><a href=\"https:\/\/plazadetoroslamalagueta.com\/de\/die-geschichte-der-stierkampfarena-von-malaga-ein-kulturelles-erbe\/\" aria-label=\"Die Geschichte der Stierkampfarena von M\u00e1laga: Ein kulturelles Erbe\"><img loading=\"lazy\" decoding=\"async\" width=\"150\" height=\"150\" src=\"https:\/\/plazadetoroslamalagueta.com\/wp-content\/uploads\/2023\/03\/Diseno-sin-titulo-150x150.jpeg\" class=\"attachment-thumbnail size-thumbnail wp-post-image\" alt=\"\" srcset=\"https:\/\/plazadetoroslamalagueta.com\/wp-content\/uploads\/2023\/03\/Diseno-sin-titulo-150x150.jpeg 150w, https:\/\/plazadetoroslamalagueta.com\/wp-content\/uploads\/2023\/03\/Diseno-sin-titulo-100x100.jpeg 100w, https:\/\/plazadetoroslamalagueta.com\/wp-content\/uploads\/2023\/03\/Diseno-sin-titulo-210x210.jpeg 210w\" sizes=\"auto, (max-width: 150px) 100vw, 150px\" \/><\/a><\/div><div class=\"w-vwrapper usg_vwrapper_1 align_none valign_top\"><p class=\"w-post-elm post_title usg_post_title_1 has_text_color entry-title color_link_inherit\"><a href=\"https:\/\/plazadetoroslamalagueta.com\/de\/die-geschichte-der-stierkampfarena-von-malaga-ein-kulturelles-erbe\/\">Die Geschichte der Stierkampfarena von M\u00e1laga: Ein kulturelles Erbe<\/a><\/p><\/div>\t\t<\/div>\r\n\t\t\t<\/article>\r\n\t<article class=\"w-grid-item size_1x1 post-22481 post type-post status-publish format-standard has-post-thumbnail hentry\" data-id=\"22481\">\r\n\t\t<div class=\"w-grid-item-h\">\r\n\t\t\t\t\t\t<div class=\"w-post-elm post_image usg_post_image_1 stretched\"><a href=\"https:\/\/plazadetoroslamalagueta.com\/de\/eine-sehr-unterhaltsame-corrida-de-toros-picassiana-mit-einem-triumph-fuer-juan-ortega\/\" aria-label=\"Eine sehr unterhaltsame Corrida de Toros Picassiana, mit einem Triumph f\u00fcr Juan Ortega\"><img loading=\"lazy\" decoding=\"async\" width=\"150\" height=\"150\" src=\"https:\/\/plazadetoroslamalagueta.com\/wp-content\/uploads\/2023\/04\/Captura-de-pantalla-2023-04-13-a-las-13.29.19-150x150.png\" class=\"attachment-thumbnail size-thumbnail wp-post-image\" alt=\"\" srcset=\"https:\/\/plazadetoroslamalagueta.com\/wp-content\/uploads\/2023\/04\/Captura-de-pantalla-2023-04-13-a-las-13.29.19-150x150.png 150w, https:\/\/plazadetoroslamalagueta.com\/wp-content\/uploads\/2023\/04\/Captura-de-pantalla-2023-04-13-a-las-13.29.19-100x100.png 100w, https:\/\/plazadetoroslamalagueta.com\/wp-content\/uploads\/2023\/04\/Captura-de-pantalla-2023-04-13-a-las-13.29.19-210x210.png 210w\" sizes=\"auto, (max-width: 150px) 100vw, 150px\" \/><\/a><\/div><div class=\"w-vwrapper usg_vwrapper_1 align_none valign_top\"><p class=\"w-post-elm post_title usg_post_title_1 has_text_color entry-title color_link_inherit\"><a href=\"https:\/\/plazadetoroslamalagueta.com\/de\/eine-sehr-unterhaltsame-corrida-de-toros-picassiana-mit-einem-triumph-fuer-juan-ortega\/\">Eine sehr unterhaltsame Corrida de Toros Picassiana, mit einem Triumph f\u00fcr Juan Ortega<\/a><\/p><\/div>\t\t<\/div>\r\n\t\t\t<\/article>\r\n\t<article class=\"w-grid-item size_1x1 post-22513 post type-post status-publish format-standard has-post-thumbnail hentry\" data-id=\"22513\">\r\n\t\t<div class=\"w-grid-item-h\">\r\n\t\t\t\t\t\t<div class=\"w-post-elm post_image usg_post_image_1 stretched\"><a href=\"https:\/\/plazadetoroslamalagueta.com\/de\/kultur-und-stierkampftag-rund-um-picasso\/\" aria-label=\"Kultur- und Stierkampftag rund um Picasso\"><img loading=\"lazy\" decoding=\"async\" width=\"150\" height=\"150\" src=\"https:\/\/plazadetoroslamalagueta.com\/wp-content\/uploads\/2018\/07\/lances-futuro-recuerda-picasso-malagueta-mas-pequenos_98-150x150.webp\" class=\"attachment-thumbnail size-thumbnail wp-post-image\" alt=\"\" srcset=\"https:\/\/plazadetoroslamalagueta.com\/wp-content\/uploads\/2018\/07\/lances-futuro-recuerda-picasso-malagueta-mas-pequenos_98-150x150.webp 150w, https:\/\/plazadetoroslamalagueta.com\/wp-content\/uploads\/2018\/07\/lances-futuro-recuerda-picasso-malagueta-mas-pequenos_98-100x100.webp 100w, https:\/\/plazadetoroslamalagueta.com\/wp-content\/uploads\/2018\/07\/lances-futuro-recuerda-picasso-malagueta-mas-pequenos_98-210x210.webp 210w\" sizes=\"auto, (max-width: 150px) 100vw, 150px\" \/><\/a><\/div><div class=\"w-vwrapper usg_vwrapper_1 align_none valign_top\"><p class=\"w-post-elm post_title usg_post_title_1 has_text_color entry-title color_link_inherit\"><a href=\"https:\/\/plazadetoroslamalagueta.com\/de\/kultur-und-stierkampftag-rund-um-picasso\/\">Kultur- und Stierkampftag rund um Picasso<\/a><\/p><\/div>\t\t<\/div>\r\n\t\t\t<\/article>\r\n<\/div><div class=\"w-grid-carousel-json hidden\" onclick='return {&quot;carousel_settings&quot;:{&quot;aria_labels&quot;:{&quot;prev&quot;:&quot;Zur\\u00fcck&quot;,&quot;next&quot;:&quot;Weiter&quot;},&quot;autoplayContinual&quot;:false,&quot;autoplayHoverPause&quot;:false,&quot;autoplayTimeout&quot;:3000,&quot;autoWidth&quot;:false,&quot;smartSpeed&quot;:350,&quot;margin&quot;:0,&quot;mouseDrag&quot;:true,&quot;rtl&quot;:false,&quot;slideBy&quot;:&quot;1&quot;,&quot;touchDrag&quot;:true,&quot;slideTransition&quot;:&quot;&quot;,&quot;responsive&quot;:{&quot;0&quot;:{&quot;autoHeight&quot;:false,&quot;autoplay&quot;:false,&quot;autoWidth&quot;:false,&quot;center&quot;:false,&quot;dots&quot;:false,&quot;items&quot;:1,&quot;loop&quot;:false,&quot;nav&quot;:false,&quot;stagePadding&quot;:0,&quot;slideBy&quot;:&quot;1&quot;},&quot;601&quot;:{&quot;items&quot;:3,&quot;autoplay&quot;:false,&quot;center&quot;:false,&quot;dots&quot;:false,&quot;nav&quot;:true,&quot;autoHeight&quot;:false,&quot;autoWidth&quot;:false,&quot;loop&quot;:false,&quot;stagePadding&quot;:0}}}}'><\/div><\/div><div class=\"w-separator size_medium\"><\/div><\/div><\/div><\/div><\/div><\/section><section class=\"l-section wpb_row height_medium\"><div class=\"l-section-h i-cf\"><div class=\"g-cols vc_row via_grid cols_1 laptops-cols_inherit tablets-cols_inherit mobiles-cols_1 valign_top type_default stacking_default\"><div class=\"wpb_column vc_column_container\"><div class=\"vc_column-inner\"><div class=\"wpb_text_column\"><div class=\"wpb_wrapper\"><h2 style=\"text-align: center;\">H\u00e4ufig gestellte Fragen<\/h2>\n<\/div><\/div><div class=\"w-tabs style_default switch_click accordion has_scrolling\" style=\"--sections-title-size:inherit\"><div class=\"w-tabs-sections titles-align_none icon_chevron cpos_right\"><div class=\"w-tabs-section\" id=\"mcd1\"><button class=\"w-tabs-section-header\" aria-controls=\"content-mcd1\" aria-expanded=\"false\"><div class=\"w-tabs-section-title\">Wie kaufe ich Tickets f\u00fcr den Stierkampf in M\u00e1laga?<\/div><div class=\"w-tabs-section-control\"><\/div><\/button><div  class=\"w-tabs-section-content\" id=\"content-mcd1\"><div class=\"w-tabs-section-content-h i-cf\"><div class=\"wpb_text_column\"><div class=\"wpb_wrapper\"><p><span>Sie k\u00f6nnen Tickets f\u00fcr Stierk\u00e4mpfe in Malaga direkt auf der offiziellen Website plazadetoroslamalagueta.com kaufen. W\u00e4hlen Sie die Veranstaltung aus, w\u00e4hlen Sie Ihren Sitzplatz und zahlen Sie per Kreditkarte. Sie erhalten die Tickets dann per E-Mail.  <\/span><\/p>\n<\/div><\/div><\/div><\/div><\/div><div class=\"w-tabs-section\" id=\"me19\"><button class=\"w-tabs-section-header\" aria-controls=\"content-me19\" aria-expanded=\"false\"><div class=\"w-tabs-section-title\">Wann ist der n\u00e4chste Stierkampf in M\u00e1laga?<\/div><div class=\"w-tabs-section-control\"><\/div><\/button><div  class=\"w-tabs-section-content\" id=\"content-me19\"><div class=\"w-tabs-section-content-h i-cf\"><div class=\"wpb_text_column\"><div class=\"wpb_wrapper\"><p><span>Der n\u00e4chste Stierkampf in M\u00e1laga ist die Corrida Picassiana am 4. April 2026 auf der Plaza de Toros La Malagueta, mit Fortes, Juan Ortega und Pablo Aguado. Dar\u00fcber hinaus findet jedes Jahr im August die gro\u00dfe Feria Taurina de M\u00e1laga statt. <\/span><\/p>\n<\/div><\/div><\/div><\/div><\/div><div class=\"w-tabs-section\" id=\"gf63\"><button class=\"w-tabs-section-header\" aria-controls=\"content-gf63\" aria-expanded=\"false\"><div class=\"w-tabs-section-title\">Was ist der Unterschied zwischen Sonne und Schatten in der Stierkampfarena?<\/div><div class=\"w-tabs-section-control\"><\/div><\/button><div  class=\"w-tabs-section-content\" id=\"content-gf63\"><div class=\"w-tabs-section-content-h i-cf\"><div class=\"wpb_text_column\"><div class=\"wpb_wrapper\"><p><span>Schattige Sitze sind die bequemsten und teuersten, da die Sonne nicht direkt auf sie scheint. Sonnenpl\u00e4tze sind billiger, aber im Sommer k\u00f6nnen sie sehr hohe Temperaturen erreichen. F\u00fcr die Stierk\u00e4mpfe der Feria de Agosto in M\u00e1laga ist es empfehlenswert, Schattenpl\u00e4tze zu w\u00e4hlen, insbesondere f\u00fcr Kinder und \u00e4ltere Menschen.  <\/span><\/p>\n<\/div><\/div><\/div><\/div><\/div><div class=\"w-tabs-section\" id=\"b09e\"><button class=\"w-tabs-section-header\" aria-controls=\"content-b09e\" aria-expanded=\"false\"><div class=\"w-tabs-section-title\">Welche Arten von Ortschaften gibt es in La Malagueta?<\/div><div class=\"w-tabs-section-control\"><\/div><\/button><div  class=\"w-tabs-section-content\" id=\"content-b09e\"><div class=\"w-tabs-section-content-h i-cf\"><div class=\"wpb_text_column\"><div class=\"wpb_wrapper\"><p><span>Auf der Plaza de Toros La Malagueta gibt es verschiedene Arten von Sitzpl\u00e4tzen: Barrera (erste Reihe, am n\u00e4chsten zur Stierkampfarena), Contrabarrera (zweite Reihe), Tendido (mittlere Reihen zu einem niedrigeren Preis) und Palcos VIP (private Pl\u00e4tze in den oberen Etagen, mit der besten Aussicht und exklusivem Service).<\/span><\/p>\n<\/div><\/div><\/div><\/div><\/div><div class=\"w-tabs-section\" id=\"g1c8\"><button class=\"w-tabs-section-header\" aria-controls=\"content-g1c8\" aria-expanded=\"false\"><div class=\"w-tabs-section-title\">K\u00f6nnen Tickets f\u00fcr Stierk\u00e4mpfe storniert oder erstattet werden?<\/div><div class=\"w-tabs-section-control\"><\/div><\/button><div  class=\"w-tabs-section-content\" id=\"content-g1c8\"><div class=\"w-tabs-section-content-h i-cf\"><div class=\"wpb_text_column\"><div class=\"wpb_wrapper\"><p><span>Die Eintrittskarten sind nicht erstattungsf\u00e4hig, es sei denn, die Veranstaltung wird offiziell abgesagt. Wenn der Stierkampf vor Beginn abgesagt wird, wird der Betrag zur\u00fcckerstattet. Wenn der Stierkampf bereits begonnen hat, besteht kein Anspruch auf eine R\u00fcckerstattung. Im Falle von Regen wird der Stierkampf nur bei starkem und anhaltendem Regen abgesagt.   <\/span><\/p>\n<\/div><\/div><\/div><\/div><\/div><div class=\"w-tabs-section\" id=\"t2ff\"><button class=\"w-tabs-section-header\" aria-controls=\"content-t2ff\" aria-expanded=\"false\"><div class=\"w-tabs-section-title\">K\u00f6nnen Sie die Plaza de Toros La Malagueta besuchen, ohne einem Stierkampf beizuwohnen?<\/div><div class=\"w-tabs-section-control\"><\/div><\/button><div  class=\"w-tabs-section-content\" id=\"content-t2ff\"><div class=\"w-tabs-section-content-h i-cf\"><div class=\"wpb_text_column\"><div class=\"wpb_wrapper\"><p><span>Ja, La Malagueta bietet gef\u00fchrte Touren mit Zugang zum Stierkampfmuseum \u00fcber La Malagueta Tour an. Sie k\u00f6nnen Ihr Ticket unter lamalaguetatour.com buchen und mehr \u00fcber die Geschichte, die Architektur und die Geheimnisse dieses Kulturguts erfahren.  <\/span><\/p>\n<\/div><\/div><\/div><\/div><\/div><div class=\"w-tabs-section\" id=\"i43d\"><button class=\"w-tabs-section-header\" aria-controls=\"content-i43d\" aria-expanded=\"false\"><div class=\"w-tabs-section-title\">Wo liegt die Stierkampfarena von M\u00e1laga?<\/div><div class=\"w-tabs-section-control\"><\/div><\/button><div  class=\"w-tabs-section-content\" id=\"content-i43d\"><div class=\"w-tabs-section-content-h i-cf\"><div class=\"wpb_text_column\"><div class=\"wpb_wrapper\"><p><span>Die Stierkampfarena La Malagueta befindet sich am Paseo de Reding, 8, in M\u00e1laga (29016), ganz in der N\u00e4he des historischen Zentrums und der Strandpromenade. Die Stierkampfarena ist leicht mit \u00f6ffentlichen Verkehrsmitteln zu erreichen und verf\u00fcgt \u00fcber Parkm\u00f6glichkeiten in der N\u00e4he. <\/span><\/p>\n<\/div><\/div><\/div><\/div><\/div><\/div><\/div><\/div><\/div><\/div><\/div><\/section>\n","protected":false},"excerpt":{"rendered":"&#13; Jornada Cultural y de Toreo de sal\u00f3n alrededor de Picasso&#13; Das Unternehmen Lances de Futuro hat f\u00fcr Samstag, den 11. M\u00e4rz, eine kulturelle Aktivit\u00e4t f\u00fcr Kinder und Familien in La Malagueta rund um die Figur Picasso und den Stierkampf anl\u00e4sslich seines 50. Todestages und der Corrida Picassiana organisiert. Die Aktivit\u00e4t findet am 11. M\u00e4rz...","protected":false},"author":4,"featured_media":0,"parent":0,"menu_order":0,"comment_status":"closed","ping_status":"closed","template":"","meta":{"footnotes":""},"class_list":["post-21965","page","type-page","status-publish","hentry"],"yoast_head":"<!-- This site is optimized with the Yoast SEO plugin v27.4 - https:\/\/yoast.com\/product\/yoast-seo-wordpress\/ -->\n<title>\u25b7 Plaza de Toros La Malagueta | Stierkampf Tickets | Besichtigungen<\/title>\n<meta name=\"description\" content=\"Offizielle Website Stierkampfarena La Malagueta. Entdecken Sie alle Stierkampfveranstaltungen in der Stierkampfarena Malaga: Tickets-Palcos VIP-Tour Plaza\" \/>\n<meta name=\"robots\" content=\"index, follow, max-snippet:-1, max-image-preview:large, max-video-preview:-1\" \/>\n<link rel=\"canonical\" href=\"https:\/\/plazadetoroslamalagueta.com\/de\/\" \/>\n<meta property=\"og:locale\" content=\"de_DE\" \/>\n<meta property=\"og:type\" content=\"article\" \/>\n<meta property=\"og:title\" content=\"\u25b7 Plaza de Toros La Malagueta | Stierkampf Tickets | Besichtigungen\" \/>\n<meta property=\"og:description\" content=\"Offizielle Website Stierkampfarena La Malagueta. Entdecken Sie alle Stierkampfveranstaltungen in der Stierkampfarena Malaga: Tickets-Palcos VIP-Tour Plaza\" \/>\n<meta property=\"og:url\" content=\"https:\/\/plazadetoroslamalagueta.com\/de\/\" \/>\n<meta property=\"og:site_name\" content=\"Plaza de Toros La Malagueta\" \/>\n<meta property=\"article:modified_time\" content=\"2026-04-21T08:52:47+00:00\" \/>\n<meta property=\"og:image\" content=\"https:\/\/plazadetoroslamalagueta.com\/wp-content\/uploads\/2023\/03\/Diseno-sin-titulo.jpeg\" \/>\n\t<meta property=\"og:image:width\" content=\"1200\" \/>\n\t<meta property=\"og:image:height\" content=\"675\" \/>\n\t<meta property=\"og:image:type\" content=\"image\/jpeg\" \/>\n<meta name=\"twitter:card\" content=\"summary_large_image\" \/>\n<meta name=\"twitter:label1\" content=\"Gesch\u00e4tzte Lesezeit\" \/>\n\t<meta name=\"twitter:data1\" content=\"6\u00a0Minuten\" \/>\n<script type=\"application\/ld+json\" class=\"yoast-schema-graph\">{\"@context\":\"https:\\\/\\\/schema.org\",\"@graph\":[{\"@type\":\"WebPage\",\"@id\":\"https:\\\/\\\/plazadetoroslamalagueta.com\\\/de\\\/\",\"url\":\"https:\\\/\\\/plazadetoroslamalagueta.com\\\/de\\\/\",\"name\":\"\u25b7 Plaza de Toros La Malagueta | Stierkampf Tickets | Besichtigungen\",\"isPartOf\":{\"@id\":\"https:\\\/\\\/plazadetoroslamalagueta.com\\\/de\\\/#website\"},\"datePublished\":\"2020-08-25T10:31:01+00:00\",\"dateModified\":\"2026-04-21T08:52:47+00:00\",\"description\":\"Offizielle Website Stierkampfarena La Malagueta. Entdecken Sie alle Stierkampfveranstaltungen in der Stierkampfarena Malaga: Tickets-Palcos VIP-Tour Plaza\",\"breadcrumb\":{\"@id\":\"https:\\\/\\\/plazadetoroslamalagueta.com\\\/de\\\/#breadcrumb\"},\"inLanguage\":\"de\",\"potentialAction\":[{\"@type\":\"ReadAction\",\"target\":[\"https:\\\/\\\/plazadetoroslamalagueta.com\\\/de\\\/\"]}]},{\"@type\":\"BreadcrumbList\",\"@id\":\"https:\\\/\\\/plazadetoroslamalagueta.com\\\/de\\\/#breadcrumb\",\"itemListElement\":[{\"@type\":\"ListItem\",\"position\":1,\"name\":\"Inicio\",\"item\":\"https:\\\/\\\/plazadetoroslamalagueta.com\\\/de\\\/\"},{\"@type\":\"ListItem\",\"position\":2,\"name\":\"Startseite\"}]},{\"@type\":\"WebSite\",\"@id\":\"https:\\\/\\\/plazadetoroslamalagueta.com\\\/de\\\/#website\",\"url\":\"https:\\\/\\\/plazadetoroslamalagueta.com\\\/de\\\/\",\"name\":\"Plaza de Toros de la Malagueta\",\"description\":\"La Plaza de Toros de M\u00e1laga, de nombre La Malagueta, es un edificio reconocido Bien de Inter\u00e9s Cultural, que ofrece visitas tur\u00edsticas y corridas de toros y otros tipos de espect\u00e1culo durante todo el a\u00f1o.\",\"publisher\":{\"@id\":\"https:\\\/\\\/plazadetoroslamalagueta.com\\\/de\\\/#organization\"},\"alternateName\":\"Plaza de Toros M\u00e1laga\",\"potentialAction\":[{\"@type\":\"SearchAction\",\"target\":{\"@type\":\"EntryPoint\",\"urlTemplate\":\"https:\\\/\\\/plazadetoroslamalagueta.com\\\/de\\\/?s={search_term_string}\"},\"query-input\":{\"@type\":\"PropertyValueSpecification\",\"valueRequired\":true,\"valueName\":\"search_term_string\"}}],\"inLanguage\":\"de\"},{\"@type\":\"Organization\",\"@id\":\"https:\\\/\\\/plazadetoroslamalagueta.com\\\/de\\\/#organization\",\"name\":\"Plaza de Toros la Malagueta\",\"url\":\"https:\\\/\\\/plazadetoroslamalagueta.com\\\/de\\\/\",\"logo\":{\"@type\":\"ImageObject\",\"inLanguage\":\"de\",\"@id\":\"https:\\\/\\\/plazadetoroslamalagueta.com\\\/de\\\/#\\\/schema\\\/logo\\\/image\\\/\",\"url\":\"https:\\\/\\\/plazadetoroslamalagueta.com\\\/wp-content\\\/uploads\\\/2024\\\/02\\\/Logo-plaza-toros.webp\",\"contentUrl\":\"https:\\\/\\\/plazadetoroslamalagueta.com\\\/wp-content\\\/uploads\\\/2024\\\/02\\\/Logo-plaza-toros.webp\",\"width\":100,\"height\":100,\"caption\":\"Plaza de Toros la Malagueta\"},\"image\":{\"@id\":\"https:\\\/\\\/plazadetoroslamalagueta.com\\\/de\\\/#\\\/schema\\\/logo\\\/image\\\/\"}}]}<\/script>\n<!-- \/ Yoast SEO plugin. -->","yoast_head_json":{"title":"\u25b7 Plaza de Toros La Malagueta | Stierkampf Tickets | Besichtigungen","description":"Offizielle Website Stierkampfarena La Malagueta. Entdecken Sie alle Stierkampfveranstaltungen in der Stierkampfarena Malaga: Tickets-Palcos VIP-Tour Plaza","robots":{"index":"index","follow":"follow","max-snippet":"max-snippet:-1","max-image-preview":"max-image-preview:large","max-video-preview":"max-video-preview:-1"},"canonical":"https:\/\/plazadetoroslamalagueta.com\/de\/","og_locale":"de_DE","og_type":"article","og_title":"\u25b7 Plaza de Toros La Malagueta | Stierkampf Tickets | Besichtigungen","og_description":"Offizielle Website Stierkampfarena La Malagueta. Entdecken Sie alle Stierkampfveranstaltungen in der Stierkampfarena Malaga: Tickets-Palcos VIP-Tour Plaza","og_url":"https:\/\/plazadetoroslamalagueta.com\/de\/","og_site_name":"Plaza de Toros La Malagueta","article_modified_time":"2026-04-21T08:52:47+00:00","og_image":[{"width":1200,"height":675,"url":"https:\/\/plazadetoroslamalagueta.com\/wp-content\/uploads\/2023\/03\/Diseno-sin-titulo.jpeg","type":"image\/jpeg"}],"twitter_card":"summary_large_image","twitter_misc":{"Gesch\u00e4tzte Lesezeit":"6\u00a0Minuten"},"schema":{"@context":"https:\/\/schema.org","@graph":[{"@type":"WebPage","@id":"https:\/\/plazadetoroslamalagueta.com\/de\/","url":"https:\/\/plazadetoroslamalagueta.com\/de\/","name":"\u25b7 Plaza de Toros La Malagueta | Stierkampf Tickets | Besichtigungen","isPartOf":{"@id":"https:\/\/plazadetoroslamalagueta.com\/de\/#website"},"datePublished":"2020-08-25T10:31:01+00:00","dateModified":"2026-04-21T08:52:47+00:00","description":"Offizielle Website Stierkampfarena La Malagueta. Entdecken Sie alle Stierkampfveranstaltungen in der Stierkampfarena Malaga: Tickets-Palcos VIP-Tour Plaza","breadcrumb":{"@id":"https:\/\/plazadetoroslamalagueta.com\/de\/#breadcrumb"},"inLanguage":"de","potentialAction":[{"@type":"ReadAction","target":["https:\/\/plazadetoroslamalagueta.com\/de\/"]}]},{"@type":"BreadcrumbList","@id":"https:\/\/plazadetoroslamalagueta.com\/de\/#breadcrumb","itemListElement":[{"@type":"ListItem","position":1,"name":"Inicio","item":"https:\/\/plazadetoroslamalagueta.com\/de\/"},{"@type":"ListItem","position":2,"name":"Startseite"}]},{"@type":"WebSite","@id":"https:\/\/plazadetoroslamalagueta.com\/de\/#website","url":"https:\/\/plazadetoroslamalagueta.com\/de\/","name":"Plaza de Toros de la Malagueta","description":"La Plaza de Toros de M\u00e1laga, de nombre La Malagueta, es un edificio reconocido Bien de Inter\u00e9s Cultural, que ofrece visitas tur\u00edsticas y corridas de toros y otros tipos de espect\u00e1culo durante todo el a\u00f1o.","publisher":{"@id":"https:\/\/plazadetoroslamalagueta.com\/de\/#organization"},"alternateName":"Plaza de Toros M\u00e1laga","potentialAction":[{"@type":"SearchAction","target":{"@type":"EntryPoint","urlTemplate":"https:\/\/plazadetoroslamalagueta.com\/de\/?s={search_term_string}"},"query-input":{"@type":"PropertyValueSpecification","valueRequired":true,"valueName":"search_term_string"}}],"inLanguage":"de"},{"@type":"Organization","@id":"https:\/\/plazadetoroslamalagueta.com\/de\/#organization","name":"Plaza de Toros la Malagueta","url":"https:\/\/plazadetoroslamalagueta.com\/de\/","logo":{"@type":"ImageObject","inLanguage":"de","@id":"https:\/\/plazadetoroslamalagueta.com\/de\/#\/schema\/logo\/image\/","url":"https:\/\/plazadetoroslamalagueta.com\/wp-content\/uploads\/2024\/02\/Logo-plaza-toros.webp","contentUrl":"https:\/\/plazadetoroslamalagueta.com\/wp-content\/uploads\/2024\/02\/Logo-plaza-toros.webp","width":100,"height":100,"caption":"Plaza de Toros la Malagueta"},"image":{"@id":"https:\/\/plazadetoroslamalagueta.com\/de\/#\/schema\/logo\/image\/"}}]}},"_links":{"self":[{"href":"https:\/\/plazadetoroslamalagueta.com\/de\/wp-json\/wp\/v2\/pages\/21965","targetHints":{"allow":["GET"]}}],"collection":[{"href":"https:\/\/plazadetoroslamalagueta.com\/de\/wp-json\/wp\/v2\/pages"}],"about":[{"href":"https:\/\/plazadetoroslamalagueta.com\/de\/wp-json\/wp\/v2\/types\/page"}],"author":[{"embeddable":true,"href":"https:\/\/plazadetoroslamalagueta.com\/de\/wp-json\/wp\/v2\/users\/4"}],"replies":[{"embeddable":true,"href":"https:\/\/plazadetoroslamalagueta.com\/de\/wp-json\/wp\/v2\/comments?post=21965"}],"version-history":[{"count":57,"href":"https:\/\/plazadetoroslamalagueta.com\/de\/wp-json\/wp\/v2\/pages\/21965\/revisions"}],"predecessor-version":[{"id":39526,"href":"https:\/\/plazadetoroslamalagueta.com\/de\/wp-json\/wp\/v2\/pages\/21965\/revisions\/39526"}],"wp:attachment":[{"href":"https:\/\/plazadetoroslamalagueta.com\/de\/wp-json\/wp\/v2\/media?parent=21965"}],"curies":[{"name":"wp","href":"https:\/\/api.w.org\/{rel}","templated":true}]}}